{"id":3251,"date":"2024-10-23T13:27:45","date_gmt":"2024-10-23T11:27:45","guid":{"rendered":"https:\/\/www.lavillaracine.com\/?page_id=3251"},"modified":"2025-03-18T11:08:03","modified_gmt":"2025-03-18T10:08:03","slug":"chambre-ambassadeur","status":"publish","type":"page","link":"https:\/\/www.lavillaracine.com\/index.php\/chambres-et-suites-hotel-la-villa-racine\/chambre-ambassadeur\/","title":{"rendered":"Chambre ambassadeur"},"content":{"rendered":"\t\t<div data-elementor-type=\"wp-page\" data-elementor-id=\"3251\" class=\"elementor elementor-3251\" data-elementor-post-type=\"page\">\n\t\t\t\t\t\t<section class=\"elementor-section elementor-top-section elementor-element elementor-element-243f0061 elementor-section-stretched elementor-section-boxed elementor-section-height-default elementor-section-height-default wpr-particle-no wpr-jarallax-no wpr-parallax-no wpr-sticky-section-no\" data-id=\"243f0061\" data-element_type=\"section\" data-settings=\"{&quot;stretch_section&quot;:&quot;section-stretched&quot;,&quot;background_background&quot;:&quot;classic&quot;}\">\n\t\t\t\t\t\t\t<div class=\"elementor-background-overlay\"><\/div>\n\t\t\t\t\t\t\t<div class=\"elementor-container elementor-column-gap-default\">\n\t\t\t\t\t<div class=\"elementor-column elementor-col-100 elementor-top-column elementor-element elementor-element-727ef8bc\" data-id=\"727ef8bc\" data-element_type=\"column\">\n\t\t\t<div class=\"elementor-widget-wrap elementor-element-populated\">\n\t\t\t\t\t\t<div class=\"elementor-element elementor-element-4f259581 elementor-widget elementor-widget-spacer\" data-id=\"4f259581\" data-element_type=\"widget\" data-widget_type=\"spacer.default\">\n\t\t\t\t<div class=\"elementor-widget-container\">\n\t\t\t\t\t\t\t<div class=\"elementor-spacer\">\n\t\t\t<div class=\"elementor-spacer-inner\"><\/div>\n\t\t<\/div>\n\t\t\t\t\t\t<\/div>\n\t\t\t\t<\/div>\n\t\t\t\t<div class=\"elementor-element elementor-element-6f0a8e4c elementor-widget elementor-widget-cs_title\" data-id=\"6f0a8e4c\" data-element_type=\"widget\" data-widget_type=\"cs_title.default\">\n\t\t\t\t<div class=\"elementor-widget-container\">\n\t\t\t\t\t\n        <div class=\"cs-title-wrap text-center\">\t            <h2 class=\"cs-title\">\n\t                Chambre Ambassadeur\t            <\/h2>        <\/div>\t\t\t\t<\/div>\n\t\t\t\t<\/div>\n\t\t\t\t<div class=\"elementor-element elementor-element-4f021ed0 elementor-widget elementor-widget-spacer\" data-id=\"4f021ed0\" data-element_type=\"widget\" data-widget_type=\"spacer.default\">\n\t\t\t\t<div class=\"elementor-widget-container\">\n\t\t\t\t\t\t\t<div class=\"elementor-spacer\">\n\t\t\t<div class=\"elementor-spacer-inner\"><\/div>\n\t\t<\/div>\n\t\t\t\t\t\t<\/div>\n\t\t\t\t<\/div>\n\t\t\t\t\t<\/div>\n\t\t<\/div>\n\t\t\t\t\t<\/div>\n\t\t<\/section>\n\t\t\t\t<section class=\"elementor-section elementor-top-section elementor-element elementor-element-d711c99 elementor-section-full_width elementor-section-stretched elementor-section-height-default elementor-section-height-default wpr-particle-no wpr-jarallax-no wpr-parallax-no wpr-sticky-section-no\" data-id=\"d711c99\" data-element_type=\"section\" data-settings=\"{&quot;stretch_section&quot;:&quot;section-stretched&quot;}\">\n\t\t\t\t\t\t<div class=\"elementor-container elementor-column-gap-default\">\n\t\t\t\t\t<div class=\"elementor-column elementor-col-33 elementor-top-column elementor-element elementor-element-8aabf94\" data-id=\"8aabf94\" data-element_type=\"column\">\n\t\t\t<div class=\"elementor-widget-wrap elementor-element-populated\">\n\t\t\t\t\t\t<div class=\"elementor-element elementor-element-9323a19 elementor-widget__width-initial elementor-widget elementor-widget-text-editor\" data-id=\"9323a19\" data-element_type=\"widget\" data-widget_type=\"text-editor.default\">\n\t\t\t\t<div class=\"elementor-widget-container\">\n\t\t\t\t\t\t\t\t\t<div class=\"elementor-element elementor-element-25fa073f elementor-widget elementor-widget-text-editor\" data-id=\"25fa073f\" data-element_type=\"widget\" data-widget_type=\"text-editor.default\"><div class=\"elementor-widget-container\"><div class=\"elementor-element elementor-element-bb166e5 elementor-widget elementor-widget-text-editor\" data-id=\"bb166e5\" data-element_type=\"widget\" data-widget_type=\"text-editor.default\"><div class=\"elementor-widget-container\"><p>D\u00e9couvrez l\u2019\u00e9l\u00e9gance et le confort ultime dans notre Chambre Ambassadeur, con\u00e7ue pour les voyageurs en qu\u00eate d\u2019un s\u00e9jour luxueux et raffin\u00e9. Spacieuse et d\u00e9cor\u00e9e avec go\u00fbt, cette chambre allie modernit\u00e9 et charme traditionnel, refl\u00e9tant parfaitement l\u2019esprit chic de l\u2019H\u00f4tel La Villa Racine. La Chambre Ambassadeur vous offre un espace de repos d\u2019exception, avec un lit king-size, une salle de bain en marbre \u00e9quip\u00e9e d\u2019une douche \u00e0 effet pluie et d\u2019une baignoire relaxante, ainsi qu\u2019un coin salon o\u00f9 vous pourrez vous d\u00e9tendre ou travailler en toute s\u00e9r\u00e9nit\u00e9. Avec une vue imprenable sur la ville, un service de chambre disponible 24h\/24, et toutes les commodit\u00e9s n\u00e9cessaires (Wi-Fi haut d\u00e9bit, t\u00e9l\u00e9vision \u00e0 \u00e9cran plat, minibar), chaque d\u00e9tail a \u00e9t\u00e9 pens\u00e9 pour faire de votre s\u00e9jour une exp\u00e9rience unique et inoubliable. Que ce soit pour un voyage d\u2019affaires ou un s\u00e9jour romantique, la Chambre Ambassadeur saura r\u00e9pondre \u00e0 vos attentes les plus exigeantes.<\/p><\/div><\/div><\/div><\/div>\t\t\t\t\t\t\t\t<\/div>\n\t\t\t\t<\/div>\n\t\t\t\t<div class=\"elementor-element elementor-element-a2ee15a elementor-align-center elementor-widget elementor-widget-button\" data-id=\"a2ee15a\" data-element_type=\"widget\" data-widget_type=\"button.default\">\n\t\t\t\t<div class=\"elementor-widget-container\">\n\t\t\t\t\t\t\t\t\t<div class=\"elementor-button-wrapper\">\n\t\t\t\t\t<a class=\"elementor-button elementor-button-link elementor-size-sm\" href=\"https:\/\/www.secure-hotel-booking.com\/smart\/Hotel-Villa-Racine\/JHPZ\/fr-FR\/\">\n\t\t\t\t\t\t<span class=\"elementor-button-content-wrapper\">\n\t\t\t\t\t\t\t\t\t<span class=\"elementor-button-text\">R\u00e9servez maintenant <\/span>\n\t\t\t\t\t<\/span>\n\t\t\t\t\t<\/a>\n\t\t\t\t<\/div>\n\t\t\t\t\t\t\t\t<\/div>\n\t\t\t\t<\/div>\n\t\t\t\t\t<\/div>\n\t\t<\/div>\n\t\t\t\t<div class=\"elementor-column elementor-col-66 elementor-top-column elementor-element elementor-element-2849fc2\" data-id=\"2849fc2\" data-element_type=\"column\">\n\t\t\t<div class=\"elementor-widget-wrap elementor-element-populated\">\n\t\t\t\t\t\t<div class=\"elementor-element elementor-element-49bc359 elementor-widget elementor-widget-cs_gallery\" data-id=\"49bc359\" data-element_type=\"widget\" data-widget_type=\"cs_gallery.default\">\n\t\t\t\t<div class=\"elementor-widget-container\">\n\t\t\t\t\t\n            <div class=\"cs-gallery gap-2 gallery-carousel slider-dots-overlap align-middle-v\" data-column=\"1\" data-fade=\"on\" data-autoplay=\"on\" data-autoplay-speed=\"4000\" data-show-arrows=\"\" data-show-dots=\"on\" data-variable-width=\"\" data-overflow-style=\"\" data-center-mode=\"on\">\n                <div class=\"cs-gallery-wrap\">                    <div class=\"cs-gallery-item\">                            <a href=\"https:\/\/www.lavillaracine.com\/wp-content\/uploads\/2024\/12\/hotel-la-villa-racine-chambres-ambassadeurs12-scaled.jpg\" data-elementor-open-lightbox=\"yes\" data-elementor-lightbox-slideshow=\"49bc359\" data-elementor-lightbox-title=\"hotel la villa racine chambres ambassadeurs12\" data-e-action-hash=\"#elementor-action%3Aaction%3Dlightbox%26settings%3DeyJpZCI6NDgxMiwidXJsIjoiaHR0cHM6XC9cL3d3dy5sYXZpbGxhcmFjaW5lLmNvbVwvd3AtY29udGVudFwvdXBsb2Fkc1wvMjAyNFwvMTJcL2hvdGVsLWxhLXZpbGxhLXJhY2luZS1jaGFtYnJlcy1hbWJhc3NhZGV1cnMxMi1zY2FsZWQuanBnIiwic2xpZGVzaG93IjoiNDliYzM1OSJ9\"><img fetchpriority=\"high\" decoding=\"async\" width=\"2560\" height=\"1706\" src=\"https:\/\/www.lavillaracine.com\/wp-content\/uploads\/2024\/12\/hotel-la-villa-racine-chambres-ambassadeurs12-scaled.jpg\" class=\"attachment-full size-full wp-image-4812\" alt=\"\" srcset=\"https:\/\/www.lavillaracine.com\/wp-content\/uploads\/2024\/12\/hotel-la-villa-racine-chambres-ambassadeurs12-scaled.jpg 2560w, https:\/\/www.lavillaracine.com\/wp-content\/uploads\/2024\/12\/hotel-la-villa-racine-chambres-ambassadeurs12-300x200.jpg 300w, https:\/\/www.lavillaracine.com\/wp-content\/uploads\/2024\/12\/hotel-la-villa-racine-chambres-ambassadeurs12-1024x683.jpg 1024w, https:\/\/www.lavillaracine.com\/wp-content\/uploads\/2024\/12\/hotel-la-villa-racine-chambres-ambassadeurs12-768x512.jpg 768w, https:\/\/www.lavillaracine.com\/wp-content\/uploads\/2024\/12\/hotel-la-villa-racine-chambres-ambassadeurs12-1536x1024.jpg 1536w, https:\/\/www.lavillaracine.com\/wp-content\/uploads\/2024\/12\/hotel-la-villa-racine-chambres-ambassadeurs12-2048x1365.jpg 2048w, https:\/\/www.lavillaracine.com\/wp-content\/uploads\/2024\/12\/hotel-la-villa-racine-chambres-ambassadeurs12-1920x1280.jpg 1920w, https:\/\/www.lavillaracine.com\/wp-content\/uploads\/2024\/12\/hotel-la-villa-racine-chambres-ambassadeurs12-1440x960.jpg 1440w, https:\/\/www.lavillaracine.com\/wp-content\/uploads\/2024\/12\/hotel-la-villa-racine-chambres-ambassadeurs12-1200x800.jpg 1200w, https:\/\/www.lavillaracine.com\/wp-content\/uploads\/2024\/12\/hotel-la-villa-racine-chambres-ambassadeurs12-780x520.jpg 780w, https:\/\/www.lavillaracine.com\/wp-content\/uploads\/2024\/12\/hotel-la-villa-racine-chambres-ambassadeurs12-600x400.jpg 600w, https:\/\/www.lavillaracine.com\/wp-content\/uploads\/2024\/12\/hotel-la-villa-racine-chambres-ambassadeurs12-550x367.jpg 550w, https:\/\/www.lavillaracine.com\/wp-content\/uploads\/2024\/12\/hotel-la-villa-racine-chambres-ambassadeurs12-370x247.jpg 370w, https:\/\/www.lavillaracine.com\/wp-content\/uploads\/2024\/12\/hotel-la-villa-racine-chambres-ambassadeurs12-255x170.jpg 255w, https:\/\/www.lavillaracine.com\/wp-content\/uploads\/2024\/12\/hotel-la-villa-racine-chambres-ambassadeurs12-150x100.jpg 150w\" sizes=\"(max-width: 2560px) 100vw, 2560px\" \/><\/a>                    <\/div>                    <div class=\"cs-gallery-item\">                            <a href=\"https:\/\/www.lavillaracine.com\/wp-content\/uploads\/2024\/10\/hotel-la-villa-racine-chambres-ambassadeurs8-scaled.jpg\" data-elementor-open-lightbox=\"yes\" data-elementor-lightbox-slideshow=\"49bc359\" data-elementor-lightbox-title=\"hotel la villa racine chambres ambassadeurs8\" data-e-action-hash=\"#elementor-action%3Aaction%3Dlightbox%26settings%3DeyJpZCI6MzU3OCwidXJsIjoiaHR0cHM6XC9cL3d3dy5sYXZpbGxhcmFjaW5lLmNvbVwvd3AtY29udGVudFwvdXBsb2Fkc1wvMjAyNFwvMTBcL2hvdGVsLWxhLXZpbGxhLXJhY2luZS1jaGFtYnJlcy1hbWJhc3NhZGV1cnM4LXNjYWxlZC5qcGciLCJzbGlkZXNob3ciOiI0OWJjMzU5In0%3D\"><img decoding=\"async\" width=\"2560\" height=\"1706\" src=\"https:\/\/www.lavillaracine.com\/wp-content\/uploads\/2024\/10\/hotel-la-villa-racine-chambres-ambassadeurs8-scaled.jpg\" class=\"attachment-full size-full wp-image-3578\" alt=\"\" srcset=\"https:\/\/www.lavillaracine.com\/wp-content\/uploads\/2024\/10\/hotel-la-villa-racine-chambres-ambassadeurs8-scaled.jpg 2560w, https:\/\/www.lavillaracine.com\/wp-content\/uploads\/2024\/10\/hotel-la-villa-racine-chambres-ambassadeurs8-300x200.jpg 300w, https:\/\/www.lavillaracine.com\/wp-content\/uploads\/2024\/10\/hotel-la-villa-racine-chambres-ambassadeurs8-1024x683.jpg 1024w, https:\/\/www.lavillaracine.com\/wp-content\/uploads\/2024\/10\/hotel-la-villa-racine-chambres-ambassadeurs8-768x512.jpg 768w, https:\/\/www.lavillaracine.com\/wp-content\/uploads\/2024\/10\/hotel-la-villa-racine-chambres-ambassadeurs8-1536x1024.jpg 1536w, https:\/\/www.lavillaracine.com\/wp-content\/uploads\/2024\/10\/hotel-la-villa-racine-chambres-ambassadeurs8-2048x1365.jpg 2048w, https:\/\/www.lavillaracine.com\/wp-content\/uploads\/2024\/10\/hotel-la-villa-racine-chambres-ambassadeurs8-1920x1280.jpg 1920w, https:\/\/www.lavillaracine.com\/wp-content\/uploads\/2024\/10\/hotel-la-villa-racine-chambres-ambassadeurs8-1440x960.jpg 1440w, https:\/\/www.lavillaracine.com\/wp-content\/uploads\/2024\/10\/hotel-la-villa-racine-chambres-ambassadeurs8-1200x800.jpg 1200w, https:\/\/www.lavillaracine.com\/wp-content\/uploads\/2024\/10\/hotel-la-villa-racine-chambres-ambassadeurs8-780x520.jpg 780w, https:\/\/www.lavillaracine.com\/wp-content\/uploads\/2024\/10\/hotel-la-villa-racine-chambres-ambassadeurs8-600x400.jpg 600w, https:\/\/www.lavillaracine.com\/wp-content\/uploads\/2024\/10\/hotel-la-villa-racine-chambres-ambassadeurs8-550x367.jpg 550w, https:\/\/www.lavillaracine.com\/wp-content\/uploads\/2024\/10\/hotel-la-villa-racine-chambres-ambassadeurs8-370x247.jpg 370w, https:\/\/www.lavillaracine.com\/wp-content\/uploads\/2024\/10\/hotel-la-villa-racine-chambres-ambassadeurs8-255x170.jpg 255w, https:\/\/www.lavillaracine.com\/wp-content\/uploads\/2024\/10\/hotel-la-villa-racine-chambres-ambassadeurs8-150x100.jpg 150w\" sizes=\"(max-width: 2560px) 100vw, 2560px\" \/><\/a>                    <\/div>                    <div class=\"cs-gallery-item\">                            <a href=\"https:\/\/www.lavillaracine.com\/wp-content\/uploads\/2024\/10\/hotel-la-villa-racine-chambres-ambassadeurs5-scaled.jpg\" data-elementor-open-lightbox=\"yes\" data-elementor-lightbox-slideshow=\"49bc359\" data-elementor-lightbox-title=\"hotel la villa racine chambres ambassadeurs5\" data-e-action-hash=\"#elementor-action%3Aaction%3Dlightbox%26settings%3DeyJpZCI6MzU3NSwidXJsIjoiaHR0cHM6XC9cL3d3dy5sYXZpbGxhcmFjaW5lLmNvbVwvd3AtY29udGVudFwvdXBsb2Fkc1wvMjAyNFwvMTBcL2hvdGVsLWxhLXZpbGxhLXJhY2luZS1jaGFtYnJlcy1hbWJhc3NhZGV1cnM1LXNjYWxlZC5qcGciLCJzbGlkZXNob3ciOiI0OWJjMzU5In0%3D\"><img decoding=\"async\" width=\"2560\" height=\"1706\" src=\"https:\/\/www.lavillaracine.com\/wp-content\/uploads\/2024\/10\/hotel-la-villa-racine-chambres-ambassadeurs5-scaled.jpg\" class=\"attachment-full size-full wp-image-3575\" alt=\"\" srcset=\"https:\/\/www.lavillaracine.com\/wp-content\/uploads\/2024\/10\/hotel-la-villa-racine-chambres-ambassadeurs5-scaled.jpg 2560w, https:\/\/www.lavillaracine.com\/wp-content\/uploads\/2024\/10\/hotel-la-villa-racine-chambres-ambassadeurs5-300x200.jpg 300w, https:\/\/www.lavillaracine.com\/wp-content\/uploads\/2024\/10\/hotel-la-villa-racine-chambres-ambassadeurs5-1024x683.jpg 1024w, https:\/\/www.lavillaracine.com\/wp-content\/uploads\/2024\/10\/hotel-la-villa-racine-chambres-ambassadeurs5-768x512.jpg 768w, https:\/\/www.lavillaracine.com\/wp-content\/uploads\/2024\/10\/hotel-la-villa-racine-chambres-ambassadeurs5-1536x1024.jpg 1536w, https:\/\/www.lavillaracine.com\/wp-content\/uploads\/2024\/10\/hotel-la-villa-racine-chambres-ambassadeurs5-2048x1365.jpg 2048w, https:\/\/www.lavillaracine.com\/wp-content\/uploads\/2024\/10\/hotel-la-villa-racine-chambres-ambassadeurs5-1920x1280.jpg 1920w, https:\/\/www.lavillaracine.com\/wp-content\/uploads\/2024\/10\/hotel-la-villa-racine-chambres-ambassadeurs5-1440x960.jpg 1440w, https:\/\/www.lavillaracine.com\/wp-content\/uploads\/2024\/10\/hotel-la-villa-racine-chambres-ambassadeurs5-1200x800.jpg 1200w, https:\/\/www.lavillaracine.com\/wp-content\/uploads\/2024\/10\/hotel-la-villa-racine-chambres-ambassadeurs5-780x520.jpg 780w, https:\/\/www.lavillaracine.com\/wp-content\/uploads\/2024\/10\/hotel-la-villa-racine-chambres-ambassadeurs5-600x400.jpg 600w, https:\/\/www.lavillaracine.com\/wp-content\/uploads\/2024\/10\/hotel-la-villa-racine-chambres-ambassadeurs5-550x367.jpg 550w, https:\/\/www.lavillaracine.com\/wp-content\/uploads\/2024\/10\/hotel-la-villa-racine-chambres-ambassadeurs5-370x247.jpg 370w, https:\/\/www.lavillaracine.com\/wp-content\/uploads\/2024\/10\/hotel-la-villa-racine-chambres-ambassadeurs5-255x170.jpg 255w, https:\/\/www.lavillaracine.com\/wp-content\/uploads\/2024\/10\/hotel-la-villa-racine-chambres-ambassadeurs5-150x100.jpg 150w\" sizes=\"(max-width: 2560px) 100vw, 2560px\" \/><\/a>                    <\/div>                    <div class=\"cs-gallery-item\">                            <a href=\"https:\/\/www.lavillaracine.com\/wp-content\/uploads\/2024\/10\/hotel-la-villa-racine-chambres-ambassadeurs3-scaled.jpg\" data-elementor-open-lightbox=\"yes\" data-elementor-lightbox-slideshow=\"49bc359\" data-elementor-lightbox-title=\"hotel la villa racine chambres ambassadeurs3\" data-e-action-hash=\"#elementor-action%3Aaction%3Dlightbox%26settings%3DeyJpZCI6MzU3MywidXJsIjoiaHR0cHM6XC9cL3d3dy5sYXZpbGxhcmFjaW5lLmNvbVwvd3AtY29udGVudFwvdXBsb2Fkc1wvMjAyNFwvMTBcL2hvdGVsLWxhLXZpbGxhLXJhY2luZS1jaGFtYnJlcy1hbWJhc3NhZGV1cnMzLXNjYWxlZC5qcGciLCJzbGlkZXNob3ciOiI0OWJjMzU5In0%3D\"><img loading=\"lazy\" decoding=\"async\" width=\"2560\" height=\"1706\" src=\"https:\/\/www.lavillaracine.com\/wp-content\/uploads\/2024\/10\/hotel-la-villa-racine-chambres-ambassadeurs3-scaled.jpg\" class=\"attachment-full size-full wp-image-3573\" alt=\"\" srcset=\"https:\/\/www.lavillaracine.com\/wp-content\/uploads\/2024\/10\/hotel-la-villa-racine-chambres-ambassadeurs3-scaled.jpg 2560w, https:\/\/www.lavillaracine.com\/wp-content\/uploads\/2024\/10\/hotel-la-villa-racine-chambres-ambassadeurs3-300x200.jpg 300w, https:\/\/www.lavillaracine.com\/wp-content\/uploads\/2024\/10\/hotel-la-villa-racine-chambres-ambassadeurs3-1024x683.jpg 1024w, https:\/\/www.lavillaracine.com\/wp-content\/uploads\/2024\/10\/hotel-la-villa-racine-chambres-ambassadeurs3-768x512.jpg 768w, https:\/\/www.lavillaracine.com\/wp-content\/uploads\/2024\/10\/hotel-la-villa-racine-chambres-ambassadeurs3-1536x1024.jpg 1536w, https:\/\/www.lavillaracine.com\/wp-content\/uploads\/2024\/10\/hotel-la-villa-racine-chambres-ambassadeurs3-2048x1365.jpg 2048w, https:\/\/www.lavillaracine.com\/wp-content\/uploads\/2024\/10\/hotel-la-villa-racine-chambres-ambassadeurs3-1920x1280.jpg 1920w, https:\/\/www.lavillaracine.com\/wp-content\/uploads\/2024\/10\/hotel-la-villa-racine-chambres-ambassadeurs3-1440x960.jpg 1440w, https:\/\/www.lavillaracine.com\/wp-content\/uploads\/2024\/10\/hotel-la-villa-racine-chambres-ambassadeurs3-1200x800.jpg 1200w, https:\/\/www.lavillaracine.com\/wp-content\/uploads\/2024\/10\/hotel-la-villa-racine-chambres-ambassadeurs3-780x520.jpg 780w, https:\/\/www.lavillaracine.com\/wp-content\/uploads\/2024\/10\/hotel-la-villa-racine-chambres-ambassadeurs3-600x400.jpg 600w, https:\/\/www.lavillaracine.com\/wp-content\/uploads\/2024\/10\/hotel-la-villa-racine-chambres-ambassadeurs3-550x367.jpg 550w, https:\/\/www.lavillaracine.com\/wp-content\/uploads\/2024\/10\/hotel-la-villa-racine-chambres-ambassadeurs3-370x247.jpg 370w, https:\/\/www.lavillaracine.com\/wp-content\/uploads\/2024\/10\/hotel-la-villa-racine-chambres-ambassadeurs3-255x170.jpg 255w, https:\/\/www.lavillaracine.com\/wp-content\/uploads\/2024\/10\/hotel-la-villa-racine-chambres-ambassadeurs3-150x100.jpg 150w\" sizes=\"(max-width: 2560px) 100vw, 2560px\" \/><\/a>                    <\/div>                    <div class=\"cs-gallery-item\">                            <a href=\"https:\/\/www.lavillaracine.com\/wp-content\/uploads\/2024\/10\/hotel-la-villa-racine-chambres-ambassadeurs6-scaled.jpg\" data-elementor-open-lightbox=\"yes\" data-elementor-lightbox-slideshow=\"49bc359\" data-elementor-lightbox-title=\"hotel la villa racine chambres ambassadeurs6\" data-e-action-hash=\"#elementor-action%3Aaction%3Dlightbox%26settings%3DeyJpZCI6MzU3NiwidXJsIjoiaHR0cHM6XC9cL3d3dy5sYXZpbGxhcmFjaW5lLmNvbVwvd3AtY29udGVudFwvdXBsb2Fkc1wvMjAyNFwvMTBcL2hvdGVsLWxhLXZpbGxhLXJhY2luZS1jaGFtYnJlcy1hbWJhc3NhZGV1cnM2LXNjYWxlZC5qcGciLCJzbGlkZXNob3ciOiI0OWJjMzU5In0%3D\"><img loading=\"lazy\" decoding=\"async\" width=\"2560\" height=\"1706\" src=\"https:\/\/www.lavillaracine.com\/wp-content\/uploads\/2024\/10\/hotel-la-villa-racine-chambres-ambassadeurs6-scaled.jpg\" class=\"attachment-full size-full wp-image-3576\" alt=\"\" srcset=\"https:\/\/www.lavillaracine.com\/wp-content\/uploads\/2024\/10\/hotel-la-villa-racine-chambres-ambassadeurs6-scaled.jpg 2560w, https:\/\/www.lavillaracine.com\/wp-content\/uploads\/2024\/10\/hotel-la-villa-racine-chambres-ambassadeurs6-300x200.jpg 300w, https:\/\/www.lavillaracine.com\/wp-content\/uploads\/2024\/10\/hotel-la-villa-racine-chambres-ambassadeurs6-1024x683.jpg 1024w, https:\/\/www.lavillaracine.com\/wp-content\/uploads\/2024\/10\/hotel-la-villa-racine-chambres-ambassadeurs6-768x512.jpg 768w, https:\/\/www.lavillaracine.com\/wp-content\/uploads\/2024\/10\/hotel-la-villa-racine-chambres-ambassadeurs6-1536x1024.jpg 1536w, https:\/\/www.lavillaracine.com\/wp-content\/uploads\/2024\/10\/hotel-la-villa-racine-chambres-ambassadeurs6-2048x1365.jpg 2048w, https:\/\/www.lavillaracine.com\/wp-content\/uploads\/2024\/10\/hotel-la-villa-racine-chambres-ambassadeurs6-1920x1280.jpg 1920w, https:\/\/www.lavillaracine.com\/wp-content\/uploads\/2024\/10\/hotel-la-villa-racine-chambres-ambassadeurs6-1440x960.jpg 1440w, https:\/\/www.lavillaracine.com\/wp-content\/uploads\/2024\/10\/hotel-la-villa-racine-chambres-ambassadeurs6-1200x800.jpg 1200w, https:\/\/www.lavillaracine.com\/wp-content\/uploads\/2024\/10\/hotel-la-villa-racine-chambres-ambassadeurs6-780x520.jpg 780w, https:\/\/www.lavillaracine.com\/wp-content\/uploads\/2024\/10\/hotel-la-villa-racine-chambres-ambassadeurs6-600x400.jpg 600w, https:\/\/www.lavillaracine.com\/wp-content\/uploads\/2024\/10\/hotel-la-villa-racine-chambres-ambassadeurs6-550x367.jpg 550w, https:\/\/www.lavillaracine.com\/wp-content\/uploads\/2024\/10\/hotel-la-villa-racine-chambres-ambassadeurs6-370x247.jpg 370w, https:\/\/www.lavillaracine.com\/wp-content\/uploads\/2024\/10\/hotel-la-villa-racine-chambres-ambassadeurs6-255x170.jpg 255w, https:\/\/www.lavillaracine.com\/wp-content\/uploads\/2024\/10\/hotel-la-villa-racine-chambres-ambassadeurs6-150x100.jpg 150w\" sizes=\"(max-width: 2560px) 100vw, 2560px\" \/><\/a>                    <\/div>                    <div class=\"cs-gallery-item\">                            <a href=\"https:\/\/www.lavillaracine.com\/wp-content\/uploads\/2024\/10\/hotel-la-villa-racine-chambres-ambassadeurs7-scaled.jpg\" data-elementor-open-lightbox=\"yes\" data-elementor-lightbox-slideshow=\"49bc359\" data-elementor-lightbox-title=\"hotel la villa racine chambres ambassadeurs7\" data-e-action-hash=\"#elementor-action%3Aaction%3Dlightbox%26settings%3DeyJpZCI6MzU3NywidXJsIjoiaHR0cHM6XC9cL3d3dy5sYXZpbGxhcmFjaW5lLmNvbVwvd3AtY29udGVudFwvdXBsb2Fkc1wvMjAyNFwvMTBcL2hvdGVsLWxhLXZpbGxhLXJhY2luZS1jaGFtYnJlcy1hbWJhc3NhZGV1cnM3LXNjYWxlZC5qcGciLCJzbGlkZXNob3ciOiI0OWJjMzU5In0%3D\"><img loading=\"lazy\" decoding=\"async\" width=\"2560\" height=\"1706\" src=\"https:\/\/www.lavillaracine.com\/wp-content\/uploads\/2024\/10\/hotel-la-villa-racine-chambres-ambassadeurs7-scaled.jpg\" class=\"attachment-full size-full wp-image-3577\" alt=\"\" srcset=\"https:\/\/www.lavillaracine.com\/wp-content\/uploads\/2024\/10\/hotel-la-villa-racine-chambres-ambassadeurs7-scaled.jpg 2560w, https:\/\/www.lavillaracine.com\/wp-content\/uploads\/2024\/10\/hotel-la-villa-racine-chambres-ambassadeurs7-300x200.jpg 300w, https:\/\/www.lavillaracine.com\/wp-content\/uploads\/2024\/10\/hotel-la-villa-racine-chambres-ambassadeurs7-1024x683.jpg 1024w, https:\/\/www.lavillaracine.com\/wp-content\/uploads\/2024\/10\/hotel-la-villa-racine-chambres-ambassadeurs7-768x512.jpg 768w, https:\/\/www.lavillaracine.com\/wp-content\/uploads\/2024\/10\/hotel-la-villa-racine-chambres-ambassadeurs7-1536x1024.jpg 1536w, https:\/\/www.lavillaracine.com\/wp-content\/uploads\/2024\/10\/hotel-la-villa-racine-chambres-ambassadeurs7-2048x1365.jpg 2048w, https:\/\/www.lavillaracine.com\/wp-content\/uploads\/2024\/10\/hotel-la-villa-racine-chambres-ambassadeurs7-1920x1280.jpg 1920w, https:\/\/www.lavillaracine.com\/wp-content\/uploads\/2024\/10\/hotel-la-villa-racine-chambres-ambassadeurs7-1440x960.jpg 1440w, https:\/\/www.lavillaracine.com\/wp-content\/uploads\/2024\/10\/hotel-la-villa-racine-chambres-ambassadeurs7-1200x800.jpg 1200w, https:\/\/www.lavillaracine.com\/wp-content\/uploads\/2024\/10\/hotel-la-villa-racine-chambres-ambassadeurs7-780x520.jpg 780w, https:\/\/www.lavillaracine.com\/wp-content\/uploads\/2024\/10\/hotel-la-villa-racine-chambres-ambassadeurs7-600x400.jpg 600w, https:\/\/www.lavillaracine.com\/wp-content\/uploads\/2024\/10\/hotel-la-villa-racine-chambres-ambassadeurs7-550x367.jpg 550w, https:\/\/www.lavillaracine.com\/wp-content\/uploads\/2024\/10\/hotel-la-villa-racine-chambres-ambassadeurs7-370x247.jpg 370w, https:\/\/www.lavillaracine.com\/wp-content\/uploads\/2024\/10\/hotel-la-villa-racine-chambres-ambassadeurs7-255x170.jpg 255w, https:\/\/www.lavillaracine.com\/wp-content\/uploads\/2024\/10\/hotel-la-villa-racine-chambres-ambassadeurs7-150x100.jpg 150w\" sizes=\"(max-width: 2560px) 100vw, 2560px\" \/><\/a>                    <\/div>                    <div class=\"cs-gallery-item\">                            <a href=\"https:\/\/www.lavillaracine.com\/wp-content\/uploads\/2024\/12\/hotel-la-villa-racine-chambres-ambassadeurs10-scaled.jpg\" data-elementor-open-lightbox=\"yes\" data-elementor-lightbox-slideshow=\"49bc359\" data-elementor-lightbox-title=\"hotel la villa racine chambres ambassadeurs10\" data-e-action-hash=\"#elementor-action%3Aaction%3Dlightbox%26settings%3DeyJpZCI6NDgxMCwidXJsIjoiaHR0cHM6XC9cL3d3dy5sYXZpbGxhcmFjaW5lLmNvbVwvd3AtY29udGVudFwvdXBsb2Fkc1wvMjAyNFwvMTJcL2hvdGVsLWxhLXZpbGxhLXJhY2luZS1jaGFtYnJlcy1hbWJhc3NhZGV1cnMxMC1zY2FsZWQuanBnIiwic2xpZGVzaG93IjoiNDliYzM1OSJ9\"><img loading=\"lazy\" decoding=\"async\" width=\"2560\" height=\"1706\" src=\"https:\/\/www.lavillaracine.com\/wp-content\/uploads\/2024\/12\/hotel-la-villa-racine-chambres-ambassadeurs10-scaled.jpg\" class=\"attachment-full size-full wp-image-4810\" alt=\"\" srcset=\"https:\/\/www.lavillaracine.com\/wp-content\/uploads\/2024\/12\/hotel-la-villa-racine-chambres-ambassadeurs10-scaled.jpg 2560w, https:\/\/www.lavillaracine.com\/wp-content\/uploads\/2024\/12\/hotel-la-villa-racine-chambres-ambassadeurs10-300x200.jpg 300w, https:\/\/www.lavillaracine.com\/wp-content\/uploads\/2024\/12\/hotel-la-villa-racine-chambres-ambassadeurs10-1024x683.jpg 1024w, https:\/\/www.lavillaracine.com\/wp-content\/uploads\/2024\/12\/hotel-la-villa-racine-chambres-ambassadeurs10-768x512.jpg 768w, https:\/\/www.lavillaracine.com\/wp-content\/uploads\/2024\/12\/hotel-la-villa-racine-chambres-ambassadeurs10-1536x1024.jpg 1536w, https:\/\/www.lavillaracine.com\/wp-content\/uploads\/2024\/12\/hotel-la-villa-racine-chambres-ambassadeurs10-2048x1365.jpg 2048w, https:\/\/www.lavillaracine.com\/wp-content\/uploads\/2024\/12\/hotel-la-villa-racine-chambres-ambassadeurs10-1920x1280.jpg 1920w, https:\/\/www.lavillaracine.com\/wp-content\/uploads\/2024\/12\/hotel-la-villa-racine-chambres-ambassadeurs10-1440x960.jpg 1440w, https:\/\/www.lavillaracine.com\/wp-content\/uploads\/2024\/12\/hotel-la-villa-racine-chambres-ambassadeurs10-1200x800.jpg 1200w, https:\/\/www.lavillaracine.com\/wp-content\/uploads\/2024\/12\/hotel-la-villa-racine-chambres-ambassadeurs10-780x520.jpg 780w, https:\/\/www.lavillaracine.com\/wp-content\/uploads\/2024\/12\/hotel-la-villa-racine-chambres-ambassadeurs10-600x400.jpg 600w, https:\/\/www.lavillaracine.com\/wp-content\/uploads\/2024\/12\/hotel-la-villa-racine-chambres-ambassadeurs10-550x367.jpg 550w, https:\/\/www.lavillaracine.com\/wp-content\/uploads\/2024\/12\/hotel-la-villa-racine-chambres-ambassadeurs10-370x247.jpg 370w, https:\/\/www.lavillaracine.com\/wp-content\/uploads\/2024\/12\/hotel-la-villa-racine-chambres-ambassadeurs10-255x170.jpg 255w, https:\/\/www.lavillaracine.com\/wp-content\/uploads\/2024\/12\/hotel-la-villa-racine-chambres-ambassadeurs10-150x100.jpg 150w\" sizes=\"(max-width: 2560px) 100vw, 2560px\" \/><\/a>                    <\/div>                    <div class=\"cs-gallery-item\">                            <a href=\"https:\/\/www.lavillaracine.com\/wp-content\/uploads\/2024\/12\/hotel-la-villa-racine-chambres-ambassadeurs11-scaled.jpg\" data-elementor-open-lightbox=\"yes\" data-elementor-lightbox-slideshow=\"49bc359\" data-elementor-lightbox-title=\"hotel la villa racine chambres ambassadeurs11\" data-e-action-hash=\"#elementor-action%3Aaction%3Dlightbox%26settings%3DeyJpZCI6NDgxMSwidXJsIjoiaHR0cHM6XC9cL3d3dy5sYXZpbGxhcmFjaW5lLmNvbVwvd3AtY29udGVudFwvdXBsb2Fkc1wvMjAyNFwvMTJcL2hvdGVsLWxhLXZpbGxhLXJhY2luZS1jaGFtYnJlcy1hbWJhc3NhZGV1cnMxMS1zY2FsZWQuanBnIiwic2xpZGVzaG93IjoiNDliYzM1OSJ9\"><img loading=\"lazy\" decoding=\"async\" width=\"2560\" height=\"1706\" src=\"https:\/\/www.lavillaracine.com\/wp-content\/uploads\/2024\/12\/hotel-la-villa-racine-chambres-ambassadeurs11-scaled.jpg\" class=\"attachment-full size-full wp-image-4811\" alt=\"\" srcset=\"https:\/\/www.lavillaracine.com\/wp-content\/uploads\/2024\/12\/hotel-la-villa-racine-chambres-ambassadeurs11-scaled.jpg 2560w, https:\/\/www.lavillaracine.com\/wp-content\/uploads\/2024\/12\/hotel-la-villa-racine-chambres-ambassadeurs11-300x200.jpg 300w, https:\/\/www.lavillaracine.com\/wp-content\/uploads\/2024\/12\/hotel-la-villa-racine-chambres-ambassadeurs11-1024x683.jpg 1024w, https:\/\/www.lavillaracine.com\/wp-content\/uploads\/2024\/12\/hotel-la-villa-racine-chambres-ambassadeurs11-768x512.jpg 768w, https:\/\/www.lavillaracine.com\/wp-content\/uploads\/2024\/12\/hotel-la-villa-racine-chambres-ambassadeurs11-1536x1024.jpg 1536w, https:\/\/www.lavillaracine.com\/wp-content\/uploads\/2024\/12\/hotel-la-villa-racine-chambres-ambassadeurs11-2048x1365.jpg 2048w, https:\/\/www.lavillaracine.com\/wp-content\/uploads\/2024\/12\/hotel-la-villa-racine-chambres-ambassadeurs11-1920x1280.jpg 1920w, https:\/\/www.lavillaracine.com\/wp-content\/uploads\/2024\/12\/hotel-la-villa-racine-chambres-ambassadeurs11-1440x960.jpg 1440w, https:\/\/www.lavillaracine.com\/wp-content\/uploads\/2024\/12\/hotel-la-villa-racine-chambres-ambassadeurs11-1200x800.jpg 1200w, https:\/\/www.lavillaracine.com\/wp-content\/uploads\/2024\/12\/hotel-la-villa-racine-chambres-ambassadeurs11-780x520.jpg 780w, https:\/\/www.lavillaracine.com\/wp-content\/uploads\/2024\/12\/hotel-la-villa-racine-chambres-ambassadeurs11-600x400.jpg 600w, https:\/\/www.lavillaracine.com\/wp-content\/uploads\/2024\/12\/hotel-la-villa-racine-chambres-ambassadeurs11-550x367.jpg 550w, https:\/\/www.lavillaracine.com\/wp-content\/uploads\/2024\/12\/hotel-la-villa-racine-chambres-ambassadeurs11-370x247.jpg 370w, https:\/\/www.lavillaracine.com\/wp-content\/uploads\/2024\/12\/hotel-la-villa-racine-chambres-ambassadeurs11-255x170.jpg 255w, https:\/\/www.lavillaracine.com\/wp-content\/uploads\/2024\/12\/hotel-la-villa-racine-chambres-ambassadeurs11-150x100.jpg 150w\" sizes=\"(max-width: 2560px) 100vw, 2560px\" \/><\/a>                    <\/div>                    <div class=\"cs-gallery-item\">                            <a href=\"https:\/\/www.lavillaracine.com\/wp-content\/uploads\/2024\/10\/hotel-la-villa-racine-chambres-ambassadeurs9-scaled.jpg\" data-elementor-open-lightbox=\"yes\" data-elementor-lightbox-slideshow=\"49bc359\" data-elementor-lightbox-title=\"hotel la villa racine chambres ambassadeurs9\" data-e-action-hash=\"#elementor-action%3Aaction%3Dlightbox%26settings%3DeyJpZCI6MzU3OSwidXJsIjoiaHR0cHM6XC9cL3d3dy5sYXZpbGxhcmFjaW5lLmNvbVwvd3AtY29udGVudFwvdXBsb2Fkc1wvMjAyNFwvMTBcL2hvdGVsLWxhLXZpbGxhLXJhY2luZS1jaGFtYnJlcy1hbWJhc3NhZGV1cnM5LXNjYWxlZC5qcGciLCJzbGlkZXNob3ciOiI0OWJjMzU5In0%3D\"><img loading=\"lazy\" decoding=\"async\" width=\"2560\" height=\"1706\" src=\"https:\/\/www.lavillaracine.com\/wp-content\/uploads\/2024\/10\/hotel-la-villa-racine-chambres-ambassadeurs9-scaled.jpg\" class=\"attachment-full size-full wp-image-3579\" alt=\"\" srcset=\"https:\/\/www.lavillaracine.com\/wp-content\/uploads\/2024\/10\/hotel-la-villa-racine-chambres-ambassadeurs9-scaled.jpg 2560w, https:\/\/www.lavillaracine.com\/wp-content\/uploads\/2024\/10\/hotel-la-villa-racine-chambres-ambassadeurs9-300x200.jpg 300w, https:\/\/www.lavillaracine.com\/wp-content\/uploads\/2024\/10\/hotel-la-villa-racine-chambres-ambassadeurs9-1024x683.jpg 1024w, https:\/\/www.lavillaracine.com\/wp-content\/uploads\/2024\/10\/hotel-la-villa-racine-chambres-ambassadeurs9-768x512.jpg 768w, https:\/\/www.lavillaracine.com\/wp-content\/uploads\/2024\/10\/hotel-la-villa-racine-chambres-ambassadeurs9-1536x1024.jpg 1536w, https:\/\/www.lavillaracine.com\/wp-content\/uploads\/2024\/10\/hotel-la-villa-racine-chambres-ambassadeurs9-2048x1365.jpg 2048w, https:\/\/www.lavillaracine.com\/wp-content\/uploads\/2024\/10\/hotel-la-villa-racine-chambres-ambassadeurs9-1920x1280.jpg 1920w, https:\/\/www.lavillaracine.com\/wp-content\/uploads\/2024\/10\/hotel-la-villa-racine-chambres-ambassadeurs9-1440x960.jpg 1440w, https:\/\/www.lavillaracine.com\/wp-content\/uploads\/2024\/10\/hotel-la-villa-racine-chambres-ambassadeurs9-1200x800.jpg 1200w, https:\/\/www.lavillaracine.com\/wp-content\/uploads\/2024\/10\/hotel-la-villa-racine-chambres-ambassadeurs9-780x520.jpg 780w, https:\/\/www.lavillaracine.com\/wp-content\/uploads\/2024\/10\/hotel-la-villa-racine-chambres-ambassadeurs9-600x400.jpg 600w, https:\/\/www.lavillaracine.com\/wp-content\/uploads\/2024\/10\/hotel-la-villa-racine-chambres-ambassadeurs9-550x367.jpg 550w, https:\/\/www.lavillaracine.com\/wp-content\/uploads\/2024\/10\/hotel-la-villa-racine-chambres-ambassadeurs9-370x247.jpg 370w, https:\/\/www.lavillaracine.com\/wp-content\/uploads\/2024\/10\/hotel-la-villa-racine-chambres-ambassadeurs9-255x170.jpg 255w, https:\/\/www.lavillaracine.com\/wp-content\/uploads\/2024\/10\/hotel-la-villa-racine-chambres-ambassadeurs9-150x100.jpg 150w\" sizes=\"(max-width: 2560px) 100vw, 2560px\" \/><\/a>                    <\/div>                    <div class=\"cs-gallery-item\">                            <a href=\"https:\/\/www.lavillaracine.com\/wp-content\/uploads\/2024\/12\/hotel-la-villa-racine-chambres-ambassadeurs14-scaled.jpg\" data-elementor-open-lightbox=\"yes\" data-elementor-lightbox-slideshow=\"49bc359\" data-elementor-lightbox-title=\"hotel la villa racine chambres ambassadeurs14\" data-e-action-hash=\"#elementor-action%3Aaction%3Dlightbox%26settings%3DeyJpZCI6NDgwOCwidXJsIjoiaHR0cHM6XC9cL3d3dy5sYXZpbGxhcmFjaW5lLmNvbVwvd3AtY29udGVudFwvdXBsb2Fkc1wvMjAyNFwvMTJcL2hvdGVsLWxhLXZpbGxhLXJhY2luZS1jaGFtYnJlcy1hbWJhc3NhZGV1cnMxNC1zY2FsZWQuanBnIiwic2xpZGVzaG93IjoiNDliYzM1OSJ9\"><img loading=\"lazy\" decoding=\"async\" width=\"2560\" height=\"1706\" src=\"https:\/\/www.lavillaracine.com\/wp-content\/uploads\/2024\/12\/hotel-la-villa-racine-chambres-ambassadeurs14-scaled.jpg\" class=\"attachment-full size-full wp-image-4808\" alt=\"\" srcset=\"https:\/\/www.lavillaracine.com\/wp-content\/uploads\/2024\/12\/hotel-la-villa-racine-chambres-ambassadeurs14-scaled.jpg 2560w, https:\/\/www.lavillaracine.com\/wp-content\/uploads\/2024\/12\/hotel-la-villa-racine-chambres-ambassadeurs14-300x200.jpg 300w, https:\/\/www.lavillaracine.com\/wp-content\/uploads\/2024\/12\/hotel-la-villa-racine-chambres-ambassadeurs14-1024x683.jpg 1024w, https:\/\/www.lavillaracine.com\/wp-content\/uploads\/2024\/12\/hotel-la-villa-racine-chambres-ambassadeurs14-768x512.jpg 768w, https:\/\/www.lavillaracine.com\/wp-content\/uploads\/2024\/12\/hotel-la-villa-racine-chambres-ambassadeurs14-1536x1024.jpg 1536w, https:\/\/www.lavillaracine.com\/wp-content\/uploads\/2024\/12\/hotel-la-villa-racine-chambres-ambassadeurs14-2048x1365.jpg 2048w, https:\/\/www.lavillaracine.com\/wp-content\/uploads\/2024\/12\/hotel-la-villa-racine-chambres-ambassadeurs14-1920x1280.jpg 1920w, https:\/\/www.lavillaracine.com\/wp-content\/uploads\/2024\/12\/hotel-la-villa-racine-chambres-ambassadeurs14-1440x960.jpg 1440w, https:\/\/www.lavillaracine.com\/wp-content\/uploads\/2024\/12\/hotel-la-villa-racine-chambres-ambassadeurs14-1200x800.jpg 1200w, https:\/\/www.lavillaracine.com\/wp-content\/uploads\/2024\/12\/hotel-la-villa-racine-chambres-ambassadeurs14-780x520.jpg 780w, https:\/\/www.lavillaracine.com\/wp-content\/uploads\/2024\/12\/hotel-la-villa-racine-chambres-ambassadeurs14-600x400.jpg 600w, https:\/\/www.lavillaracine.com\/wp-content\/uploads\/2024\/12\/hotel-la-villa-racine-chambres-ambassadeurs14-550x367.jpg 550w, https:\/\/www.lavillaracine.com\/wp-content\/uploads\/2024\/12\/hotel-la-villa-racine-chambres-ambassadeurs14-370x247.jpg 370w, https:\/\/www.lavillaracine.com\/wp-content\/uploads\/2024\/12\/hotel-la-villa-racine-chambres-ambassadeurs14-255x170.jpg 255w, https:\/\/www.lavillaracine.com\/wp-content\/uploads\/2024\/12\/hotel-la-villa-racine-chambres-ambassadeurs14-150x100.jpg 150w\" sizes=\"(max-width: 2560px) 100vw, 2560px\" \/><\/a>                    <\/div>                    <div class=\"cs-gallery-item\">                            <a href=\"https:\/\/www.lavillaracine.com\/wp-content\/uploads\/2024\/10\/hotel-la-villa-racine-chambres-ambassadeurs10-scaled.jpg\" data-elementor-open-lightbox=\"yes\" data-elementor-lightbox-slideshow=\"49bc359\" data-elementor-lightbox-title=\"hotel la villa racine chambres ambassadeurs10\" data-e-action-hash=\"#elementor-action%3Aaction%3Dlightbox%26settings%3DeyJpZCI6MzU4MCwidXJsIjoiaHR0cHM6XC9cL3d3dy5sYXZpbGxhcmFjaW5lLmNvbVwvd3AtY29udGVudFwvdXBsb2Fkc1wvMjAyNFwvMTBcL2hvdGVsLWxhLXZpbGxhLXJhY2luZS1jaGFtYnJlcy1hbWJhc3NhZGV1cnMxMC1zY2FsZWQuanBnIiwic2xpZGVzaG93IjoiNDliYzM1OSJ9\"><img loading=\"lazy\" decoding=\"async\" width=\"2560\" height=\"1706\" src=\"https:\/\/www.lavillaracine.com\/wp-content\/uploads\/2024\/10\/hotel-la-villa-racine-chambres-ambassadeurs10-scaled.jpg\" class=\"attachment-full size-full wp-image-3580\" alt=\"\" srcset=\"https:\/\/www.lavillaracine.com\/wp-content\/uploads\/2024\/10\/hotel-la-villa-racine-chambres-ambassadeurs10-scaled.jpg 2560w, https:\/\/www.lavillaracine.com\/wp-content\/uploads\/2024\/10\/hotel-la-villa-racine-chambres-ambassadeurs10-300x200.jpg 300w, https:\/\/www.lavillaracine.com\/wp-content\/uploads\/2024\/10\/hotel-la-villa-racine-chambres-ambassadeurs10-1024x683.jpg 1024w, https:\/\/www.lavillaracine.com\/wp-content\/uploads\/2024\/10\/hotel-la-villa-racine-chambres-ambassadeurs10-768x512.jpg 768w, https:\/\/www.lavillaracine.com\/wp-content\/uploads\/2024\/10\/hotel-la-villa-racine-chambres-ambassadeurs10-1536x1024.jpg 1536w, https:\/\/www.lavillaracine.com\/wp-content\/uploads\/2024\/10\/hotel-la-villa-racine-chambres-ambassadeurs10-2048x1365.jpg 2048w, https:\/\/www.lavillaracine.com\/wp-content\/uploads\/2024\/10\/hotel-la-villa-racine-chambres-ambassadeurs10-1920x1280.jpg 1920w, https:\/\/www.lavillaracine.com\/wp-content\/uploads\/2024\/10\/hotel-la-villa-racine-chambres-ambassadeurs10-1440x960.jpg 1440w, https:\/\/www.lavillaracine.com\/wp-content\/uploads\/2024\/10\/hotel-la-villa-racine-chambres-ambassadeurs10-1200x800.jpg 1200w, https:\/\/www.lavillaracine.com\/wp-content\/uploads\/2024\/10\/hotel-la-villa-racine-chambres-ambassadeurs10-780x520.jpg 780w, https:\/\/www.lavillaracine.com\/wp-content\/uploads\/2024\/10\/hotel-la-villa-racine-chambres-ambassadeurs10-600x400.jpg 600w, https:\/\/www.lavillaracine.com\/wp-content\/uploads\/2024\/10\/hotel-la-villa-racine-chambres-ambassadeurs10-550x367.jpg 550w, https:\/\/www.lavillaracine.com\/wp-content\/uploads\/2024\/10\/hotel-la-villa-racine-chambres-ambassadeurs10-370x247.jpg 370w, https:\/\/www.lavillaracine.com\/wp-content\/uploads\/2024\/10\/hotel-la-villa-racine-chambres-ambassadeurs10-255x170.jpg 255w, https:\/\/www.lavillaracine.com\/wp-content\/uploads\/2024\/10\/hotel-la-villa-racine-chambres-ambassadeurs10-150x100.jpg 150w\" sizes=\"(max-width: 2560px) 100vw, 2560px\" \/><\/a>                    <\/div>                    <div class=\"cs-gallery-item\">                            <a href=\"https:\/\/www.lavillaracine.com\/wp-content\/uploads\/2024\/10\/hotel-la-villa-racine-chambres-ambassadeurs2-scaled.jpg\" data-elementor-open-lightbox=\"yes\" data-elementor-lightbox-slideshow=\"49bc359\" data-elementor-lightbox-title=\"hotel la villa racine chambres ambassadeurs2\" data-e-action-hash=\"#elementor-action%3Aaction%3Dlightbox%26settings%3DeyJpZCI6MzU3MiwidXJsIjoiaHR0cHM6XC9cL3d3dy5sYXZpbGxhcmFjaW5lLmNvbVwvd3AtY29udGVudFwvdXBsb2Fkc1wvMjAyNFwvMTBcL2hvdGVsLWxhLXZpbGxhLXJhY2luZS1jaGFtYnJlcy1hbWJhc3NhZGV1cnMyLXNjYWxlZC5qcGciLCJzbGlkZXNob3ciOiI0OWJjMzU5In0%3D\"><img loading=\"lazy\" decoding=\"async\" width=\"2560\" height=\"1706\" src=\"https:\/\/www.lavillaracine.com\/wp-content\/uploads\/2024\/10\/hotel-la-villa-racine-chambres-ambassadeurs2-scaled.jpg\" class=\"attachment-full size-full wp-image-3572\" alt=\"\" srcset=\"https:\/\/www.lavillaracine.com\/wp-content\/uploads\/2024\/10\/hotel-la-villa-racine-chambres-ambassadeurs2-scaled.jpg 2560w, https:\/\/www.lavillaracine.com\/wp-content\/uploads\/2024\/10\/hotel-la-villa-racine-chambres-ambassadeurs2-300x200.jpg 300w, https:\/\/www.lavillaracine.com\/wp-content\/uploads\/2024\/10\/hotel-la-villa-racine-chambres-ambassadeurs2-1024x683.jpg 1024w, https:\/\/www.lavillaracine.com\/wp-content\/uploads\/2024\/10\/hotel-la-villa-racine-chambres-ambassadeurs2-768x512.jpg 768w, https:\/\/www.lavillaracine.com\/wp-content\/uploads\/2024\/10\/hotel-la-villa-racine-chambres-ambassadeurs2-1536x1024.jpg 1536w, https:\/\/www.lavillaracine.com\/wp-content\/uploads\/2024\/10\/hotel-la-villa-racine-chambres-ambassadeurs2-2048x1365.jpg 2048w, https:\/\/www.lavillaracine.com\/wp-content\/uploads\/2024\/10\/hotel-la-villa-racine-chambres-ambassadeurs2-1920x1280.jpg 1920w, https:\/\/www.lavillaracine.com\/wp-content\/uploads\/2024\/10\/hotel-la-villa-racine-chambres-ambassadeurs2-1440x960.jpg 1440w, https:\/\/www.lavillaracine.com\/wp-content\/uploads\/2024\/10\/hotel-la-villa-racine-chambres-ambassadeurs2-1200x800.jpg 1200w, https:\/\/www.lavillaracine.com\/wp-content\/uploads\/2024\/10\/hotel-la-villa-racine-chambres-ambassadeurs2-780x520.jpg 780w, https:\/\/www.lavillaracine.com\/wp-content\/uploads\/2024\/10\/hotel-la-villa-racine-chambres-ambassadeurs2-600x400.jpg 600w, https:\/\/www.lavillaracine.com\/wp-content\/uploads\/2024\/10\/hotel-la-villa-racine-chambres-ambassadeurs2-550x367.jpg 550w, https:\/\/www.lavillaracine.com\/wp-content\/uploads\/2024\/10\/hotel-la-villa-racine-chambres-ambassadeurs2-370x247.jpg 370w, https:\/\/www.lavillaracine.com\/wp-content\/uploads\/2024\/10\/hotel-la-villa-racine-chambres-ambassadeurs2-255x170.jpg 255w, https:\/\/www.lavillaracine.com\/wp-content\/uploads\/2024\/10\/hotel-la-villa-racine-chambres-ambassadeurs2-150x100.jpg 150w\" sizes=\"(max-width: 2560px) 100vw, 2560px\" \/><\/a>                    <\/div>                    <div class=\"cs-gallery-item\">                            <a href=\"https:\/\/www.lavillaracine.com\/wp-content\/uploads\/2024\/10\/hotel-la-villa-racine-chambres-ambassadeurs11-scaled.jpg\" data-elementor-open-lightbox=\"yes\" data-elementor-lightbox-slideshow=\"49bc359\" data-elementor-lightbox-title=\"hotel la villa racine chambres ambassadeurs11\" data-e-action-hash=\"#elementor-action%3Aaction%3Dlightbox%26settings%3DeyJpZCI6MzU4MSwidXJsIjoiaHR0cHM6XC9cL3d3dy5sYXZpbGxhcmFjaW5lLmNvbVwvd3AtY29udGVudFwvdXBsb2Fkc1wvMjAyNFwvMTBcL2hvdGVsLWxhLXZpbGxhLXJhY2luZS1jaGFtYnJlcy1hbWJhc3NhZGV1cnMxMS1zY2FsZWQuanBnIiwic2xpZGVzaG93IjoiNDliYzM1OSJ9\"><img loading=\"lazy\" decoding=\"async\" width=\"2560\" height=\"1706\" src=\"https:\/\/www.lavillaracine.com\/wp-content\/uploads\/2024\/10\/hotel-la-villa-racine-chambres-ambassadeurs11-scaled.jpg\" class=\"attachment-full size-full wp-image-3581\" alt=\"\" srcset=\"https:\/\/www.lavillaracine.com\/wp-content\/uploads\/2024\/10\/hotel-la-villa-racine-chambres-ambassadeurs11-scaled.jpg 2560w, https:\/\/www.lavillaracine.com\/wp-content\/uploads\/2024\/10\/hotel-la-villa-racine-chambres-ambassadeurs11-300x200.jpg 300w, https:\/\/www.lavillaracine.com\/wp-content\/uploads\/2024\/10\/hotel-la-villa-racine-chambres-ambassadeurs11-1024x683.jpg 1024w, https:\/\/www.lavillaracine.com\/wp-content\/uploads\/2024\/10\/hotel-la-villa-racine-chambres-ambassadeurs11-768x512.jpg 768w, https:\/\/www.lavillaracine.com\/wp-content\/uploads\/2024\/10\/hotel-la-villa-racine-chambres-ambassadeurs11-1536x1024.jpg 1536w, https:\/\/www.lavillaracine.com\/wp-content\/uploads\/2024\/10\/hotel-la-villa-racine-chambres-ambassadeurs11-2048x1365.jpg 2048w, https:\/\/www.lavillaracine.com\/wp-content\/uploads\/2024\/10\/hotel-la-villa-racine-chambres-ambassadeurs11-1920x1280.jpg 1920w, https:\/\/www.lavillaracine.com\/wp-content\/uploads\/2024\/10\/hotel-la-villa-racine-chambres-ambassadeurs11-1440x960.jpg 1440w, https:\/\/www.lavillaracine.com\/wp-content\/uploads\/2024\/10\/hotel-la-villa-racine-chambres-ambassadeurs11-1200x800.jpg 1200w, https:\/\/www.lavillaracine.com\/wp-content\/uploads\/2024\/10\/hotel-la-villa-racine-chambres-ambassadeurs11-780x520.jpg 780w, https:\/\/www.lavillaracine.com\/wp-content\/uploads\/2024\/10\/hotel-la-villa-racine-chambres-ambassadeurs11-600x400.jpg 600w, https:\/\/www.lavillaracine.com\/wp-content\/uploads\/2024\/10\/hotel-la-villa-racine-chambres-ambassadeurs11-550x367.jpg 550w, https:\/\/www.lavillaracine.com\/wp-content\/uploads\/2024\/10\/hotel-la-villa-racine-chambres-ambassadeurs11-370x247.jpg 370w, https:\/\/www.lavillaracine.com\/wp-content\/uploads\/2024\/10\/hotel-la-villa-racine-chambres-ambassadeurs11-255x170.jpg 255w, https:\/\/www.lavillaracine.com\/wp-content\/uploads\/2024\/10\/hotel-la-villa-racine-chambres-ambassadeurs11-150x100.jpg 150w\" sizes=\"(max-width: 2560px) 100vw, 2560px\" \/><\/a>                    <\/div>                    <div class=\"cs-gallery-item\">                            <a href=\"https:\/\/www.lavillaracine.com\/wp-content\/uploads\/2024\/10\/hotel-la-villa-racine-chambres-ambassadeurs1-scaled.jpg\" data-elementor-open-lightbox=\"yes\" data-elementor-lightbox-slideshow=\"49bc359\" data-elementor-lightbox-title=\"hotel la villa racine chambres ambassadeurs1\" data-e-action-hash=\"#elementor-action%3Aaction%3Dlightbox%26settings%3DeyJpZCI6MzU3MSwidXJsIjoiaHR0cHM6XC9cL3d3dy5sYXZpbGxhcmFjaW5lLmNvbVwvd3AtY29udGVudFwvdXBsb2Fkc1wvMjAyNFwvMTBcL2hvdGVsLWxhLXZpbGxhLXJhY2luZS1jaGFtYnJlcy1hbWJhc3NhZGV1cnMxLXNjYWxlZC5qcGciLCJzbGlkZXNob3ciOiI0OWJjMzU5In0%3D\"><img loading=\"lazy\" decoding=\"async\" width=\"2560\" height=\"1706\" src=\"https:\/\/www.lavillaracine.com\/wp-content\/uploads\/2024\/10\/hotel-la-villa-racine-chambres-ambassadeurs1-scaled.jpg\" class=\"attachment-full size-full wp-image-3571\" alt=\"\" srcset=\"https:\/\/www.lavillaracine.com\/wp-content\/uploads\/2024\/10\/hotel-la-villa-racine-chambres-ambassadeurs1-scaled.jpg 2560w, https:\/\/www.lavillaracine.com\/wp-content\/uploads\/2024\/10\/hotel-la-villa-racine-chambres-ambassadeurs1-300x200.jpg 300w, https:\/\/www.lavillaracine.com\/wp-content\/uploads\/2024\/10\/hotel-la-villa-racine-chambres-ambassadeurs1-1024x683.jpg 1024w, https:\/\/www.lavillaracine.com\/wp-content\/uploads\/2024\/10\/hotel-la-villa-racine-chambres-ambassadeurs1-768x512.jpg 768w, https:\/\/www.lavillaracine.com\/wp-content\/uploads\/2024\/10\/hotel-la-villa-racine-chambres-ambassadeurs1-1536x1024.jpg 1536w, https:\/\/www.lavillaracine.com\/wp-content\/uploads\/2024\/10\/hotel-la-villa-racine-chambres-ambassadeurs1-2048x1365.jpg 2048w, https:\/\/www.lavillaracine.com\/wp-content\/uploads\/2024\/10\/hotel-la-villa-racine-chambres-ambassadeurs1-1920x1280.jpg 1920w, https:\/\/www.lavillaracine.com\/wp-content\/uploads\/2024\/10\/hotel-la-villa-racine-chambres-ambassadeurs1-1440x960.jpg 1440w, https:\/\/www.lavillaracine.com\/wp-content\/uploads\/2024\/10\/hotel-la-villa-racine-chambres-ambassadeurs1-1200x800.jpg 1200w, https:\/\/www.lavillaracine.com\/wp-content\/uploads\/2024\/10\/hotel-la-villa-racine-chambres-ambassadeurs1-780x520.jpg 780w, https:\/\/www.lavillaracine.com\/wp-content\/uploads\/2024\/10\/hotel-la-villa-racine-chambres-ambassadeurs1-600x400.jpg 600w, https:\/\/www.lavillaracine.com\/wp-content\/uploads\/2024\/10\/hotel-la-villa-racine-chambres-ambassadeurs1-550x367.jpg 550w, https:\/\/www.lavillaracine.com\/wp-content\/uploads\/2024\/10\/hotel-la-villa-racine-chambres-ambassadeurs1-370x247.jpg 370w, https:\/\/www.lavillaracine.com\/wp-content\/uploads\/2024\/10\/hotel-la-villa-racine-chambres-ambassadeurs1-255x170.jpg 255w, https:\/\/www.lavillaracine.com\/wp-content\/uploads\/2024\/10\/hotel-la-villa-racine-chambres-ambassadeurs1-150x100.jpg 150w\" sizes=\"(max-width: 2560px) 100vw, 2560px\" \/><\/a>                    <\/div>                <\/div>\n            <\/div>\t\t\t\t<\/div>\n\t\t\t\t<\/div>\n\t\t\t\t<div class=\"elementor-element elementor-element-efe2211 elementor-widget elementor-widget-heading\" data-id=\"efe2211\" data-element_type=\"widget\" data-widget_type=\"heading.default\">\n\t\t\t\t<div class=\"elementor-widget-container\">\n\t\t\t\t\t<h4 class=\"elementor-heading-title elementor-size-default\">\u00c9quipements de la chambre<\/h4>\t\t\t\t<\/div>\n\t\t\t\t<\/div>\n\t\t\t\t<div class=\"elementor-element elementor-element-cdebed4 elementor-widget elementor-widget-cs_info_box\" data-id=\"cdebed4\" data-element_type=\"widget\" data-widget_type=\"cs_info_box.default\">\n\t\t\t\t<div class=\"elementor-widget-container\">\n\t\t\t\t\t\n\t\t\t<div class=\"cs-info-box column-4 valign-middle img-left text-left\">\n                <div class=\"cs-info-box-wrap\">                    <div class=\"cs-info-box-item elementor-repeater-item-27e14c2\">\n                    \t<div class=\"cs-item-container\">\t                        <div class=\"cs-info-box-img\"><i aria-hidden=\"true\" class=\"flaticon flaticon-air-conditioner\"><\/i>\t                        <\/div>\t                        <div class=\"cs-info-box-content\">\n\t                            <h6 class=\"cs-title cs-info-box-title\">Climatisation\t\t\t\t\t\t\t\t<\/h6>\t                        <\/div>\t                    <\/div>\n                    <\/div>                    <div class=\"cs-info-box-item elementor-repeater-item-9dead55\">\n                    \t<div class=\"cs-item-container\">\t                        <div class=\"cs-info-box-img\"><i aria-hidden=\"true\" class=\"flaticon flaticon-television\"><\/i>\t                        <\/div>\t                        <div class=\"cs-info-box-content\">\n\t                            <h6 class=\"cs-title cs-info-box-title\">TV\t\t\t\t\t\t\t\t<\/h6>\t                        <\/div>\t                    <\/div>\n                    <\/div>                    <div class=\"cs-info-box-item elementor-repeater-item-dd15d75\">\n                    \t<div class=\"cs-item-container\">\t                        <div class=\"cs-info-box-img\"><i aria-hidden=\"true\" class=\"flaticon flaticon-wifi-2\"><\/i>\t                        <\/div>\t                        <div class=\"cs-info-box-content\">\n\t                            <h6 class=\"cs-title cs-info-box-title\">Internet haut d\u00e9bit (Wifi)\t\t\t\t\t\t\t\t<\/h6>\t                        <\/div>\t                    <\/div>\n                    <\/div>                    <div class=\"cs-info-box-item elementor-repeater-item-d94829f\">\n                    \t<div class=\"cs-item-container\">\t                        <div class=\"cs-info-box-img\"><i aria-hidden=\"true\" class=\"flaticon flaticon-slippers\"><\/i>\t                        <\/div>\t                        <div class=\"cs-info-box-content\">\n\t                            <h6 class=\"cs-title cs-info-box-title\">Pantoufles\t\t\t\t\t\t\t\t<\/h6>\t                        <\/div>\t                    <\/div>\n                    <\/div>                    <div class=\"cs-info-box-item elementor-repeater-item-964284f\">\n                    \t<div class=\"cs-item-container\">\t                        <div class=\"cs-info-box-img\"><i aria-hidden=\"true\" class=\"flaticon flaticon-hair-dryer\"><\/i>\t                        <\/div>\t                        <div class=\"cs-info-box-content\">\n\t                            <h6 class=\"cs-title cs-info-box-title\">S\u00e8che-cheveux\t\t\t\t\t\t\t\t<\/h6>\t                        <\/div>\t                    <\/div>\n                    <\/div>                    <div class=\"cs-info-box-item elementor-repeater-item-d9b21d6\">\n                    \t<div class=\"cs-item-container\">\t                        <div class=\"cs-info-box-img\"><i aria-hidden=\"true\" class=\"flaticon flaticon-espresso\"><\/i>\t                        <\/div>\t                        <div class=\"cs-info-box-content\">\n\t                            <h6 class=\"cs-title cs-info-box-title\">Machine \u00e0 caf\u00e9\t\t\t\t\t\t\t\t<\/h6>\t                        <\/div>\t                    <\/div>\n                    <\/div>                    <div class=\"cs-info-box-item elementor-repeater-item-34ccfe9\">\n                    \t<div class=\"cs-item-container\">\t                        <div class=\"cs-info-box-img\"><i aria-hidden=\"true\" class=\"flaticon flaticon-strongbox\"><\/i>\t                        <\/div>\t                        <div class=\"cs-info-box-content\">\n\t                            <h6 class=\"cs-title cs-info-box-title\">Coffre-fort\t\t\t\t\t\t\t\t<\/h6>\t                        <\/div>\t                    <\/div>\n                    <\/div>                    <div class=\"cs-info-box-item elementor-repeater-item-8400fd6\">\n                    \t<div class=\"cs-item-container\">\t                        <div class=\"cs-info-box-img\"><i aria-hidden=\"true\" class=\"flaticon flaticon-refrigerator\"><\/i>\t                        <\/div>\t                        <div class=\"cs-info-box-content\">\n\t                            <h6 class=\"cs-title cs-info-box-title\">Frigo bar\t\t\t\t\t\t\t\t<\/h6>\t                        <\/div>\t                    <\/div>\n                    <\/div>\t\t\t\t<\/div>\n\t\t\t<\/div>\t\t\t\t<\/div>\n\t\t\t\t<\/div>\n\t\t\t\t\t<\/div>\n\t\t<\/div>\n\t\t\t\t\t<\/div>\n\t\t<\/section>\n\t\t\t\t<\/div>\n\t\t","protected":false},"excerpt":{"rendered":"<p>Chambre Ambassadeur D\u00e9couvrez l\u2019\u00e9l\u00e9gance et le confort ultime dans notre Chambre Ambassadeur, con\u00e7ue pour les voyageurs en qu\u00eate d\u2019un s\u00e9jour luxueux et raffin\u00e9. Spacieuse et d\u00e9cor\u00e9e avec go\u00fbt, cette chambre allie modernit\u00e9 et charme traditionnel, refl\u00e9tant parfaitement l\u2019esprit chic de l\u2019H\u00f4tel La Villa Racine. La Chambre Ambassadeur vous offre un espace de repos d\u2019exception, avec un lit king-size, une salle de bain en marbre \u00e9quip\u00e9e d\u2019une douche \u00e0 effet pluie et d\u2019une baignoire relaxante, ainsi qu\u2019un coin salon o\u00f9 vous pourrez vous d\u00e9tendre ou travailler en toute s\u00e9r\u00e9nit\u00e9. Avec une vue imprenable sur la ville, un service de chambre disponible 24h\/24, et toutes les commodit\u00e9s n\u00e9cessaires (Wi-Fi haut d\u00e9bit, t\u00e9l\u00e9vision \u00e0 \u00e9cran plat, minibar), chaque d\u00e9tail a \u00e9t\u00e9 pens\u00e9 pour faire de votre s\u00e9jour une exp\u00e9rience unique et inoubliable. Que ce soit pour un voyage d\u2019affaires ou un s\u00e9jour romantique, la Chambre Ambassadeur saura r\u00e9pondre \u00e0 vos attentes les plus exigeantes. R\u00e9servez maintenant \u00c9quipements de la chambre Climatisation TV Internet haut d\u00e9bit (Wifi) Pantoufles S\u00e8che-cheveux Machine \u00e0 caf\u00e9 Coffre-fort Frigo bar<\/p>\n","protected":false},"author":1,"featured_media":0,"parent":1032,"menu_order":0,"comment_status":"closed","ping_status":"closed","template":"elementor_header_footer","meta":{"_price":"","_stock":"","_tribe_ticket_header":"","_tribe_default_ticket_provider":"","_tribe_ticket_capacity":"0","_ticket_start_date":"","_ticket_end_date":"","_tribe_ticket_show_description":"","_tribe_ticket_show_not_going":false,"_tribe_ticket_use_global_stock":"","_tribe_ticket_global_stock_level":"","_global_stock_mode":"","_global_stock_cap":"","_tribe_rsvp_for_event":"","_tribe_ticket_going_count":"","_tribe_ticket_not_going_count":"","_tribe_tickets_list":"[]","_tribe_ticket_has_attendee_info_fields":false,"cozystay_single_page_hide_site_header":"","cozystay_single_page_site_header_source":"","cozystay_single_page_custom_site_header":"0","cozystay_single_page_custom_sticky_site_header":"0","cozystay_single_page_hide_page_title":"","cozystay_single_page_header_section_size":"","cozystay_single_page_header_background_color":"","cozystay_single_page_header_background_position_x":"center","cozystay_single_page_header_background_position_y":"center","cozystay_single_page_header_background_size":"cover","cozystay_single_page_header_background_repeat":"off","cozystay_single_page_header_background_scroll":"on","cozystay_single_page_header_text_color":"","cozystay_single_page_header_show_breadcrumb":"","cozystay_single_page_site_footer_hide_main":"","cozystay_single_custom_site_footer_main_source":"","cozystay_single_custom_site_footer_main":"0","cozystay_single_page_site_footer_hide_above":"","cozystay_single_custom_site_footer_above_source":"","cozystay_single_custom_site_footer_above":"0","cozystay_single_page_site_footer_hide_instagram":"","cozystay_single_page_site_footer_hide_bottom":"","cozystay_single_custom_mobile_menu_source":"","cozystay_single_custom_mobile_menu":"0","cozystay_single_custom_mobile_menu_animation":"","cozystay_single_custom_mobile_menu_width":"","cozystay_single_custom_mobile_menu_custom_width":375,"footnotes":"","_tec_slr_enabled":"","_tec_slr_layout":""},"class_list":["post-3251","page","type-page","status-publish","hentry"],"yoast_head":"<!-- This site is optimized with the Yoast SEO Premium plugin v27.3 (Yoast SEO v27.3) - https:\/\/yoast.com\/product\/yoast-seo-premium-wordpress\/ -->\n<title>Chambre ambassadeur - Boutique Hotel La Villa Racine<\/title>\n<meta name=\"robots\" content=\"index, follow, max-snippet:-1, max-image-preview:large, max-video-preview:-1\" \/>\n<link rel=\"canonical\" href=\"https:\/\/www.lavillaracine.com\/index.php\/chambres-et-suites-hotel-la-villa-racine\/chambre-ambassadeur\/\" \/>\n<meta property=\"og:locale\" content=\"fr_FR\" \/>\n<meta property=\"og:type\" content=\"article\" \/>\n<meta property=\"og:title\" content=\"Chambre ambassadeur\" \/>\n<meta property=\"og:description\" content=\"Chambre Ambassadeur D\u00e9couvrez l\u2019\u00e9l\u00e9gance et le confort ultime dans notre Chambre Ambassadeur, con\u00e7ue pour les voyageurs en qu\u00eate d\u2019un s\u00e9jour luxueux et raffin\u00e9. Spacieuse et d\u00e9cor\u00e9e avec go\u00fbt, cette chambre allie modernit\u00e9 et charme traditionnel, refl\u00e9tant parfaitement l\u2019esprit chic de l\u2019H\u00f4tel La Villa Racine. La Chambre Ambassadeur vous offre un espace de repos d\u2019exception, avec un lit king-size, une salle de bain en marbre \u00e9quip\u00e9e d\u2019une douche \u00e0 effet pluie et d\u2019une baignoire relaxante, ainsi qu\u2019un coin salon o\u00f9 vous pourrez vous d\u00e9tendre ou travailler en toute s\u00e9r\u00e9nit\u00e9. Avec une vue imprenable sur la ville, un service de chambre disponible 24h\/24, et toutes les commodit\u00e9s n\u00e9cessaires (Wi-Fi haut d\u00e9bit, t\u00e9l\u00e9vision \u00e0 \u00e9cran plat, minibar), chaque d\u00e9tail a \u00e9t\u00e9 pens\u00e9 pour faire de votre s\u00e9jour une exp\u00e9rience unique et inoubliable. Que ce soit pour un voyage d\u2019affaires ou un s\u00e9jour romantique, la Chambre Ambassadeur saura r\u00e9pondre \u00e0 vos attentes les plus exigeantes. R\u00e9servez maintenant \u00c9quipements de la chambre Climatisation TV Internet haut d\u00e9bit (Wifi) Pantoufles S\u00e8che-cheveux Machine \u00e0 caf\u00e9 Coffre-fort Frigo bar\" \/>\n<meta property=\"og:url\" content=\"https:\/\/www.lavillaracine.com\/index.php\/chambres-et-suites-hotel-la-villa-racine\/chambre-ambassadeur\/\" \/>\n<meta property=\"og:site_name\" content=\"Boutique Hotel La Villa Racine\" \/>\n<meta property=\"article:publisher\" content=\"https:\/\/www.facebook.com\/lavillaRacine\" \/>\n<meta property=\"article:modified_time\" content=\"2025-03-18T10:08:03+00:00\" \/>\n<meta property=\"og:image\" content=\"https:\/\/www.lavillaracine.com\/wp-content\/uploads\/2024\/12\/hotel-la-villa-racine-chambres-ambassadeurs12-scaled.jpg\" \/>\n\t<meta property=\"og:image:width\" content=\"2560\" \/>\n\t<meta property=\"og:image:height\" content=\"1706\" \/>\n\t<meta property=\"og:image:type\" content=\"image\/jpeg\" \/>\n<meta name=\"twitter:card\" content=\"summary_large_image\" \/>\n<meta name=\"twitter:label1\" content=\"Dur\u00e9e de lecture estim\u00e9e\" \/>\n\t<meta name=\"twitter:data1\" content=\"6 minutes\" \/>\n<script type=\"application\/ld+json\" class=\"yoast-schema-graph\">{\"@context\":\"https:\\\/\\\/schema.org\",\"@graph\":[{\"@type\":\"WebPage\",\"@id\":\"https:\\\/\\\/www.lavillaracine.com\\\/index.php\\\/chambres-et-suites-hotel-la-villa-racine\\\/chambre-ambassadeur\\\/\",\"url\":\"https:\\\/\\\/www.lavillaracine.com\\\/index.php\\\/chambres-et-suites-hotel-la-villa-racine\\\/chambre-ambassadeur\\\/\",\"name\":\"Chambre ambassadeur - Boutique Hotel La Villa Racine\",\"isPartOf\":{\"@id\":\"https:\\\/\\\/www.lavillaracine.com\\\/#website\"},\"primaryImageOfPage\":{\"@id\":\"https:\\\/\\\/www.lavillaracine.com\\\/index.php\\\/chambres-et-suites-hotel-la-villa-racine\\\/chambre-ambassadeur\\\/#primaryimage\"},\"image\":{\"@id\":\"https:\\\/\\\/www.lavillaracine.com\\\/index.php\\\/chambres-et-suites-hotel-la-villa-racine\\\/chambre-ambassadeur\\\/#primaryimage\"},\"thumbnailUrl\":\"https:\\\/\\\/www.lavillaracine.com\\\/wp-content\\\/uploads\\\/2024\\\/12\\\/hotel-la-villa-racine-chambres-ambassadeurs12-scaled.jpg\",\"datePublished\":\"2024-10-23T11:27:45+00:00\",\"dateModified\":\"2025-03-18T10:08:03+00:00\",\"breadcrumb\":{\"@id\":\"https:\\\/\\\/www.lavillaracine.com\\\/index.php\\\/chambres-et-suites-hotel-la-villa-racine\\\/chambre-ambassadeur\\\/#breadcrumb\"},\"inLanguage\":\"fr-FR\",\"potentialAction\":[{\"@type\":\"ReadAction\",\"target\":[\"https:\\\/\\\/www.lavillaracine.com\\\/index.php\\\/chambres-et-suites-hotel-la-villa-racine\\\/chambre-ambassadeur\\\/\"]}]},{\"@type\":\"ImageObject\",\"inLanguage\":\"fr-FR\",\"@id\":\"https:\\\/\\\/www.lavillaracine.com\\\/index.php\\\/chambres-et-suites-hotel-la-villa-racine\\\/chambre-ambassadeur\\\/#primaryimage\",\"url\":\"https:\\\/\\\/www.lavillaracine.com\\\/wp-content\\\/uploads\\\/2024\\\/12\\\/hotel-la-villa-racine-chambres-ambassadeurs12-scaled.jpg\",\"contentUrl\":\"https:\\\/\\\/www.lavillaracine.com\\\/wp-content\\\/uploads\\\/2024\\\/12\\\/hotel-la-villa-racine-chambres-ambassadeurs12-scaled.jpg\"},{\"@type\":\"BreadcrumbList\",\"@id\":\"https:\\\/\\\/www.lavillaracine.com\\\/index.php\\\/chambres-et-suites-hotel-la-villa-racine\\\/chambre-ambassadeur\\\/#breadcrumb\",\"itemListElement\":[{\"@type\":\"ListItem\",\"position\":1,\"name\":\"Home\",\"item\":\"https:\\\/\\\/www.lavillaracine.com\\\/\"},{\"@type\":\"ListItem\",\"position\":2,\"name\":\"Chambres et suites\",\"item\":\"https:\\\/\\\/www.lavillaracine.com\\\/index.php\\\/chambres-et-suites-hotel-la-villa-racine\\\/\"},{\"@type\":\"ListItem\",\"position\":3,\"name\":\"Chambre ambassadeur\"}]},{\"@type\":\"WebSite\",\"@id\":\"https:\\\/\\\/www.lavillaracine.com\\\/#website\",\"url\":\"https:\\\/\\\/www.lavillaracine.com\\\/\",\"name\":\"Boutique Hotel La Villa Racine\",\"description\":\"L&#039;hotel qui vous change de l&#039;hotel\",\"publisher\":{\"@id\":\"https:\\\/\\\/www.lavillaracine.com\\\/#organization\"},\"alternateName\":\"Hotel la Villa Racine Dakar\",\"potentialAction\":[{\"@type\":\"SearchAction\",\"target\":{\"@type\":\"EntryPoint\",\"urlTemplate\":\"https:\\\/\\\/www.lavillaracine.com\\\/?s={search_term_string}\"},\"query-input\":{\"@type\":\"PropertyValueSpecification\",\"valueRequired\":true,\"valueName\":\"search_term_string\"}}],\"inLanguage\":\"fr-FR\"},{\"@type\":\"Organization\",\"@id\":\"https:\\\/\\\/www.lavillaracine.com\\\/#organization\",\"name\":\"Boutique Hotel La Villa Racine\",\"alternateName\":\"Hotel La Villa Racine Dakar\",\"url\":\"https:\\\/\\\/www.lavillaracine.com\\\/\",\"logo\":{\"@type\":\"ImageObject\",\"inLanguage\":\"fr-FR\",\"@id\":\"https:\\\/\\\/www.lavillaracine.com\\\/#\\\/schema\\\/logo\\\/image\\\/\",\"url\":\"https:\\\/\\\/www.lavillaracine.com\\\/wp-content\\\/uploads\\\/2021\\\/12\\\/LOGO-1.png\",\"contentUrl\":\"https:\\\/\\\/www.lavillaracine.com\\\/wp-content\\\/uploads\\\/2021\\\/12\\\/LOGO-1.png\",\"width\":424,\"height\":996,\"caption\":\"Boutique Hotel La Villa Racine\"},\"image\":{\"@id\":\"https:\\\/\\\/www.lavillaracine.com\\\/#\\\/schema\\\/logo\\\/image\\\/\"},\"sameAs\":[\"https:\\\/\\\/www.facebook.com\\\/lavillaRacine\",\"https:\\\/\\\/www.instagram.com\\\/hotel_lavillaracine\\\/\"],\"description\":\"Au c\u0153ur du Plateau, de ses quartiers d\u2019affaires, ses \u00e9tablissements financiers, ses commerces et ses sites culturels, Le Boutique Hotel La villa Racine boutique-h\u00f4tel 4 \u00e9toiles, offre un cadre mariant confort, \u00e9l\u00e9gance, et s\u00e9curit\u00e9, propice \u00e0 la d\u00e9tente, \u00e0 l\u2019intimit\u00e9, \u00e0 la r\u00e9flexion, \u00e0 la conversation et au travail. H\u00f4tel d\u2019affaires, La Villa Racine, ce sont aussi des salles polyvalentes pour des conf\u00e9rences, expositions, s\u00e9minaires ou autres c\u00e9r\u00e9monies.\",\"email\":\"lavillaracine@lavillaracine.com\",\"telephone\":\"+221 33 889 41 41\",\"legalName\":\"Boutique Hotel La Villa Racine\",\"numberOfEmployees\":{\"@type\":\"QuantitativeValue\",\"minValue\":\"11\",\"maxValue\":\"50\"}}]}<\/script>\n<!-- \/ Yoast SEO Premium plugin. -->","yoast_head_json":{"title":"Chambre ambassadeur - Boutique Hotel La Villa Racine","robots":{"index":"index","follow":"follow","max-snippet":"max-snippet:-1","max-image-preview":"max-image-preview:large","max-video-preview":"max-video-preview:-1"},"canonical":"https:\/\/www.lavillaracine.com\/index.php\/chambres-et-suites-hotel-la-villa-racine\/chambre-ambassadeur\/","og_locale":"fr_FR","og_type":"article","og_title":"Chambre ambassadeur","og_description":"Chambre Ambassadeur D\u00e9couvrez l\u2019\u00e9l\u00e9gance et le confort ultime dans notre Chambre Ambassadeur, con\u00e7ue pour les voyageurs en qu\u00eate d\u2019un s\u00e9jour luxueux et raffin\u00e9. Spacieuse et d\u00e9cor\u00e9e avec go\u00fbt, cette chambre allie modernit\u00e9 et charme traditionnel, refl\u00e9tant parfaitement l\u2019esprit chic de l\u2019H\u00f4tel La Villa Racine. La Chambre Ambassadeur vous offre un espace de repos d\u2019exception, avec un lit king-size, une salle de bain en marbre \u00e9quip\u00e9e d\u2019une douche \u00e0 effet pluie et d\u2019une baignoire relaxante, ainsi qu\u2019un coin salon o\u00f9 vous pourrez vous d\u00e9tendre ou travailler en toute s\u00e9r\u00e9nit\u00e9. Avec une vue imprenable sur la ville, un service de chambre disponible 24h\/24, et toutes les commodit\u00e9s n\u00e9cessaires (Wi-Fi haut d\u00e9bit, t\u00e9l\u00e9vision \u00e0 \u00e9cran plat, minibar), chaque d\u00e9tail a \u00e9t\u00e9 pens\u00e9 pour faire de votre s\u00e9jour une exp\u00e9rience unique et inoubliable. Que ce soit pour un voyage d\u2019affaires ou un s\u00e9jour romantique, la Chambre Ambassadeur saura r\u00e9pondre \u00e0 vos attentes les plus exigeantes. R\u00e9servez maintenant \u00c9quipements de la chambre Climatisation TV Internet haut d\u00e9bit (Wifi) Pantoufles S\u00e8che-cheveux Machine \u00e0 caf\u00e9 Coffre-fort Frigo bar","og_url":"https:\/\/www.lavillaracine.com\/index.php\/chambres-et-suites-hotel-la-villa-racine\/chambre-ambassadeur\/","og_site_name":"Boutique Hotel La Villa Racine","article_publisher":"https:\/\/www.facebook.com\/lavillaRacine","article_modified_time":"2025-03-18T10:08:03+00:00","og_image":[{"width":2560,"height":1706,"url":"https:\/\/www.lavillaracine.com\/wp-content\/uploads\/2024\/12\/hotel-la-villa-racine-chambres-ambassadeurs12-scaled.jpg","type":"image\/jpeg"}],"twitter_card":"summary_large_image","twitter_misc":{"Dur\u00e9e de lecture estim\u00e9e":"6 minutes"},"schema":{"@context":"https:\/\/schema.org","@graph":[{"@type":"WebPage","@id":"https:\/\/www.lavillaracine.com\/index.php\/chambres-et-suites-hotel-la-villa-racine\/chambre-ambassadeur\/","url":"https:\/\/www.lavillaracine.com\/index.php\/chambres-et-suites-hotel-la-villa-racine\/chambre-ambassadeur\/","name":"Chambre ambassadeur - Boutique Hotel La Villa Racine","isPartOf":{"@id":"https:\/\/www.lavillaracine.com\/#website"},"primaryImageOfPage":{"@id":"https:\/\/www.lavillaracine.com\/index.php\/chambres-et-suites-hotel-la-villa-racine\/chambre-ambassadeur\/#primaryimage"},"image":{"@id":"https:\/\/www.lavillaracine.com\/index.php\/chambres-et-suites-hotel-la-villa-racine\/chambre-ambassadeur\/#primaryimage"},"thumbnailUrl":"https:\/\/www.lavillaracine.com\/wp-content\/uploads\/2024\/12\/hotel-la-villa-racine-chambres-ambassadeurs12-scaled.jpg","datePublished":"2024-10-23T11:27:45+00:00","dateModified":"2025-03-18T10:08:03+00:00","breadcrumb":{"@id":"https:\/\/www.lavillaracine.com\/index.php\/chambres-et-suites-hotel-la-villa-racine\/chambre-ambassadeur\/#breadcrumb"},"inLanguage":"fr-FR","potentialAction":[{"@type":"ReadAction","target":["https:\/\/www.lavillaracine.com\/index.php\/chambres-et-suites-hotel-la-villa-racine\/chambre-ambassadeur\/"]}]},{"@type":"ImageObject","inLanguage":"fr-FR","@id":"https:\/\/www.lavillaracine.com\/index.php\/chambres-et-suites-hotel-la-villa-racine\/chambre-ambassadeur\/#primaryimage","url":"https:\/\/www.lavillaracine.com\/wp-content\/uploads\/2024\/12\/hotel-la-villa-racine-chambres-ambassadeurs12-scaled.jpg","contentUrl":"https:\/\/www.lavillaracine.com\/wp-content\/uploads\/2024\/12\/hotel-la-villa-racine-chambres-ambassadeurs12-scaled.jpg"},{"@type":"BreadcrumbList","@id":"https:\/\/www.lavillaracine.com\/index.php\/chambres-et-suites-hotel-la-villa-racine\/chambre-ambassadeur\/#breadcrumb","itemListElement":[{"@type":"ListItem","position":1,"name":"Home","item":"https:\/\/www.lavillaracine.com\/"},{"@type":"ListItem","position":2,"name":"Chambres et suites","item":"https:\/\/www.lavillaracine.com\/index.php\/chambres-et-suites-hotel-la-villa-racine\/"},{"@type":"ListItem","position":3,"name":"Chambre ambassadeur"}]},{"@type":"WebSite","@id":"https:\/\/www.lavillaracine.com\/#website","url":"https:\/\/www.lavillaracine.com\/","name":"Boutique Hotel La Villa Racine","description":"L&#039;hotel qui vous change de l&#039;hotel","publisher":{"@id":"https:\/\/www.lavillaracine.com\/#organization"},"alternateName":"Hotel la Villa Racine Dakar","potentialAction":[{"@type":"SearchAction","target":{"@type":"EntryPoint","urlTemplate":"https:\/\/www.lavillaracine.com\/?s={search_term_string}"},"query-input":{"@type":"PropertyValueSpecification","valueRequired":true,"valueName":"search_term_string"}}],"inLanguage":"fr-FR"},{"@type":"Organization","@id":"https:\/\/www.lavillaracine.com\/#organization","name":"Boutique Hotel La Villa Racine","alternateName":"Hotel La Villa Racine Dakar","url":"https:\/\/www.lavillaracine.com\/","logo":{"@type":"ImageObject","inLanguage":"fr-FR","@id":"https:\/\/www.lavillaracine.com\/#\/schema\/logo\/image\/","url":"https:\/\/www.lavillaracine.com\/wp-content\/uploads\/2021\/12\/LOGO-1.png","contentUrl":"https:\/\/www.lavillaracine.com\/wp-content\/uploads\/2021\/12\/LOGO-1.png","width":424,"height":996,"caption":"Boutique Hotel La Villa Racine"},"image":{"@id":"https:\/\/www.lavillaracine.com\/#\/schema\/logo\/image\/"},"sameAs":["https:\/\/www.facebook.com\/lavillaRacine","https:\/\/www.instagram.com\/hotel_lavillaracine\/"],"description":"Au c\u0153ur du Plateau, de ses quartiers d\u2019affaires, ses \u00e9tablissements financiers, ses commerces et ses sites culturels, Le Boutique Hotel La villa Racine boutique-h\u00f4tel 4 \u00e9toiles, offre un cadre mariant confort, \u00e9l\u00e9gance, et s\u00e9curit\u00e9, propice \u00e0 la d\u00e9tente, \u00e0 l\u2019intimit\u00e9, \u00e0 la r\u00e9flexion, \u00e0 la conversation et au travail. H\u00f4tel d\u2019affaires, La Villa Racine, ce sont aussi des salles polyvalentes pour des conf\u00e9rences, expositions, s\u00e9minaires ou autres c\u00e9r\u00e9monies.","email":"lavillaracine@lavillaracine.com","telephone":"+221 33 889 41 41","legalName":"Boutique Hotel La Villa Racine","numberOfEmployees":{"@type":"QuantitativeValue","minValue":"11","maxValue":"50"}}]}},"ticketed":false,"_links":{"self":[{"href":"https:\/\/www.lavillaracine.com\/index.php\/wp-json\/wp\/v2\/pages\/3251","targetHints":{"allow":["GET"]}}],"collection":[{"href":"https:\/\/www.lavillaracine.com\/index.php\/wp-json\/wp\/v2\/pages"}],"about":[{"href":"https:\/\/www.lavillaracine.com\/index.php\/wp-json\/wp\/v2\/types\/page"}],"author":[{"embeddable":true,"href":"https:\/\/www.lavillaracine.com\/index.php\/wp-json\/wp\/v2\/users\/1"}],"replies":[{"embeddable":true,"href":"https:\/\/www.lavillaracine.com\/index.php\/wp-json\/wp\/v2\/comments?post=3251"}],"version-history":[{"count":49,"href":"https:\/\/www.lavillaracine.com\/index.php\/wp-json\/wp\/v2\/pages\/3251\/revisions"}],"predecessor-version":[{"id":4905,"href":"https:\/\/www.lavillaracine.com\/index.php\/wp-json\/wp\/v2\/pages\/3251\/revisions\/4905"}],"up":[{"embeddable":true,"href":"https:\/\/www.lavillaracine.com\/index.php\/wp-json\/wp\/v2\/pages\/1032"}],"wp:attachment":[{"href":"https:\/\/www.lavillaracine.com\/index.php\/wp-json\/wp\/v2\/media?parent=3251"}],"curies":[{"name":"wp","href":"https:\/\/api.w.org\/{rel}","templated":true}]}}