{"id":3250,"date":"2024-10-23T13:26:29","date_gmt":"2024-10-23T11:26:29","guid":{"rendered":"https:\/\/www.lavillaracine.com\/?page_id=3250"},"modified":"2025-03-18T11:07:52","modified_gmt":"2025-03-18T10:07:52","slug":"chambre-business","status":"publish","type":"page","link":"https:\/\/www.lavillaracine.com\/index.php\/chambres-et-suites-hotel-la-villa-racine\/chambre-business\/","title":{"rendered":"Chambre business"},"content":{"rendered":"\t\t<div data-elementor-type=\"wp-page\" data-elementor-id=\"3250\" class=\"elementor elementor-3250\" data-elementor-post-type=\"page\">\n\t\t\t\t\t\t<section class=\"elementor-section elementor-top-section elementor-element elementor-element-25809cb7 elementor-section-stretched elementor-section-boxed elementor-section-height-default elementor-section-height-default wpr-particle-no wpr-jarallax-no wpr-parallax-no wpr-sticky-section-no\" data-id=\"25809cb7\" data-element_type=\"section\" data-settings=\"{&quot;stretch_section&quot;:&quot;section-stretched&quot;,&quot;background_background&quot;:&quot;classic&quot;}\">\n\t\t\t\t\t\t\t<div class=\"elementor-background-overlay\"><\/div>\n\t\t\t\t\t\t\t<div class=\"elementor-container elementor-column-gap-default\">\n\t\t\t\t\t<div class=\"elementor-column elementor-col-100 elementor-top-column elementor-element elementor-element-1ab43a26\" data-id=\"1ab43a26\" data-element_type=\"column\">\n\t\t\t<div class=\"elementor-widget-wrap elementor-element-populated\">\n\t\t\t\t\t\t<div class=\"elementor-element elementor-element-20b815cc elementor-widget elementor-widget-spacer\" data-id=\"20b815cc\" data-element_type=\"widget\" data-widget_type=\"spacer.default\">\n\t\t\t\t<div class=\"elementor-widget-container\">\n\t\t\t\t\t\t\t<div class=\"elementor-spacer\">\n\t\t\t<div class=\"elementor-spacer-inner\"><\/div>\n\t\t<\/div>\n\t\t\t\t\t\t<\/div>\n\t\t\t\t<\/div>\n\t\t\t\t<div class=\"elementor-element elementor-element-757259a elementor-widget elementor-widget-cs_title\" data-id=\"757259a\" data-element_type=\"widget\" data-widget_type=\"cs_title.default\">\n\t\t\t\t<div class=\"elementor-widget-container\">\n\t\t\t\t\t\n        <div class=\"cs-title-wrap text-center\">\t            <h2 class=\"cs-title\">\n\t                Chambre Business\t            <\/h2>        <\/div>\t\t\t\t<\/div>\n\t\t\t\t<\/div>\n\t\t\t\t<div class=\"elementor-element elementor-element-32b3a26 elementor-widget elementor-widget-spacer\" data-id=\"32b3a26\" data-element_type=\"widget\" data-widget_type=\"spacer.default\">\n\t\t\t\t<div class=\"elementor-widget-container\">\n\t\t\t\t\t\t\t<div class=\"elementor-spacer\">\n\t\t\t<div class=\"elementor-spacer-inner\"><\/div>\n\t\t<\/div>\n\t\t\t\t\t\t<\/div>\n\t\t\t\t<\/div>\n\t\t\t\t\t<\/div>\n\t\t<\/div>\n\t\t\t\t\t<\/div>\n\t\t<\/section>\n\t\t\t\t<section class=\"elementor-section elementor-top-section elementor-element elementor-element-55c275d elementor-section-full_width elementor-section-stretched elementor-section-height-default elementor-section-height-default wpr-particle-no wpr-jarallax-no wpr-parallax-no wpr-sticky-section-no\" data-id=\"55c275d\" data-element_type=\"section\" data-settings=\"{&quot;stretch_section&quot;:&quot;section-stretched&quot;}\">\n\t\t\t\t\t\t<div class=\"elementor-container elementor-column-gap-default\">\n\t\t\t\t\t<div class=\"elementor-column elementor-col-33 elementor-top-column elementor-element elementor-element-152a970\" data-id=\"152a970\" data-element_type=\"column\">\n\t\t\t<div class=\"elementor-widget-wrap elementor-element-populated\">\n\t\t\t\t\t\t<div class=\"elementor-element elementor-element-663cec51 elementor-widget__width-initial elementor-widget elementor-widget-text-editor\" data-id=\"663cec51\" data-element_type=\"widget\" data-widget_type=\"text-editor.default\">\n\t\t\t\t<div class=\"elementor-widget-container\">\n\t\t\t\t\t\t\t\t\t<p>Confort et Efficacit\u00e9 au Boutique Hotel de la Villa Racine\u00a0<\/p><p>Au Boutique H\u00f4tel de la Villa Racine, nous savons que les voyageurs d&rsquo;affaires ont des besoins sp\u00e9cifiques en mati\u00e8re de confort et de productivit\u00e9. C\u2019est pourquoi nous avons cr\u00e9\u00e9 notre Chambre Business, un espace con\u00e7u pour allier l\u2019efficacit\u00e9 professionnelle au luxe et au confort.<\/p><p>Un Espace Optimis\u00e9 pour le Travail \u00c9quipements Modernes : Notre Chambre Business est \u00e9quip\u00e9e de tout le n\u00e9cessaire pour vos r\u00e9unions et t\u00e2ches professionnelles. Profitez d\u2019un bureau spacieux avec une chaise ergonomique, une connexion Wi-Fi haut d\u00e9bit gratuite et un \u00e9cran plat avec acc\u00e8s aux cha\u00eenes d&rsquo;information et aux services de streaming.<\/p><p>Ambiance Inspirante : L\u2019environnement de la Chambre Business est con\u00e7u pour stimuler votre concentration et cr\u00e9ativit\u00e9. Avec une d\u00e9coration \u00e9l\u00e9gante et une luminosit\u00e9 naturelle optimale, vous b\u00e9n\u00e9ficierez d\u2019un cadre apaisant qui favorise une atmosph\u00e8re de travail agr\u00e9able.<\/p>\t\t\t\t\t\t\t\t<\/div>\n\t\t\t\t<\/div>\n\t\t\t\t<div class=\"elementor-element elementor-element-ef55873 elementor-align-center elementor-widget elementor-widget-button\" data-id=\"ef55873\" data-element_type=\"widget\" data-widget_type=\"button.default\">\n\t\t\t\t<div class=\"elementor-widget-container\">\n\t\t\t\t\t\t\t\t\t<div class=\"elementor-button-wrapper\">\n\t\t\t\t\t<a class=\"elementor-button elementor-button-link elementor-size-sm\" href=\"https:\/\/www.secure-hotel-booking.com\/smart\/Hotel-Villa-Racine\/JHPZ\/fr-FR\/\">\n\t\t\t\t\t\t<span class=\"elementor-button-content-wrapper\">\n\t\t\t\t\t\t\t\t\t<span class=\"elementor-button-text\">R\u00e9servez maintenant <\/span>\n\t\t\t\t\t<\/span>\n\t\t\t\t\t<\/a>\n\t\t\t\t<\/div>\n\t\t\t\t\t\t\t\t<\/div>\n\t\t\t\t<\/div>\n\t\t\t\t\t<\/div>\n\t\t<\/div>\n\t\t\t\t<div class=\"elementor-column elementor-col-66 elementor-top-column elementor-element elementor-element-f6df558\" data-id=\"f6df558\" data-element_type=\"column\">\n\t\t\t<div class=\"elementor-widget-wrap elementor-element-populated\">\n\t\t\t\t\t\t<div class=\"elementor-element elementor-element-aa59bb1 elementor-widget elementor-widget-cs_gallery\" data-id=\"aa59bb1\" data-element_type=\"widget\" data-widget_type=\"cs_gallery.default\">\n\t\t\t\t<div class=\"elementor-widget-container\">\n\t\t\t\t\t\n            <div class=\"cs-gallery gap-2 gallery-carousel slider-dots-overlap align-middle-v\" data-column=\"1\" data-fade=\"on\" data-autoplay=\"on\" data-autoplay-speed=\"4000\" data-show-arrows=\"\" data-show-dots=\"on\" data-variable-width=\"\" data-overflow-style=\"\" data-center-mode=\"on\">\n                <div class=\"cs-gallery-wrap\">                    <div class=\"cs-gallery-item\">                            <a href=\"https:\/\/www.lavillaracine.com\/wp-content\/uploads\/2024\/10\/hotel-la-villa-racine-chambre-business3-scaled.jpg\" data-elementor-open-lightbox=\"yes\" data-elementor-lightbox-slideshow=\"aa59bb1\" data-elementor-lightbox-title=\"hotel la villa racine chambre business3\" data-e-action-hash=\"#elementor-action%3Aaction%3Dlightbox%26settings%3DeyJpZCI6MzU1OCwidXJsIjoiaHR0cHM6XC9cL3d3dy5sYXZpbGxhcmFjaW5lLmNvbVwvd3AtY29udGVudFwvdXBsb2Fkc1wvMjAyNFwvMTBcL2hvdGVsLWxhLXZpbGxhLXJhY2luZS1jaGFtYnJlLWJ1c2luZXNzMy1zY2FsZWQuanBnIiwic2xpZGVzaG93IjoiYWE1OWJiMSJ9\"><img fetchpriority=\"high\" decoding=\"async\" width=\"2560\" height=\"1706\" src=\"https:\/\/www.lavillaracine.com\/wp-content\/uploads\/2024\/10\/hotel-la-villa-racine-chambre-business3-scaled.jpg\" class=\"attachment-full size-full wp-image-3558\" alt=\"\" srcset=\"https:\/\/www.lavillaracine.com\/wp-content\/uploads\/2024\/10\/hotel-la-villa-racine-chambre-business3-scaled.jpg 2560w, https:\/\/www.lavillaracine.com\/wp-content\/uploads\/2024\/10\/hotel-la-villa-racine-chambre-business3-300x200.jpg 300w, https:\/\/www.lavillaracine.com\/wp-content\/uploads\/2024\/10\/hotel-la-villa-racine-chambre-business3-1024x683.jpg 1024w, https:\/\/www.lavillaracine.com\/wp-content\/uploads\/2024\/10\/hotel-la-villa-racine-chambre-business3-768x512.jpg 768w, https:\/\/www.lavillaracine.com\/wp-content\/uploads\/2024\/10\/hotel-la-villa-racine-chambre-business3-1536x1024.jpg 1536w, https:\/\/www.lavillaracine.com\/wp-content\/uploads\/2024\/10\/hotel-la-villa-racine-chambre-business3-2048x1365.jpg 2048w, https:\/\/www.lavillaracine.com\/wp-content\/uploads\/2024\/10\/hotel-la-villa-racine-chambre-business3-1920x1280.jpg 1920w, https:\/\/www.lavillaracine.com\/wp-content\/uploads\/2024\/10\/hotel-la-villa-racine-chambre-business3-1440x960.jpg 1440w, https:\/\/www.lavillaracine.com\/wp-content\/uploads\/2024\/10\/hotel-la-villa-racine-chambre-business3-1200x800.jpg 1200w, https:\/\/www.lavillaracine.com\/wp-content\/uploads\/2024\/10\/hotel-la-villa-racine-chambre-business3-780x520.jpg 780w, https:\/\/www.lavillaracine.com\/wp-content\/uploads\/2024\/10\/hotel-la-villa-racine-chambre-business3-600x400.jpg 600w, https:\/\/www.lavillaracine.com\/wp-content\/uploads\/2024\/10\/hotel-la-villa-racine-chambre-business3-550x367.jpg 550w, https:\/\/www.lavillaracine.com\/wp-content\/uploads\/2024\/10\/hotel-la-villa-racine-chambre-business3-370x247.jpg 370w, https:\/\/www.lavillaracine.com\/wp-content\/uploads\/2024\/10\/hotel-la-villa-racine-chambre-business3-255x170.jpg 255w, https:\/\/www.lavillaracine.com\/wp-content\/uploads\/2024\/10\/hotel-la-villa-racine-chambre-business3-150x100.jpg 150w\" sizes=\"(max-width: 2560px) 100vw, 2560px\" \/><\/a>                    <\/div>                    <div class=\"cs-gallery-item\">                            <a href=\"https:\/\/www.lavillaracine.com\/wp-content\/uploads\/2024\/10\/hotel-la-villa-racine-chambre-business4-scaled.jpg\" data-elementor-open-lightbox=\"yes\" data-elementor-lightbox-slideshow=\"aa59bb1\" data-elementor-lightbox-title=\"hotel la villa racine chambre business4\" data-e-action-hash=\"#elementor-action%3Aaction%3Dlightbox%26settings%3DeyJpZCI6MzU1OSwidXJsIjoiaHR0cHM6XC9cL3d3dy5sYXZpbGxhcmFjaW5lLmNvbVwvd3AtY29udGVudFwvdXBsb2Fkc1wvMjAyNFwvMTBcL2hvdGVsLWxhLXZpbGxhLXJhY2luZS1jaGFtYnJlLWJ1c2luZXNzNC1zY2FsZWQuanBnIiwic2xpZGVzaG93IjoiYWE1OWJiMSJ9\"><img decoding=\"async\" width=\"2560\" height=\"1706\" src=\"https:\/\/www.lavillaracine.com\/wp-content\/uploads\/2024\/10\/hotel-la-villa-racine-chambre-business4-scaled.jpg\" class=\"attachment-full size-full wp-image-3559\" alt=\"\" srcset=\"https:\/\/www.lavillaracine.com\/wp-content\/uploads\/2024\/10\/hotel-la-villa-racine-chambre-business4-scaled.jpg 2560w, https:\/\/www.lavillaracine.com\/wp-content\/uploads\/2024\/10\/hotel-la-villa-racine-chambre-business4-300x200.jpg 300w, https:\/\/www.lavillaracine.com\/wp-content\/uploads\/2024\/10\/hotel-la-villa-racine-chambre-business4-1024x683.jpg 1024w, https:\/\/www.lavillaracine.com\/wp-content\/uploads\/2024\/10\/hotel-la-villa-racine-chambre-business4-768x512.jpg 768w, https:\/\/www.lavillaracine.com\/wp-content\/uploads\/2024\/10\/hotel-la-villa-racine-chambre-business4-1536x1024.jpg 1536w, https:\/\/www.lavillaracine.com\/wp-content\/uploads\/2024\/10\/hotel-la-villa-racine-chambre-business4-2048x1365.jpg 2048w, https:\/\/www.lavillaracine.com\/wp-content\/uploads\/2024\/10\/hotel-la-villa-racine-chambre-business4-1920x1280.jpg 1920w, https:\/\/www.lavillaracine.com\/wp-content\/uploads\/2024\/10\/hotel-la-villa-racine-chambre-business4-1440x960.jpg 1440w, https:\/\/www.lavillaracine.com\/wp-content\/uploads\/2024\/10\/hotel-la-villa-racine-chambre-business4-1200x800.jpg 1200w, https:\/\/www.lavillaracine.com\/wp-content\/uploads\/2024\/10\/hotel-la-villa-racine-chambre-business4-780x520.jpg 780w, https:\/\/www.lavillaracine.com\/wp-content\/uploads\/2024\/10\/hotel-la-villa-racine-chambre-business4-600x400.jpg 600w, https:\/\/www.lavillaracine.com\/wp-content\/uploads\/2024\/10\/hotel-la-villa-racine-chambre-business4-550x367.jpg 550w, https:\/\/www.lavillaracine.com\/wp-content\/uploads\/2024\/10\/hotel-la-villa-racine-chambre-business4-370x247.jpg 370w, https:\/\/www.lavillaracine.com\/wp-content\/uploads\/2024\/10\/hotel-la-villa-racine-chambre-business4-255x170.jpg 255w, https:\/\/www.lavillaracine.com\/wp-content\/uploads\/2024\/10\/hotel-la-villa-racine-chambre-business4-150x100.jpg 150w\" sizes=\"(max-width: 2560px) 100vw, 2560px\" \/><\/a>                    <\/div>                    <div class=\"cs-gallery-item\">                            <a href=\"https:\/\/www.lavillaracine.com\/wp-content\/uploads\/2024\/10\/hotel-la-villa-racine-chambre-business8-scaled.jpg\" data-elementor-open-lightbox=\"yes\" data-elementor-lightbox-slideshow=\"aa59bb1\" data-elementor-lightbox-title=\"hotel la villa racine chambre business8\" data-e-action-hash=\"#elementor-action%3Aaction%3Dlightbox%26settings%3DeyJpZCI6MzU2MywidXJsIjoiaHR0cHM6XC9cL3d3dy5sYXZpbGxhcmFjaW5lLmNvbVwvd3AtY29udGVudFwvdXBsb2Fkc1wvMjAyNFwvMTBcL2hvdGVsLWxhLXZpbGxhLXJhY2luZS1jaGFtYnJlLWJ1c2luZXNzOC1zY2FsZWQuanBnIiwic2xpZGVzaG93IjoiYWE1OWJiMSJ9\"><img decoding=\"async\" width=\"2560\" height=\"1722\" src=\"https:\/\/www.lavillaracine.com\/wp-content\/uploads\/2024\/10\/hotel-la-villa-racine-chambre-business8-scaled.jpg\" class=\"attachment-full size-full wp-image-3563\" alt=\"\" srcset=\"https:\/\/www.lavillaracine.com\/wp-content\/uploads\/2024\/10\/hotel-la-villa-racine-chambre-business8-scaled.jpg 2560w, https:\/\/www.lavillaracine.com\/wp-content\/uploads\/2024\/10\/hotel-la-villa-racine-chambre-business8-300x202.jpg 300w, https:\/\/www.lavillaracine.com\/wp-content\/uploads\/2024\/10\/hotel-la-villa-racine-chambre-business8-1024x689.jpg 1024w, https:\/\/www.lavillaracine.com\/wp-content\/uploads\/2024\/10\/hotel-la-villa-racine-chambre-business8-768x517.jpg 768w, https:\/\/www.lavillaracine.com\/wp-content\/uploads\/2024\/10\/hotel-la-villa-racine-chambre-business8-1536x1033.jpg 1536w, https:\/\/www.lavillaracine.com\/wp-content\/uploads\/2024\/10\/hotel-la-villa-racine-chambre-business8-2048x1378.jpg 2048w, https:\/\/www.lavillaracine.com\/wp-content\/uploads\/2024\/10\/hotel-la-villa-racine-chambre-business8-1920x1292.jpg 1920w, https:\/\/www.lavillaracine.com\/wp-content\/uploads\/2024\/10\/hotel-la-villa-racine-chambre-business8-1440x969.jpg 1440w, https:\/\/www.lavillaracine.com\/wp-content\/uploads\/2024\/10\/hotel-la-villa-racine-chambre-business8-1200x807.jpg 1200w, https:\/\/www.lavillaracine.com\/wp-content\/uploads\/2024\/10\/hotel-la-villa-racine-chambre-business8-780x525.jpg 780w, https:\/\/www.lavillaracine.com\/wp-content\/uploads\/2024\/10\/hotel-la-villa-racine-chambre-business8-600x404.jpg 600w, https:\/\/www.lavillaracine.com\/wp-content\/uploads\/2024\/10\/hotel-la-villa-racine-chambre-business8-550x370.jpg 550w, https:\/\/www.lavillaracine.com\/wp-content\/uploads\/2024\/10\/hotel-la-villa-racine-chambre-business8-370x249.jpg 370w, https:\/\/www.lavillaracine.com\/wp-content\/uploads\/2024\/10\/hotel-la-villa-racine-chambre-business8-255x172.jpg 255w, https:\/\/www.lavillaracine.com\/wp-content\/uploads\/2024\/10\/hotel-la-villa-racine-chambre-business8-150x101.jpg 150w\" sizes=\"(max-width: 2560px) 100vw, 2560px\" \/><\/a>                    <\/div>                    <div class=\"cs-gallery-item\">                            <a href=\"https:\/\/www.lavillaracine.com\/wp-content\/uploads\/2024\/10\/hotel-la-villa-racine-chambre-business6-scaled.jpg\" data-elementor-open-lightbox=\"yes\" data-elementor-lightbox-slideshow=\"aa59bb1\" data-elementor-lightbox-title=\"hotel la villa racine chambre business6\" data-e-action-hash=\"#elementor-action%3Aaction%3Dlightbox%26settings%3DeyJpZCI6MzU2MSwidXJsIjoiaHR0cHM6XC9cL3d3dy5sYXZpbGxhcmFjaW5lLmNvbVwvd3AtY29udGVudFwvdXBsb2Fkc1wvMjAyNFwvMTBcL2hvdGVsLWxhLXZpbGxhLXJhY2luZS1jaGFtYnJlLWJ1c2luZXNzNi1zY2FsZWQuanBnIiwic2xpZGVzaG93IjoiYWE1OWJiMSJ9\"><img loading=\"lazy\" decoding=\"async\" width=\"2560\" height=\"1706\" src=\"https:\/\/www.lavillaracine.com\/wp-content\/uploads\/2024\/10\/hotel-la-villa-racine-chambre-business6-scaled.jpg\" class=\"attachment-full size-full wp-image-3561\" alt=\"\" srcset=\"https:\/\/www.lavillaracine.com\/wp-content\/uploads\/2024\/10\/hotel-la-villa-racine-chambre-business6-scaled.jpg 2560w, https:\/\/www.lavillaracine.com\/wp-content\/uploads\/2024\/10\/hotel-la-villa-racine-chambre-business6-300x200.jpg 300w, https:\/\/www.lavillaracine.com\/wp-content\/uploads\/2024\/10\/hotel-la-villa-racine-chambre-business6-1024x683.jpg 1024w, https:\/\/www.lavillaracine.com\/wp-content\/uploads\/2024\/10\/hotel-la-villa-racine-chambre-business6-768x512.jpg 768w, https:\/\/www.lavillaracine.com\/wp-content\/uploads\/2024\/10\/hotel-la-villa-racine-chambre-business6-1536x1024.jpg 1536w, https:\/\/www.lavillaracine.com\/wp-content\/uploads\/2024\/10\/hotel-la-villa-racine-chambre-business6-2048x1365.jpg 2048w, https:\/\/www.lavillaracine.com\/wp-content\/uploads\/2024\/10\/hotel-la-villa-racine-chambre-business6-1920x1280.jpg 1920w, https:\/\/www.lavillaracine.com\/wp-content\/uploads\/2024\/10\/hotel-la-villa-racine-chambre-business6-1440x960.jpg 1440w, https:\/\/www.lavillaracine.com\/wp-content\/uploads\/2024\/10\/hotel-la-villa-racine-chambre-business6-1200x800.jpg 1200w, https:\/\/www.lavillaracine.com\/wp-content\/uploads\/2024\/10\/hotel-la-villa-racine-chambre-business6-780x520.jpg 780w, https:\/\/www.lavillaracine.com\/wp-content\/uploads\/2024\/10\/hotel-la-villa-racine-chambre-business6-600x400.jpg 600w, https:\/\/www.lavillaracine.com\/wp-content\/uploads\/2024\/10\/hotel-la-villa-racine-chambre-business6-550x367.jpg 550w, https:\/\/www.lavillaracine.com\/wp-content\/uploads\/2024\/10\/hotel-la-villa-racine-chambre-business6-370x247.jpg 370w, https:\/\/www.lavillaracine.com\/wp-content\/uploads\/2024\/10\/hotel-la-villa-racine-chambre-business6-255x170.jpg 255w, https:\/\/www.lavillaracine.com\/wp-content\/uploads\/2024\/10\/hotel-la-villa-racine-chambre-business6-150x100.jpg 150w\" sizes=\"(max-width: 2560px) 100vw, 2560px\" \/><\/a>                    <\/div>                    <div class=\"cs-gallery-item\">                            <a href=\"https:\/\/www.lavillaracine.com\/wp-content\/uploads\/2024\/10\/hotel-la-villa-racine-chambre-business2-scaled.jpg\" data-elementor-open-lightbox=\"yes\" data-elementor-lightbox-slideshow=\"aa59bb1\" data-elementor-lightbox-title=\"hotel la villa racine chambre business2\" data-e-action-hash=\"#elementor-action%3Aaction%3Dlightbox%26settings%3DeyJpZCI6MzU1NywidXJsIjoiaHR0cHM6XC9cL3d3dy5sYXZpbGxhcmFjaW5lLmNvbVwvd3AtY29udGVudFwvdXBsb2Fkc1wvMjAyNFwvMTBcL2hvdGVsLWxhLXZpbGxhLXJhY2luZS1jaGFtYnJlLWJ1c2luZXNzMi1zY2FsZWQuanBnIiwic2xpZGVzaG93IjoiYWE1OWJiMSJ9\"><img loading=\"lazy\" decoding=\"async\" width=\"2560\" height=\"1706\" src=\"https:\/\/www.lavillaracine.com\/wp-content\/uploads\/2024\/10\/hotel-la-villa-racine-chambre-business2-scaled.jpg\" class=\"attachment-full size-full wp-image-3557\" alt=\"\" srcset=\"https:\/\/www.lavillaracine.com\/wp-content\/uploads\/2024\/10\/hotel-la-villa-racine-chambre-business2-scaled.jpg 2560w, https:\/\/www.lavillaracine.com\/wp-content\/uploads\/2024\/10\/hotel-la-villa-racine-chambre-business2-300x200.jpg 300w, https:\/\/www.lavillaracine.com\/wp-content\/uploads\/2024\/10\/hotel-la-villa-racine-chambre-business2-1024x683.jpg 1024w, https:\/\/www.lavillaracine.com\/wp-content\/uploads\/2024\/10\/hotel-la-villa-racine-chambre-business2-768x512.jpg 768w, https:\/\/www.lavillaracine.com\/wp-content\/uploads\/2024\/10\/hotel-la-villa-racine-chambre-business2-1536x1024.jpg 1536w, https:\/\/www.lavillaracine.com\/wp-content\/uploads\/2024\/10\/hotel-la-villa-racine-chambre-business2-2048x1365.jpg 2048w, https:\/\/www.lavillaracine.com\/wp-content\/uploads\/2024\/10\/hotel-la-villa-racine-chambre-business2-1920x1280.jpg 1920w, https:\/\/www.lavillaracine.com\/wp-content\/uploads\/2024\/10\/hotel-la-villa-racine-chambre-business2-1440x960.jpg 1440w, https:\/\/www.lavillaracine.com\/wp-content\/uploads\/2024\/10\/hotel-la-villa-racine-chambre-business2-1200x800.jpg 1200w, https:\/\/www.lavillaracine.com\/wp-content\/uploads\/2024\/10\/hotel-la-villa-racine-chambre-business2-780x520.jpg 780w, https:\/\/www.lavillaracine.com\/wp-content\/uploads\/2024\/10\/hotel-la-villa-racine-chambre-business2-600x400.jpg 600w, https:\/\/www.lavillaracine.com\/wp-content\/uploads\/2024\/10\/hotel-la-villa-racine-chambre-business2-550x367.jpg 550w, https:\/\/www.lavillaracine.com\/wp-content\/uploads\/2024\/10\/hotel-la-villa-racine-chambre-business2-370x247.jpg 370w, https:\/\/www.lavillaracine.com\/wp-content\/uploads\/2024\/10\/hotel-la-villa-racine-chambre-business2-255x170.jpg 255w, https:\/\/www.lavillaracine.com\/wp-content\/uploads\/2024\/10\/hotel-la-villa-racine-chambre-business2-150x100.jpg 150w\" sizes=\"(max-width: 2560px) 100vw, 2560px\" \/><\/a>                    <\/div>                    <div class=\"cs-gallery-item\">                            <a href=\"https:\/\/www.lavillaracine.com\/wp-content\/uploads\/2024\/10\/hotel-la-villa-racine-chambre-business5-scaled.jpg\" data-elementor-open-lightbox=\"yes\" data-elementor-lightbox-slideshow=\"aa59bb1\" data-elementor-lightbox-title=\"hotel la villa racine chambre business5\" data-e-action-hash=\"#elementor-action%3Aaction%3Dlightbox%26settings%3DeyJpZCI6MzU2MCwidXJsIjoiaHR0cHM6XC9cL3d3dy5sYXZpbGxhcmFjaW5lLmNvbVwvd3AtY29udGVudFwvdXBsb2Fkc1wvMjAyNFwvMTBcL2hvdGVsLWxhLXZpbGxhLXJhY2luZS1jaGFtYnJlLWJ1c2luZXNzNS1zY2FsZWQuanBnIiwic2xpZGVzaG93IjoiYWE1OWJiMSJ9\"><img loading=\"lazy\" decoding=\"async\" width=\"2560\" height=\"1706\" src=\"https:\/\/www.lavillaracine.com\/wp-content\/uploads\/2024\/10\/hotel-la-villa-racine-chambre-business5-scaled.jpg\" class=\"attachment-full size-full wp-image-3560\" alt=\"\" srcset=\"https:\/\/www.lavillaracine.com\/wp-content\/uploads\/2024\/10\/hotel-la-villa-racine-chambre-business5-scaled.jpg 2560w, https:\/\/www.lavillaracine.com\/wp-content\/uploads\/2024\/10\/hotel-la-villa-racine-chambre-business5-300x200.jpg 300w, https:\/\/www.lavillaracine.com\/wp-content\/uploads\/2024\/10\/hotel-la-villa-racine-chambre-business5-1024x683.jpg 1024w, https:\/\/www.lavillaracine.com\/wp-content\/uploads\/2024\/10\/hotel-la-villa-racine-chambre-business5-768x512.jpg 768w, https:\/\/www.lavillaracine.com\/wp-content\/uploads\/2024\/10\/hotel-la-villa-racine-chambre-business5-1536x1024.jpg 1536w, https:\/\/www.lavillaracine.com\/wp-content\/uploads\/2024\/10\/hotel-la-villa-racine-chambre-business5-2048x1365.jpg 2048w, https:\/\/www.lavillaracine.com\/wp-content\/uploads\/2024\/10\/hotel-la-villa-racine-chambre-business5-1920x1280.jpg 1920w, https:\/\/www.lavillaracine.com\/wp-content\/uploads\/2024\/10\/hotel-la-villa-racine-chambre-business5-1440x960.jpg 1440w, https:\/\/www.lavillaracine.com\/wp-content\/uploads\/2024\/10\/hotel-la-villa-racine-chambre-business5-1200x800.jpg 1200w, https:\/\/www.lavillaracine.com\/wp-content\/uploads\/2024\/10\/hotel-la-villa-racine-chambre-business5-780x520.jpg 780w, https:\/\/www.lavillaracine.com\/wp-content\/uploads\/2024\/10\/hotel-la-villa-racine-chambre-business5-600x400.jpg 600w, https:\/\/www.lavillaracine.com\/wp-content\/uploads\/2024\/10\/hotel-la-villa-racine-chambre-business5-550x367.jpg 550w, https:\/\/www.lavillaracine.com\/wp-content\/uploads\/2024\/10\/hotel-la-villa-racine-chambre-business5-370x247.jpg 370w, https:\/\/www.lavillaracine.com\/wp-content\/uploads\/2024\/10\/hotel-la-villa-racine-chambre-business5-255x170.jpg 255w, https:\/\/www.lavillaracine.com\/wp-content\/uploads\/2024\/10\/hotel-la-villa-racine-chambre-business5-150x100.jpg 150w\" sizes=\"(max-width: 2560px) 100vw, 2560px\" \/><\/a>                    <\/div>                    <div class=\"cs-gallery-item\">                            <a href=\"https:\/\/www.lavillaracine.com\/wp-content\/uploads\/2024\/12\/hotel-la-villa-racine-chambre-business17-scaled.jpg\" data-elementor-open-lightbox=\"yes\" data-elementor-lightbox-slideshow=\"aa59bb1\" data-elementor-lightbox-title=\"hotel la villa racine chambre business17\" data-e-action-hash=\"#elementor-action%3Aaction%3Dlightbox%26settings%3DeyJpZCI6NDc5OSwidXJsIjoiaHR0cHM6XC9cL3d3dy5sYXZpbGxhcmFjaW5lLmNvbVwvd3AtY29udGVudFwvdXBsb2Fkc1wvMjAyNFwvMTJcL2hvdGVsLWxhLXZpbGxhLXJhY2luZS1jaGFtYnJlLWJ1c2luZXNzMTctc2NhbGVkLmpwZyIsInNsaWRlc2hvdyI6ImFhNTliYjEifQ%3D%3D\"><img loading=\"lazy\" decoding=\"async\" width=\"2560\" height=\"1706\" src=\"https:\/\/www.lavillaracine.com\/wp-content\/uploads\/2024\/12\/hotel-la-villa-racine-chambre-business17-scaled.jpg\" class=\"attachment-full size-full wp-image-4799\" alt=\"\" srcset=\"https:\/\/www.lavillaracine.com\/wp-content\/uploads\/2024\/12\/hotel-la-villa-racine-chambre-business17-scaled.jpg 2560w, https:\/\/www.lavillaracine.com\/wp-content\/uploads\/2024\/12\/hotel-la-villa-racine-chambre-business17-300x200.jpg 300w, https:\/\/www.lavillaracine.com\/wp-content\/uploads\/2024\/12\/hotel-la-villa-racine-chambre-business17-1024x683.jpg 1024w, https:\/\/www.lavillaracine.com\/wp-content\/uploads\/2024\/12\/hotel-la-villa-racine-chambre-business17-768x512.jpg 768w, https:\/\/www.lavillaracine.com\/wp-content\/uploads\/2024\/12\/hotel-la-villa-racine-chambre-business17-1536x1024.jpg 1536w, https:\/\/www.lavillaracine.com\/wp-content\/uploads\/2024\/12\/hotel-la-villa-racine-chambre-business17-2048x1365.jpg 2048w, https:\/\/www.lavillaracine.com\/wp-content\/uploads\/2024\/12\/hotel-la-villa-racine-chambre-business17-1920x1280.jpg 1920w, https:\/\/www.lavillaracine.com\/wp-content\/uploads\/2024\/12\/hotel-la-villa-racine-chambre-business17-1440x960.jpg 1440w, https:\/\/www.lavillaracine.com\/wp-content\/uploads\/2024\/12\/hotel-la-villa-racine-chambre-business17-1200x800.jpg 1200w, https:\/\/www.lavillaracine.com\/wp-content\/uploads\/2024\/12\/hotel-la-villa-racine-chambre-business17-780x520.jpg 780w, https:\/\/www.lavillaracine.com\/wp-content\/uploads\/2024\/12\/hotel-la-villa-racine-chambre-business17-600x400.jpg 600w, https:\/\/www.lavillaracine.com\/wp-content\/uploads\/2024\/12\/hotel-la-villa-racine-chambre-business17-550x367.jpg 550w, https:\/\/www.lavillaracine.com\/wp-content\/uploads\/2024\/12\/hotel-la-villa-racine-chambre-business17-370x247.jpg 370w, https:\/\/www.lavillaracine.com\/wp-content\/uploads\/2024\/12\/hotel-la-villa-racine-chambre-business17-255x170.jpg 255w, https:\/\/www.lavillaracine.com\/wp-content\/uploads\/2024\/12\/hotel-la-villa-racine-chambre-business17-150x100.jpg 150w\" sizes=\"(max-width: 2560px) 100vw, 2560px\" \/><\/a>                    <\/div>                    <div class=\"cs-gallery-item\">                            <a href=\"https:\/\/www.lavillaracine.com\/wp-content\/uploads\/2024\/12\/hotel-la-villa-racine-chambre-business11-scaled.jpg\" data-elementor-open-lightbox=\"yes\" data-elementor-lightbox-slideshow=\"aa59bb1\" data-elementor-lightbox-title=\"hotel la villa racine chambre business11\" data-e-action-hash=\"#elementor-action%3Aaction%3Dlightbox%26settings%3DeyJpZCI6NDgwMywidXJsIjoiaHR0cHM6XC9cL3d3dy5sYXZpbGxhcmFjaW5lLmNvbVwvd3AtY29udGVudFwvdXBsb2Fkc1wvMjAyNFwvMTJcL2hvdGVsLWxhLXZpbGxhLXJhY2luZS1jaGFtYnJlLWJ1c2luZXNzMTEtc2NhbGVkLmpwZyIsInNsaWRlc2hvdyI6ImFhNTliYjEifQ%3D%3D\"><img loading=\"lazy\" decoding=\"async\" width=\"2560\" height=\"1706\" src=\"https:\/\/www.lavillaracine.com\/wp-content\/uploads\/2024\/12\/hotel-la-villa-racine-chambre-business11-scaled.jpg\" class=\"attachment-full size-full wp-image-4803\" alt=\"\" srcset=\"https:\/\/www.lavillaracine.com\/wp-content\/uploads\/2024\/12\/hotel-la-villa-racine-chambre-business11-scaled.jpg 2560w, https:\/\/www.lavillaracine.com\/wp-content\/uploads\/2024\/12\/hotel-la-villa-racine-chambre-business11-300x200.jpg 300w, https:\/\/www.lavillaracine.com\/wp-content\/uploads\/2024\/12\/hotel-la-villa-racine-chambre-business11-1024x683.jpg 1024w, https:\/\/www.lavillaracine.com\/wp-content\/uploads\/2024\/12\/hotel-la-villa-racine-chambre-business11-768x512.jpg 768w, https:\/\/www.lavillaracine.com\/wp-content\/uploads\/2024\/12\/hotel-la-villa-racine-chambre-business11-1536x1024.jpg 1536w, https:\/\/www.lavillaracine.com\/wp-content\/uploads\/2024\/12\/hotel-la-villa-racine-chambre-business11-2048x1365.jpg 2048w, https:\/\/www.lavillaracine.com\/wp-content\/uploads\/2024\/12\/hotel-la-villa-racine-chambre-business11-1920x1280.jpg 1920w, https:\/\/www.lavillaracine.com\/wp-content\/uploads\/2024\/12\/hotel-la-villa-racine-chambre-business11-1440x960.jpg 1440w, https:\/\/www.lavillaracine.com\/wp-content\/uploads\/2024\/12\/hotel-la-villa-racine-chambre-business11-1200x800.jpg 1200w, https:\/\/www.lavillaracine.com\/wp-content\/uploads\/2024\/12\/hotel-la-villa-racine-chambre-business11-780x520.jpg 780w, https:\/\/www.lavillaracine.com\/wp-content\/uploads\/2024\/12\/hotel-la-villa-racine-chambre-business11-600x400.jpg 600w, https:\/\/www.lavillaracine.com\/wp-content\/uploads\/2024\/12\/hotel-la-villa-racine-chambre-business11-550x367.jpg 550w, https:\/\/www.lavillaracine.com\/wp-content\/uploads\/2024\/12\/hotel-la-villa-racine-chambre-business11-370x247.jpg 370w, https:\/\/www.lavillaracine.com\/wp-content\/uploads\/2024\/12\/hotel-la-villa-racine-chambre-business11-255x170.jpg 255w, https:\/\/www.lavillaracine.com\/wp-content\/uploads\/2024\/12\/hotel-la-villa-racine-chambre-business11-150x100.jpg 150w\" sizes=\"(max-width: 2560px) 100vw, 2560px\" \/><\/a>                    <\/div>                    <div class=\"cs-gallery-item\">                            <a href=\"https:\/\/www.lavillaracine.com\/wp-content\/uploads\/2024\/12\/hotel-la-villa-racine-chambre-business16-scaled.jpg\" data-elementor-open-lightbox=\"yes\" data-elementor-lightbox-slideshow=\"aa59bb1\" data-elementor-lightbox-title=\"hotel la villa racine chambre business16\" data-e-action-hash=\"#elementor-action%3Aaction%3Dlightbox%26settings%3DeyJpZCI6NDgwMSwidXJsIjoiaHR0cHM6XC9cL3d3dy5sYXZpbGxhcmFjaW5lLmNvbVwvd3AtY29udGVudFwvdXBsb2Fkc1wvMjAyNFwvMTJcL2hvdGVsLWxhLXZpbGxhLXJhY2luZS1jaGFtYnJlLWJ1c2luZXNzMTYtc2NhbGVkLmpwZyIsInNsaWRlc2hvdyI6ImFhNTliYjEifQ%3D%3D\"><img loading=\"lazy\" decoding=\"async\" width=\"2560\" height=\"1706\" src=\"https:\/\/www.lavillaracine.com\/wp-content\/uploads\/2024\/12\/hotel-la-villa-racine-chambre-business16-scaled.jpg\" class=\"attachment-full size-full wp-image-4801\" alt=\"\" srcset=\"https:\/\/www.lavillaracine.com\/wp-content\/uploads\/2024\/12\/hotel-la-villa-racine-chambre-business16-scaled.jpg 2560w, https:\/\/www.lavillaracine.com\/wp-content\/uploads\/2024\/12\/hotel-la-villa-racine-chambre-business16-300x200.jpg 300w, https:\/\/www.lavillaracine.com\/wp-content\/uploads\/2024\/12\/hotel-la-villa-racine-chambre-business16-1024x683.jpg 1024w, https:\/\/www.lavillaracine.com\/wp-content\/uploads\/2024\/12\/hotel-la-villa-racine-chambre-business16-768x512.jpg 768w, https:\/\/www.lavillaracine.com\/wp-content\/uploads\/2024\/12\/hotel-la-villa-racine-chambre-business16-1536x1024.jpg 1536w, https:\/\/www.lavillaracine.com\/wp-content\/uploads\/2024\/12\/hotel-la-villa-racine-chambre-business16-2048x1365.jpg 2048w, https:\/\/www.lavillaracine.com\/wp-content\/uploads\/2024\/12\/hotel-la-villa-racine-chambre-business16-1920x1280.jpg 1920w, https:\/\/www.lavillaracine.com\/wp-content\/uploads\/2024\/12\/hotel-la-villa-racine-chambre-business16-1440x960.jpg 1440w, https:\/\/www.lavillaracine.com\/wp-content\/uploads\/2024\/12\/hotel-la-villa-racine-chambre-business16-1200x800.jpg 1200w, https:\/\/www.lavillaracine.com\/wp-content\/uploads\/2024\/12\/hotel-la-villa-racine-chambre-business16-780x520.jpg 780w, https:\/\/www.lavillaracine.com\/wp-content\/uploads\/2024\/12\/hotel-la-villa-racine-chambre-business16-600x400.jpg 600w, https:\/\/www.lavillaracine.com\/wp-content\/uploads\/2024\/12\/hotel-la-villa-racine-chambre-business16-550x367.jpg 550w, https:\/\/www.lavillaracine.com\/wp-content\/uploads\/2024\/12\/hotel-la-villa-racine-chambre-business16-370x247.jpg 370w, https:\/\/www.lavillaracine.com\/wp-content\/uploads\/2024\/12\/hotel-la-villa-racine-chambre-business16-255x170.jpg 255w, https:\/\/www.lavillaracine.com\/wp-content\/uploads\/2024\/12\/hotel-la-villa-racine-chambre-business16-150x100.jpg 150w\" sizes=\"(max-width: 2560px) 100vw, 2560px\" \/><\/a>                    <\/div>                    <div class=\"cs-gallery-item\">                            <a href=\"https:\/\/www.lavillaracine.com\/wp-content\/uploads\/2024\/12\/hotel-la-villa-racine-chambre-business13-scaled.jpg\" data-elementor-open-lightbox=\"yes\" data-elementor-lightbox-slideshow=\"aa59bb1\" data-elementor-lightbox-title=\"hotel la villa racine chambre business13\" data-e-action-hash=\"#elementor-action%3Aaction%3Dlightbox%26settings%3DeyJpZCI6NDc5OCwidXJsIjoiaHR0cHM6XC9cL3d3dy5sYXZpbGxhcmFjaW5lLmNvbVwvd3AtY29udGVudFwvdXBsb2Fkc1wvMjAyNFwvMTJcL2hvdGVsLWxhLXZpbGxhLXJhY2luZS1jaGFtYnJlLWJ1c2luZXNzMTMtc2NhbGVkLmpwZyIsInNsaWRlc2hvdyI6ImFhNTliYjEifQ%3D%3D\"><img loading=\"lazy\" decoding=\"async\" width=\"2560\" height=\"1706\" src=\"https:\/\/www.lavillaracine.com\/wp-content\/uploads\/2024\/12\/hotel-la-villa-racine-chambre-business13-scaled.jpg\" class=\"attachment-full size-full wp-image-4798\" alt=\"\" srcset=\"https:\/\/www.lavillaracine.com\/wp-content\/uploads\/2024\/12\/hotel-la-villa-racine-chambre-business13-scaled.jpg 2560w, https:\/\/www.lavillaracine.com\/wp-content\/uploads\/2024\/12\/hotel-la-villa-racine-chambre-business13-300x200.jpg 300w, https:\/\/www.lavillaracine.com\/wp-content\/uploads\/2024\/12\/hotel-la-villa-racine-chambre-business13-1024x683.jpg 1024w, https:\/\/www.lavillaracine.com\/wp-content\/uploads\/2024\/12\/hotel-la-villa-racine-chambre-business13-768x512.jpg 768w, https:\/\/www.lavillaracine.com\/wp-content\/uploads\/2024\/12\/hotel-la-villa-racine-chambre-business13-1536x1024.jpg 1536w, https:\/\/www.lavillaracine.com\/wp-content\/uploads\/2024\/12\/hotel-la-villa-racine-chambre-business13-2048x1365.jpg 2048w, https:\/\/www.lavillaracine.com\/wp-content\/uploads\/2024\/12\/hotel-la-villa-racine-chambre-business13-1920x1280.jpg 1920w, https:\/\/www.lavillaracine.com\/wp-content\/uploads\/2024\/12\/hotel-la-villa-racine-chambre-business13-1440x960.jpg 1440w, https:\/\/www.lavillaracine.com\/wp-content\/uploads\/2024\/12\/hotel-la-villa-racine-chambre-business13-1200x800.jpg 1200w, https:\/\/www.lavillaracine.com\/wp-content\/uploads\/2024\/12\/hotel-la-villa-racine-chambre-business13-780x520.jpg 780w, https:\/\/www.lavillaracine.com\/wp-content\/uploads\/2024\/12\/hotel-la-villa-racine-chambre-business13-600x400.jpg 600w, https:\/\/www.lavillaracine.com\/wp-content\/uploads\/2024\/12\/hotel-la-villa-racine-chambre-business13-550x367.jpg 550w, https:\/\/www.lavillaracine.com\/wp-content\/uploads\/2024\/12\/hotel-la-villa-racine-chambre-business13-370x247.jpg 370w, https:\/\/www.lavillaracine.com\/wp-content\/uploads\/2024\/12\/hotel-la-villa-racine-chambre-business13-255x170.jpg 255w, https:\/\/www.lavillaracine.com\/wp-content\/uploads\/2024\/12\/hotel-la-villa-racine-chambre-business13-150x100.jpg 150w\" sizes=\"(max-width: 2560px) 100vw, 2560px\" \/><\/a>                    <\/div>                    <div class=\"cs-gallery-item\">                            <a href=\"https:\/\/www.lavillaracine.com\/wp-content\/uploads\/2024\/10\/hotel-la-villa-racine-chambre-business10-scaled.jpg\" data-elementor-open-lightbox=\"yes\" data-elementor-lightbox-slideshow=\"aa59bb1\" data-elementor-lightbox-title=\"hotel la villa racine chambre business10\" data-e-action-hash=\"#elementor-action%3Aaction%3Dlightbox%26settings%3DeyJpZCI6MzU2NSwidXJsIjoiaHR0cHM6XC9cL3d3dy5sYXZpbGxhcmFjaW5lLmNvbVwvd3AtY29udGVudFwvdXBsb2Fkc1wvMjAyNFwvMTBcL2hvdGVsLWxhLXZpbGxhLXJhY2luZS1jaGFtYnJlLWJ1c2luZXNzMTAtc2NhbGVkLmpwZyIsInNsaWRlc2hvdyI6ImFhNTliYjEifQ%3D%3D\"><img loading=\"lazy\" decoding=\"async\" width=\"2560\" height=\"1706\" src=\"https:\/\/www.lavillaracine.com\/wp-content\/uploads\/2024\/10\/hotel-la-villa-racine-chambre-business10-scaled.jpg\" class=\"attachment-full size-full wp-image-3565\" alt=\"\" srcset=\"https:\/\/www.lavillaracine.com\/wp-content\/uploads\/2024\/10\/hotel-la-villa-racine-chambre-business10-scaled.jpg 2560w, https:\/\/www.lavillaracine.com\/wp-content\/uploads\/2024\/10\/hotel-la-villa-racine-chambre-business10-300x200.jpg 300w, https:\/\/www.lavillaracine.com\/wp-content\/uploads\/2024\/10\/hotel-la-villa-racine-chambre-business10-1024x683.jpg 1024w, https:\/\/www.lavillaracine.com\/wp-content\/uploads\/2024\/10\/hotel-la-villa-racine-chambre-business10-768x512.jpg 768w, https:\/\/www.lavillaracine.com\/wp-content\/uploads\/2024\/10\/hotel-la-villa-racine-chambre-business10-1536x1024.jpg 1536w, https:\/\/www.lavillaracine.com\/wp-content\/uploads\/2024\/10\/hotel-la-villa-racine-chambre-business10-2048x1365.jpg 2048w, https:\/\/www.lavillaracine.com\/wp-content\/uploads\/2024\/10\/hotel-la-villa-racine-chambre-business10-1920x1280.jpg 1920w, https:\/\/www.lavillaracine.com\/wp-content\/uploads\/2024\/10\/hotel-la-villa-racine-chambre-business10-1440x960.jpg 1440w, https:\/\/www.lavillaracine.com\/wp-content\/uploads\/2024\/10\/hotel-la-villa-racine-chambre-business10-1200x800.jpg 1200w, https:\/\/www.lavillaracine.com\/wp-content\/uploads\/2024\/10\/hotel-la-villa-racine-chambre-business10-780x520.jpg 780w, https:\/\/www.lavillaracine.com\/wp-content\/uploads\/2024\/10\/hotel-la-villa-racine-chambre-business10-600x400.jpg 600w, https:\/\/www.lavillaracine.com\/wp-content\/uploads\/2024\/10\/hotel-la-villa-racine-chambre-business10-550x367.jpg 550w, https:\/\/www.lavillaracine.com\/wp-content\/uploads\/2024\/10\/hotel-la-villa-racine-chambre-business10-370x247.jpg 370w, https:\/\/www.lavillaracine.com\/wp-content\/uploads\/2024\/10\/hotel-la-villa-racine-chambre-business10-255x170.jpg 255w, https:\/\/www.lavillaracine.com\/wp-content\/uploads\/2024\/10\/hotel-la-villa-racine-chambre-business10-150x100.jpg 150w\" sizes=\"(max-width: 2560px) 100vw, 2560px\" \/><\/a>                    <\/div>                    <div class=\"cs-gallery-item\">                            <a href=\"https:\/\/www.lavillaracine.com\/wp-content\/uploads\/2024\/10\/hotel-la-villa-racine-chambre-business11-scaled.jpg\" data-elementor-open-lightbox=\"yes\" data-elementor-lightbox-slideshow=\"aa59bb1\" data-elementor-lightbox-title=\"hotel la villa racine chambre business11\" data-e-action-hash=\"#elementor-action%3Aaction%3Dlightbox%26settings%3DeyJpZCI6MzU2NiwidXJsIjoiaHR0cHM6XC9cL3d3dy5sYXZpbGxhcmFjaW5lLmNvbVwvd3AtY29udGVudFwvdXBsb2Fkc1wvMjAyNFwvMTBcL2hvdGVsLWxhLXZpbGxhLXJhY2luZS1jaGFtYnJlLWJ1c2luZXNzMTEtc2NhbGVkLmpwZyIsInNsaWRlc2hvdyI6ImFhNTliYjEifQ%3D%3D\"><img loading=\"lazy\" decoding=\"async\" width=\"2560\" height=\"1706\" src=\"https:\/\/www.lavillaracine.com\/wp-content\/uploads\/2024\/10\/hotel-la-villa-racine-chambre-business11-scaled.jpg\" class=\"attachment-full size-full wp-image-3566\" alt=\"\" srcset=\"https:\/\/www.lavillaracine.com\/wp-content\/uploads\/2024\/10\/hotel-la-villa-racine-chambre-business11-scaled.jpg 2560w, https:\/\/www.lavillaracine.com\/wp-content\/uploads\/2024\/10\/hotel-la-villa-racine-chambre-business11-300x200.jpg 300w, https:\/\/www.lavillaracine.com\/wp-content\/uploads\/2024\/10\/hotel-la-villa-racine-chambre-business11-1024x683.jpg 1024w, https:\/\/www.lavillaracine.com\/wp-content\/uploads\/2024\/10\/hotel-la-villa-racine-chambre-business11-768x512.jpg 768w, https:\/\/www.lavillaracine.com\/wp-content\/uploads\/2024\/10\/hotel-la-villa-racine-chambre-business11-1536x1024.jpg 1536w, https:\/\/www.lavillaracine.com\/wp-content\/uploads\/2024\/10\/hotel-la-villa-racine-chambre-business11-2048x1365.jpg 2048w, https:\/\/www.lavillaracine.com\/wp-content\/uploads\/2024\/10\/hotel-la-villa-racine-chambre-business11-1920x1280.jpg 1920w, https:\/\/www.lavillaracine.com\/wp-content\/uploads\/2024\/10\/hotel-la-villa-racine-chambre-business11-1440x960.jpg 1440w, https:\/\/www.lavillaracine.com\/wp-content\/uploads\/2024\/10\/hotel-la-villa-racine-chambre-business11-1200x800.jpg 1200w, https:\/\/www.lavillaracine.com\/wp-content\/uploads\/2024\/10\/hotel-la-villa-racine-chambre-business11-780x520.jpg 780w, https:\/\/www.lavillaracine.com\/wp-content\/uploads\/2024\/10\/hotel-la-villa-racine-chambre-business11-600x400.jpg 600w, https:\/\/www.lavillaracine.com\/wp-content\/uploads\/2024\/10\/hotel-la-villa-racine-chambre-business11-550x367.jpg 550w, https:\/\/www.lavillaracine.com\/wp-content\/uploads\/2024\/10\/hotel-la-villa-racine-chambre-business11-370x247.jpg 370w, https:\/\/www.lavillaracine.com\/wp-content\/uploads\/2024\/10\/hotel-la-villa-racine-chambre-business11-255x170.jpg 255w, https:\/\/www.lavillaracine.com\/wp-content\/uploads\/2024\/10\/hotel-la-villa-racine-chambre-business11-150x100.jpg 150w\" sizes=\"(max-width: 2560px) 100vw, 2560px\" \/><\/a>                    <\/div>                    <div class=\"cs-gallery-item\">                            <a href=\"https:\/\/www.lavillaracine.com\/wp-content\/uploads\/2024\/10\/hotel-la-villa-racine-chambre-business12-scaled.jpg\" data-elementor-open-lightbox=\"yes\" data-elementor-lightbox-slideshow=\"aa59bb1\" data-elementor-lightbox-title=\"hotel la villa racine chambre business12\" data-e-action-hash=\"#elementor-action%3Aaction%3Dlightbox%26settings%3DeyJpZCI6MzU2NywidXJsIjoiaHR0cHM6XC9cL3d3dy5sYXZpbGxhcmFjaW5lLmNvbVwvd3AtY29udGVudFwvdXBsb2Fkc1wvMjAyNFwvMTBcL2hvdGVsLWxhLXZpbGxhLXJhY2luZS1jaGFtYnJlLWJ1c2luZXNzMTItc2NhbGVkLmpwZyIsInNsaWRlc2hvdyI6ImFhNTliYjEifQ%3D%3D\"><img loading=\"lazy\" decoding=\"async\" width=\"2560\" height=\"1706\" src=\"https:\/\/www.lavillaracine.com\/wp-content\/uploads\/2024\/10\/hotel-la-villa-racine-chambre-business12-scaled.jpg\" class=\"attachment-full size-full wp-image-3567\" alt=\"\" srcset=\"https:\/\/www.lavillaracine.com\/wp-content\/uploads\/2024\/10\/hotel-la-villa-racine-chambre-business12-scaled.jpg 2560w, https:\/\/www.lavillaracine.com\/wp-content\/uploads\/2024\/10\/hotel-la-villa-racine-chambre-business12-300x200.jpg 300w, https:\/\/www.lavillaracine.com\/wp-content\/uploads\/2024\/10\/hotel-la-villa-racine-chambre-business12-1024x683.jpg 1024w, https:\/\/www.lavillaracine.com\/wp-content\/uploads\/2024\/10\/hotel-la-villa-racine-chambre-business12-768x512.jpg 768w, https:\/\/www.lavillaracine.com\/wp-content\/uploads\/2024\/10\/hotel-la-villa-racine-chambre-business12-1536x1024.jpg 1536w, https:\/\/www.lavillaracine.com\/wp-content\/uploads\/2024\/10\/hotel-la-villa-racine-chambre-business12-2048x1365.jpg 2048w, https:\/\/www.lavillaracine.com\/wp-content\/uploads\/2024\/10\/hotel-la-villa-racine-chambre-business12-1920x1280.jpg 1920w, https:\/\/www.lavillaracine.com\/wp-content\/uploads\/2024\/10\/hotel-la-villa-racine-chambre-business12-1440x960.jpg 1440w, https:\/\/www.lavillaracine.com\/wp-content\/uploads\/2024\/10\/hotel-la-villa-racine-chambre-business12-1200x800.jpg 1200w, https:\/\/www.lavillaracine.com\/wp-content\/uploads\/2024\/10\/hotel-la-villa-racine-chambre-business12-780x520.jpg 780w, https:\/\/www.lavillaracine.com\/wp-content\/uploads\/2024\/10\/hotel-la-villa-racine-chambre-business12-600x400.jpg 600w, https:\/\/www.lavillaracine.com\/wp-content\/uploads\/2024\/10\/hotel-la-villa-racine-chambre-business12-550x367.jpg 550w, https:\/\/www.lavillaracine.com\/wp-content\/uploads\/2024\/10\/hotel-la-villa-racine-chambre-business12-370x247.jpg 370w, https:\/\/www.lavillaracine.com\/wp-content\/uploads\/2024\/10\/hotel-la-villa-racine-chambre-business12-255x170.jpg 255w, https:\/\/www.lavillaracine.com\/wp-content\/uploads\/2024\/10\/hotel-la-villa-racine-chambre-business12-150x100.jpg 150w\" sizes=\"(max-width: 2560px) 100vw, 2560px\" \/><\/a>                    <\/div>                    <div class=\"cs-gallery-item\">                            <a href=\"https:\/\/www.lavillaracine.com\/wp-content\/uploads\/2024\/12\/hotel-la-villa-racine-chambre-business12-scaled.jpg\" data-elementor-open-lightbox=\"yes\" data-elementor-lightbox-slideshow=\"aa59bb1\" data-elementor-lightbox-title=\"hotel la villa racine chambre business12\" data-e-action-hash=\"#elementor-action%3Aaction%3Dlightbox%26settings%3DeyJpZCI6NDc5NywidXJsIjoiaHR0cHM6XC9cL3d3dy5sYXZpbGxhcmFjaW5lLmNvbVwvd3AtY29udGVudFwvdXBsb2Fkc1wvMjAyNFwvMTJcL2hvdGVsLWxhLXZpbGxhLXJhY2luZS1jaGFtYnJlLWJ1c2luZXNzMTItc2NhbGVkLmpwZyIsInNsaWRlc2hvdyI6ImFhNTliYjEifQ%3D%3D\"><img loading=\"lazy\" decoding=\"async\" width=\"2560\" height=\"1706\" src=\"https:\/\/www.lavillaracine.com\/wp-content\/uploads\/2024\/12\/hotel-la-villa-racine-chambre-business12-scaled.jpg\" class=\"attachment-full size-full wp-image-4797\" alt=\"\" srcset=\"https:\/\/www.lavillaracine.com\/wp-content\/uploads\/2024\/12\/hotel-la-villa-racine-chambre-business12-scaled.jpg 2560w, https:\/\/www.lavillaracine.com\/wp-content\/uploads\/2024\/12\/hotel-la-villa-racine-chambre-business12-300x200.jpg 300w, https:\/\/www.lavillaracine.com\/wp-content\/uploads\/2024\/12\/hotel-la-villa-racine-chambre-business12-1024x683.jpg 1024w, https:\/\/www.lavillaracine.com\/wp-content\/uploads\/2024\/12\/hotel-la-villa-racine-chambre-business12-768x512.jpg 768w, https:\/\/www.lavillaracine.com\/wp-content\/uploads\/2024\/12\/hotel-la-villa-racine-chambre-business12-1536x1024.jpg 1536w, https:\/\/www.lavillaracine.com\/wp-content\/uploads\/2024\/12\/hotel-la-villa-racine-chambre-business12-2048x1365.jpg 2048w, https:\/\/www.lavillaracine.com\/wp-content\/uploads\/2024\/12\/hotel-la-villa-racine-chambre-business12-1920x1280.jpg 1920w, https:\/\/www.lavillaracine.com\/wp-content\/uploads\/2024\/12\/hotel-la-villa-racine-chambre-business12-1440x960.jpg 1440w, https:\/\/www.lavillaracine.com\/wp-content\/uploads\/2024\/12\/hotel-la-villa-racine-chambre-business12-1200x800.jpg 1200w, https:\/\/www.lavillaracine.com\/wp-content\/uploads\/2024\/12\/hotel-la-villa-racine-chambre-business12-780x520.jpg 780w, https:\/\/www.lavillaracine.com\/wp-content\/uploads\/2024\/12\/hotel-la-villa-racine-chambre-business12-600x400.jpg 600w, https:\/\/www.lavillaracine.com\/wp-content\/uploads\/2024\/12\/hotel-la-villa-racine-chambre-business12-550x367.jpg 550w, https:\/\/www.lavillaracine.com\/wp-content\/uploads\/2024\/12\/hotel-la-villa-racine-chambre-business12-370x247.jpg 370w, https:\/\/www.lavillaracine.com\/wp-content\/uploads\/2024\/12\/hotel-la-villa-racine-chambre-business12-255x170.jpg 255w, https:\/\/www.lavillaracine.com\/wp-content\/uploads\/2024\/12\/hotel-la-villa-racine-chambre-business12-150x100.jpg 150w\" sizes=\"(max-width: 2560px) 100vw, 2560px\" \/><\/a>                    <\/div>                    <div class=\"cs-gallery-item\">                            <a href=\"https:\/\/www.lavillaracine.com\/wp-content\/uploads\/2024\/12\/hotel-la-villa-racine-chambre-business10-scaled.jpg\" data-elementor-open-lightbox=\"yes\" data-elementor-lightbox-slideshow=\"aa59bb1\" data-elementor-lightbox-title=\"hotel la villa racine chambre business10\" data-e-action-hash=\"#elementor-action%3Aaction%3Dlightbox%26settings%3DeyJpZCI6NDgwMCwidXJsIjoiaHR0cHM6XC9cL3d3dy5sYXZpbGxhcmFjaW5lLmNvbVwvd3AtY29udGVudFwvdXBsb2Fkc1wvMjAyNFwvMTJcL2hvdGVsLWxhLXZpbGxhLXJhY2luZS1jaGFtYnJlLWJ1c2luZXNzMTAtc2NhbGVkLmpwZyIsInNsaWRlc2hvdyI6ImFhNTliYjEifQ%3D%3D\"><img loading=\"lazy\" decoding=\"async\" width=\"2560\" height=\"1706\" src=\"https:\/\/www.lavillaracine.com\/wp-content\/uploads\/2024\/12\/hotel-la-villa-racine-chambre-business10-scaled.jpg\" class=\"attachment-full size-full wp-image-4800\" alt=\"\" srcset=\"https:\/\/www.lavillaracine.com\/wp-content\/uploads\/2024\/12\/hotel-la-villa-racine-chambre-business10-scaled.jpg 2560w, https:\/\/www.lavillaracine.com\/wp-content\/uploads\/2024\/12\/hotel-la-villa-racine-chambre-business10-300x200.jpg 300w, https:\/\/www.lavillaracine.com\/wp-content\/uploads\/2024\/12\/hotel-la-villa-racine-chambre-business10-1024x683.jpg 1024w, https:\/\/www.lavillaracine.com\/wp-content\/uploads\/2024\/12\/hotel-la-villa-racine-chambre-business10-768x512.jpg 768w, https:\/\/www.lavillaracine.com\/wp-content\/uploads\/2024\/12\/hotel-la-villa-racine-chambre-business10-1536x1024.jpg 1536w, https:\/\/www.lavillaracine.com\/wp-content\/uploads\/2024\/12\/hotel-la-villa-racine-chambre-business10-2048x1365.jpg 2048w, https:\/\/www.lavillaracine.com\/wp-content\/uploads\/2024\/12\/hotel-la-villa-racine-chambre-business10-1920x1280.jpg 1920w, https:\/\/www.lavillaracine.com\/wp-content\/uploads\/2024\/12\/hotel-la-villa-racine-chambre-business10-1440x960.jpg 1440w, https:\/\/www.lavillaracine.com\/wp-content\/uploads\/2024\/12\/hotel-la-villa-racine-chambre-business10-1200x800.jpg 1200w, https:\/\/www.lavillaracine.com\/wp-content\/uploads\/2024\/12\/hotel-la-villa-racine-chambre-business10-780x520.jpg 780w, https:\/\/www.lavillaracine.com\/wp-content\/uploads\/2024\/12\/hotel-la-villa-racine-chambre-business10-600x400.jpg 600w, https:\/\/www.lavillaracine.com\/wp-content\/uploads\/2024\/12\/hotel-la-villa-racine-chambre-business10-550x367.jpg 550w, https:\/\/www.lavillaracine.com\/wp-content\/uploads\/2024\/12\/hotel-la-villa-racine-chambre-business10-370x247.jpg 370w, https:\/\/www.lavillaracine.com\/wp-content\/uploads\/2024\/12\/hotel-la-villa-racine-chambre-business10-255x170.jpg 255w, https:\/\/www.lavillaracine.com\/wp-content\/uploads\/2024\/12\/hotel-la-villa-racine-chambre-business10-150x100.jpg 150w\" sizes=\"(max-width: 2560px) 100vw, 2560px\" \/><\/a>                    <\/div>                    <div class=\"cs-gallery-item\">                            <a href=\"https:\/\/www.lavillaracine.com\/wp-content\/uploads\/2024\/12\/hotel-la-villa-racine-chambre-business15-scaled.jpg\" data-elementor-open-lightbox=\"yes\" data-elementor-lightbox-slideshow=\"aa59bb1\" data-elementor-lightbox-title=\"hotel la villa racine chambre business15\" data-e-action-hash=\"#elementor-action%3Aaction%3Dlightbox%26settings%3DeyJpZCI6NDgwMiwidXJsIjoiaHR0cHM6XC9cL3d3dy5sYXZpbGxhcmFjaW5lLmNvbVwvd3AtY29udGVudFwvdXBsb2Fkc1wvMjAyNFwvMTJcL2hvdGVsLWxhLXZpbGxhLXJhY2luZS1jaGFtYnJlLWJ1c2luZXNzMTUtc2NhbGVkLmpwZyIsInNsaWRlc2hvdyI6ImFhNTliYjEifQ%3D%3D\"><img loading=\"lazy\" decoding=\"async\" width=\"2560\" height=\"1706\" src=\"https:\/\/www.lavillaracine.com\/wp-content\/uploads\/2024\/12\/hotel-la-villa-racine-chambre-business15-scaled.jpg\" class=\"attachment-full size-full wp-image-4802\" alt=\"\" srcset=\"https:\/\/www.lavillaracine.com\/wp-content\/uploads\/2024\/12\/hotel-la-villa-racine-chambre-business15-scaled.jpg 2560w, https:\/\/www.lavillaracine.com\/wp-content\/uploads\/2024\/12\/hotel-la-villa-racine-chambre-business15-300x200.jpg 300w, https:\/\/www.lavillaracine.com\/wp-content\/uploads\/2024\/12\/hotel-la-villa-racine-chambre-business15-1024x683.jpg 1024w, https:\/\/www.lavillaracine.com\/wp-content\/uploads\/2024\/12\/hotel-la-villa-racine-chambre-business15-768x512.jpg 768w, https:\/\/www.lavillaracine.com\/wp-content\/uploads\/2024\/12\/hotel-la-villa-racine-chambre-business15-1536x1024.jpg 1536w, https:\/\/www.lavillaracine.com\/wp-content\/uploads\/2024\/12\/hotel-la-villa-racine-chambre-business15-2048x1365.jpg 2048w, https:\/\/www.lavillaracine.com\/wp-content\/uploads\/2024\/12\/hotel-la-villa-racine-chambre-business15-1920x1280.jpg 1920w, https:\/\/www.lavillaracine.com\/wp-content\/uploads\/2024\/12\/hotel-la-villa-racine-chambre-business15-1440x960.jpg 1440w, https:\/\/www.lavillaracine.com\/wp-content\/uploads\/2024\/12\/hotel-la-villa-racine-chambre-business15-1200x800.jpg 1200w, https:\/\/www.lavillaracine.com\/wp-content\/uploads\/2024\/12\/hotel-la-villa-racine-chambre-business15-780x520.jpg 780w, https:\/\/www.lavillaracine.com\/wp-content\/uploads\/2024\/12\/hotel-la-villa-racine-chambre-business15-600x400.jpg 600w, https:\/\/www.lavillaracine.com\/wp-content\/uploads\/2024\/12\/hotel-la-villa-racine-chambre-business15-550x367.jpg 550w, https:\/\/www.lavillaracine.com\/wp-content\/uploads\/2024\/12\/hotel-la-villa-racine-chambre-business15-370x247.jpg 370w, https:\/\/www.lavillaracine.com\/wp-content\/uploads\/2024\/12\/hotel-la-villa-racine-chambre-business15-255x170.jpg 255w, https:\/\/www.lavillaracine.com\/wp-content\/uploads\/2024\/12\/hotel-la-villa-racine-chambre-business15-150x100.jpg 150w\" sizes=\"(max-width: 2560px) 100vw, 2560px\" \/><\/a>                    <\/div>                    <div class=\"cs-gallery-item\">                            <a href=\"https:\/\/www.lavillaracine.com\/wp-content\/uploads\/2024\/10\/hotel-la-villa-racine-chambre-business9-scaled.jpg\" data-elementor-open-lightbox=\"yes\" data-elementor-lightbox-slideshow=\"aa59bb1\" data-elementor-lightbox-title=\"hotel la villa racine chambre business9\" data-e-action-hash=\"#elementor-action%3Aaction%3Dlightbox%26settings%3DeyJpZCI6MzU2NCwidXJsIjoiaHR0cHM6XC9cL3d3dy5sYXZpbGxhcmFjaW5lLmNvbVwvd3AtY29udGVudFwvdXBsb2Fkc1wvMjAyNFwvMTBcL2hvdGVsLWxhLXZpbGxhLXJhY2luZS1jaGFtYnJlLWJ1c2luZXNzOS1zY2FsZWQuanBnIiwic2xpZGVzaG93IjoiYWE1OWJiMSJ9\"><img loading=\"lazy\" decoding=\"async\" width=\"2560\" height=\"1706\" src=\"https:\/\/www.lavillaracine.com\/wp-content\/uploads\/2024\/10\/hotel-la-villa-racine-chambre-business9-scaled.jpg\" class=\"attachment-full size-full wp-image-3564\" alt=\"\" srcset=\"https:\/\/www.lavillaracine.com\/wp-content\/uploads\/2024\/10\/hotel-la-villa-racine-chambre-business9-scaled.jpg 2560w, https:\/\/www.lavillaracine.com\/wp-content\/uploads\/2024\/10\/hotel-la-villa-racine-chambre-business9-300x200.jpg 300w, https:\/\/www.lavillaracine.com\/wp-content\/uploads\/2024\/10\/hotel-la-villa-racine-chambre-business9-1024x683.jpg 1024w, https:\/\/www.lavillaracine.com\/wp-content\/uploads\/2024\/10\/hotel-la-villa-racine-chambre-business9-768x512.jpg 768w, https:\/\/www.lavillaracine.com\/wp-content\/uploads\/2024\/10\/hotel-la-villa-racine-chambre-business9-1536x1024.jpg 1536w, https:\/\/www.lavillaracine.com\/wp-content\/uploads\/2024\/10\/hotel-la-villa-racine-chambre-business9-2048x1365.jpg 2048w, https:\/\/www.lavillaracine.com\/wp-content\/uploads\/2024\/10\/hotel-la-villa-racine-chambre-business9-1920x1280.jpg 1920w, https:\/\/www.lavillaracine.com\/wp-content\/uploads\/2024\/10\/hotel-la-villa-racine-chambre-business9-1440x960.jpg 1440w, https:\/\/www.lavillaracine.com\/wp-content\/uploads\/2024\/10\/hotel-la-villa-racine-chambre-business9-1200x800.jpg 1200w, https:\/\/www.lavillaracine.com\/wp-content\/uploads\/2024\/10\/hotel-la-villa-racine-chambre-business9-780x520.jpg 780w, https:\/\/www.lavillaracine.com\/wp-content\/uploads\/2024\/10\/hotel-la-villa-racine-chambre-business9-600x400.jpg 600w, https:\/\/www.lavillaracine.com\/wp-content\/uploads\/2024\/10\/hotel-la-villa-racine-chambre-business9-550x367.jpg 550w, https:\/\/www.lavillaracine.com\/wp-content\/uploads\/2024\/10\/hotel-la-villa-racine-chambre-business9-370x247.jpg 370w, https:\/\/www.lavillaracine.com\/wp-content\/uploads\/2024\/10\/hotel-la-villa-racine-chambre-business9-255x170.jpg 255w, https:\/\/www.lavillaracine.com\/wp-content\/uploads\/2024\/10\/hotel-la-villa-racine-chambre-business9-150x100.jpg 150w\" sizes=\"(max-width: 2560px) 100vw, 2560px\" \/><\/a>                    <\/div>                    <div class=\"cs-gallery-item\">                            <a href=\"https:\/\/www.lavillaracine.com\/wp-content\/uploads\/2024\/12\/hotel-la-villa-racine-chambre-business14-scaled.jpg\" data-elementor-open-lightbox=\"yes\" data-elementor-lightbox-slideshow=\"aa59bb1\" data-elementor-lightbox-title=\"hotel la villa racine chambre business14\" data-e-action-hash=\"#elementor-action%3Aaction%3Dlightbox%26settings%3DeyJpZCI6NDgwNCwidXJsIjoiaHR0cHM6XC9cL3d3dy5sYXZpbGxhcmFjaW5lLmNvbVwvd3AtY29udGVudFwvdXBsb2Fkc1wvMjAyNFwvMTJcL2hvdGVsLWxhLXZpbGxhLXJhY2luZS1jaGFtYnJlLWJ1c2luZXNzMTQtc2NhbGVkLmpwZyIsInNsaWRlc2hvdyI6ImFhNTliYjEifQ%3D%3D\"><img loading=\"lazy\" decoding=\"async\" width=\"2560\" height=\"1706\" src=\"https:\/\/www.lavillaracine.com\/wp-content\/uploads\/2024\/12\/hotel-la-villa-racine-chambre-business14-scaled.jpg\" class=\"attachment-full size-full wp-image-4804\" alt=\"\" srcset=\"https:\/\/www.lavillaracine.com\/wp-content\/uploads\/2024\/12\/hotel-la-villa-racine-chambre-business14-scaled.jpg 2560w, https:\/\/www.lavillaracine.com\/wp-content\/uploads\/2024\/12\/hotel-la-villa-racine-chambre-business14-300x200.jpg 300w, https:\/\/www.lavillaracine.com\/wp-content\/uploads\/2024\/12\/hotel-la-villa-racine-chambre-business14-1024x683.jpg 1024w, https:\/\/www.lavillaracine.com\/wp-content\/uploads\/2024\/12\/hotel-la-villa-racine-chambre-business14-768x512.jpg 768w, https:\/\/www.lavillaracine.com\/wp-content\/uploads\/2024\/12\/hotel-la-villa-racine-chambre-business14-1536x1024.jpg 1536w, https:\/\/www.lavillaracine.com\/wp-content\/uploads\/2024\/12\/hotel-la-villa-racine-chambre-business14-2048x1365.jpg 2048w, https:\/\/www.lavillaracine.com\/wp-content\/uploads\/2024\/12\/hotel-la-villa-racine-chambre-business14-1920x1280.jpg 1920w, https:\/\/www.lavillaracine.com\/wp-content\/uploads\/2024\/12\/hotel-la-villa-racine-chambre-business14-1440x960.jpg 1440w, https:\/\/www.lavillaracine.com\/wp-content\/uploads\/2024\/12\/hotel-la-villa-racine-chambre-business14-1200x800.jpg 1200w, https:\/\/www.lavillaracine.com\/wp-content\/uploads\/2024\/12\/hotel-la-villa-racine-chambre-business14-780x520.jpg 780w, https:\/\/www.lavillaracine.com\/wp-content\/uploads\/2024\/12\/hotel-la-villa-racine-chambre-business14-600x400.jpg 600w, https:\/\/www.lavillaracine.com\/wp-content\/uploads\/2024\/12\/hotel-la-villa-racine-chambre-business14-550x367.jpg 550w, https:\/\/www.lavillaracine.com\/wp-content\/uploads\/2024\/12\/hotel-la-villa-racine-chambre-business14-370x247.jpg 370w, https:\/\/www.lavillaracine.com\/wp-content\/uploads\/2024\/12\/hotel-la-villa-racine-chambre-business14-255x170.jpg 255w, https:\/\/www.lavillaracine.com\/wp-content\/uploads\/2024\/12\/hotel-la-villa-racine-chambre-business14-150x100.jpg 150w\" sizes=\"(max-width: 2560px) 100vw, 2560px\" \/><\/a>                    <\/div>                <\/div>\n            <\/div>\t\t\t\t<\/div>\n\t\t\t\t<\/div>\n\t\t\t\t<div class=\"elementor-element elementor-element-2ceaefa9 elementor-widget elementor-widget-heading\" data-id=\"2ceaefa9\" data-element_type=\"widget\" data-widget_type=\"heading.default\">\n\t\t\t\t<div class=\"elementor-widget-container\">\n\t\t\t\t\t<h4 class=\"elementor-heading-title elementor-size-default\">\u00c9quipements de la chambre<\/h4>\t\t\t\t<\/div>\n\t\t\t\t<\/div>\n\t\t\t\t<div class=\"elementor-element elementor-element-5e9a5b3 elementor-widget elementor-widget-cs_info_box\" data-id=\"5e9a5b3\" data-element_type=\"widget\" data-widget_type=\"cs_info_box.default\">\n\t\t\t\t<div class=\"elementor-widget-container\">\n\t\t\t\t\t\n\t\t\t<div class=\"cs-info-box column-4 valign-middle img-left text-left\">\n                <div class=\"cs-info-box-wrap\">                    <div class=\"cs-info-box-item elementor-repeater-item-27e14c2\">\n                    \t<div class=\"cs-item-container\">\t                        <div class=\"cs-info-box-img\"><i aria-hidden=\"true\" class=\"flaticon flaticon-air-conditioner\"><\/i>\t                        <\/div>\t                        <div class=\"cs-info-box-content\">\n\t                            <h6 class=\"cs-title cs-info-box-title\">Climatisation\t\t\t\t\t\t\t\t<\/h6>\t                        <\/div>\t                    <\/div>\n                    <\/div>                    <div class=\"cs-info-box-item elementor-repeater-item-9dead55\">\n                    \t<div class=\"cs-item-container\">\t                        <div class=\"cs-info-box-img\"><i aria-hidden=\"true\" class=\"flaticon flaticon-television\"><\/i>\t                        <\/div>\t                        <div class=\"cs-info-box-content\">\n\t                            <h6 class=\"cs-title cs-info-box-title\">TV\t\t\t\t\t\t\t\t<\/h6>\t                        <\/div>\t                    <\/div>\n                    <\/div>                    <div class=\"cs-info-box-item elementor-repeater-item-dd15d75\">\n                    \t<div class=\"cs-item-container\">\t                        <div class=\"cs-info-box-img\"><i aria-hidden=\"true\" class=\"flaticon flaticon-wifi-2\"><\/i>\t                        <\/div>\t                        <div class=\"cs-info-box-content\">\n\t                            <h6 class=\"cs-title cs-info-box-title\">Internet haut d\u00e9bit (Wifi)\t\t\t\t\t\t\t\t<\/h6>\t                        <\/div>\t                    <\/div>\n                    <\/div>                    <div class=\"cs-info-box-item elementor-repeater-item-d94829f\">\n                    \t<div class=\"cs-item-container\">\t                        <div class=\"cs-info-box-img\"><i aria-hidden=\"true\" class=\"flaticon flaticon-slippers\"><\/i>\t                        <\/div>\t                        <div class=\"cs-info-box-content\">\n\t                            <h6 class=\"cs-title cs-info-box-title\">Pantoufles\t\t\t\t\t\t\t\t<\/h6>\t                        <\/div>\t                    <\/div>\n                    <\/div>                    <div class=\"cs-info-box-item elementor-repeater-item-964284f\">\n                    \t<div class=\"cs-item-container\">\t                        <div class=\"cs-info-box-img\"><i aria-hidden=\"true\" class=\"flaticon flaticon-hair-dryer\"><\/i>\t                        <\/div>\t                        <div class=\"cs-info-box-content\">\n\t                            <h6 class=\"cs-title cs-info-box-title\">S\u00e8che-cheveux\t\t\t\t\t\t\t\t<\/h6>\t                        <\/div>\t                    <\/div>\n                    <\/div>                    <div class=\"cs-info-box-item elementor-repeater-item-d9b21d6\">\n                    \t<div class=\"cs-item-container\">\t                        <div class=\"cs-info-box-img\"><i aria-hidden=\"true\" class=\"flaticon flaticon-espresso\"><\/i>\t                        <\/div>\t                        <div class=\"cs-info-box-content\">\n\t                            <h6 class=\"cs-title cs-info-box-title\">Machine \u00e0 caf\u00e9\t\t\t\t\t\t\t\t<\/h6>\t                        <\/div>\t                    <\/div>\n                    <\/div>                    <div class=\"cs-info-box-item elementor-repeater-item-34ccfe9\">\n                    \t<div class=\"cs-item-container\">\t                        <div class=\"cs-info-box-img\"><i aria-hidden=\"true\" class=\"flaticon flaticon-strongbox\"><\/i>\t                        <\/div>\t                        <div class=\"cs-info-box-content\">\n\t                            <h6 class=\"cs-title cs-info-box-title\">Coffre-fort\t\t\t\t\t\t\t\t<\/h6>\t                        <\/div>\t                    <\/div>\n                    <\/div>                    <div class=\"cs-info-box-item elementor-repeater-item-8400fd6\">\n                    \t<div class=\"cs-item-container\">\t                        <div class=\"cs-info-box-img\"><i aria-hidden=\"true\" class=\"flaticon flaticon-refrigerator\"><\/i>\t                        <\/div>\t                        <div class=\"cs-info-box-content\">\n\t                            <h6 class=\"cs-title cs-info-box-title\">Frigo bar\t\t\t\t\t\t\t\t<\/h6>\t                        <\/div>\t                    <\/div>\n                    <\/div>\t\t\t\t<\/div>\n\t\t\t<\/div>\t\t\t\t<\/div>\n\t\t\t\t<\/div>\n\t\t\t\t\t<\/div>\n\t\t<\/div>\n\t\t\t\t\t<\/div>\n\t\t<\/section>\n\t\t\t\t<\/div>\n\t\t","protected":false},"excerpt":{"rendered":"<p>Chambre Business Confort et Efficacit\u00e9 au Boutique Hotel de la Villa Racine\u00a0 Au Boutique H\u00f4tel de la Villa Racine, nous savons que les voyageurs d&rsquo;affaires ont des besoins sp\u00e9cifiques en mati\u00e8re de confort et de productivit\u00e9. C\u2019est pourquoi nous avons cr\u00e9\u00e9 notre Chambre Business, un espace con\u00e7u pour allier l\u2019efficacit\u00e9 professionnelle au luxe et au confort. Un Espace Optimis\u00e9 pour le Travail \u00c9quipements Modernes : Notre Chambre Business est \u00e9quip\u00e9e de tout le n\u00e9cessaire pour vos r\u00e9unions et t\u00e2ches professionnelles. Profitez d\u2019un bureau spacieux avec une chaise ergonomique, une connexion Wi-Fi haut d\u00e9bit gratuite et un \u00e9cran plat avec acc\u00e8s aux cha\u00eenes d&rsquo;information et aux services de streaming. Ambiance Inspirante : L\u2019environnement de la Chambre Business est con\u00e7u pour stimuler votre concentration et cr\u00e9ativit\u00e9. Avec une d\u00e9coration \u00e9l\u00e9gante et une luminosit\u00e9 naturelle optimale, vous b\u00e9n\u00e9ficierez d\u2019un cadre apaisant qui favorise une atmosph\u00e8re de travail agr\u00e9able. R\u00e9servez maintenant \u00c9quipements de la chambre Climatisation TV Internet haut d\u00e9bit (Wifi) Pantoufles S\u00e8che-cheveux Machine \u00e0 caf\u00e9 Coffre-fort Frigo bar<\/p>\n","protected":false},"author":1,"featured_media":0,"parent":1032,"menu_order":0,"comment_status":"closed","ping_status":"closed","template":"elementor_header_footer","meta":{"_price":"","_stock":"","_tribe_ticket_header":"","_tribe_default_ticket_provider":"","_tribe_ticket_capacity":"0","_ticket_start_date":"","_ticket_end_date":"","_tribe_ticket_show_description":"","_tribe_ticket_show_not_going":false,"_tribe_ticket_use_global_stock":"","_tribe_ticket_global_stock_level":"","_global_stock_mode":"","_global_stock_cap":"","_tribe_rsvp_for_event":"","_tribe_ticket_going_count":"","_tribe_ticket_not_going_count":"","_tribe_tickets_list":"[]","_tribe_ticket_has_attendee_info_fields":false,"cozystay_single_page_hide_site_header":"","cozystay_single_page_site_header_source":"","cozystay_single_page_custom_site_header":"0","cozystay_single_page_custom_sticky_site_header":"0","cozystay_single_page_hide_page_title":"","cozystay_single_page_header_section_size":"","cozystay_single_page_header_background_color":"","cozystay_single_page_header_background_position_x":"center","cozystay_single_page_header_background_position_y":"center","cozystay_single_page_header_background_size":"cover","cozystay_single_page_header_background_repeat":"off","cozystay_single_page_header_background_scroll":"on","cozystay_single_page_header_text_color":"","cozystay_single_page_header_show_breadcrumb":"","cozystay_single_page_site_footer_hide_main":"","cozystay_single_custom_site_footer_main_source":"","cozystay_single_custom_site_footer_main":"0","cozystay_single_page_site_footer_hide_above":"","cozystay_single_custom_site_footer_above_source":"","cozystay_single_custom_site_footer_above":"0","cozystay_single_page_site_footer_hide_instagram":"","cozystay_single_page_site_footer_hide_bottom":"","cozystay_single_custom_mobile_menu_source":"","cozystay_single_custom_mobile_menu":"0","cozystay_single_custom_mobile_menu_animation":"","cozystay_single_custom_mobile_menu_width":"","cozystay_single_custom_mobile_menu_custom_width":375,"footnotes":"","_tec_slr_enabled":"","_tec_slr_layout":""},"class_list":["post-3250","page","type-page","status-publish","hentry"],"yoast_head":"<!-- This site is optimized with the Yoast SEO Premium plugin v27.3 (Yoast SEO v27.3) - https:\/\/yoast.com\/product\/yoast-seo-premium-wordpress\/ -->\n<title>Chambre business - Boutique Hotel La Villa Racine<\/title>\n<meta name=\"robots\" content=\"index, follow, max-snippet:-1, max-image-preview:large, max-video-preview:-1\" \/>\n<link rel=\"canonical\" href=\"https:\/\/www.lavillaracine.com\/index.php\/chambres-et-suites-hotel-la-villa-racine\/chambre-business\/\" \/>\n<meta property=\"og:locale\" content=\"fr_FR\" \/>\n<meta property=\"og:type\" content=\"article\" \/>\n<meta property=\"og:title\" content=\"Chambre business\" \/>\n<meta property=\"og:description\" content=\"Chambre Business Confort et Efficacit\u00e9 au Boutique Hotel de la Villa Racine\u00a0 Au Boutique H\u00f4tel de la Villa Racine, nous savons que les voyageurs d&rsquo;affaires ont des besoins sp\u00e9cifiques en mati\u00e8re de confort et de productivit\u00e9. C\u2019est pourquoi nous avons cr\u00e9\u00e9 notre Chambre Business, un espace con\u00e7u pour allier l\u2019efficacit\u00e9 professionnelle au luxe et au confort. Un Espace Optimis\u00e9 pour le Travail \u00c9quipements Modernes : Notre Chambre Business est \u00e9quip\u00e9e de tout le n\u00e9cessaire pour vos r\u00e9unions et t\u00e2ches professionnelles. Profitez d\u2019un bureau spacieux avec une chaise ergonomique, une connexion Wi-Fi haut d\u00e9bit gratuite et un \u00e9cran plat avec acc\u00e8s aux cha\u00eenes d&rsquo;information et aux services de streaming. Ambiance Inspirante : L\u2019environnement de la Chambre Business est con\u00e7u pour stimuler votre concentration et cr\u00e9ativit\u00e9. Avec une d\u00e9coration \u00e9l\u00e9gante et une luminosit\u00e9 naturelle optimale, vous b\u00e9n\u00e9ficierez d\u2019un cadre apaisant qui favorise une atmosph\u00e8re de travail agr\u00e9able. R\u00e9servez maintenant \u00c9quipements de la chambre Climatisation TV Internet haut d\u00e9bit (Wifi) Pantoufles S\u00e8che-cheveux Machine \u00e0 caf\u00e9 Coffre-fort Frigo bar\" \/>\n<meta property=\"og:url\" content=\"https:\/\/www.lavillaracine.com\/index.php\/chambres-et-suites-hotel-la-villa-racine\/chambre-business\/\" \/>\n<meta property=\"og:site_name\" content=\"Boutique Hotel La Villa Racine\" \/>\n<meta property=\"article:publisher\" content=\"https:\/\/www.facebook.com\/lavillaRacine\" \/>\n<meta property=\"article:modified_time\" content=\"2025-03-18T10:07:52+00:00\" \/>\n<meta property=\"og:image\" content=\"https:\/\/www.lavillaracine.com\/wp-content\/uploads\/2024\/10\/hotel-la-villa-racine-chambre-business3-scaled.jpg\" \/>\n\t<meta property=\"og:image:width\" content=\"2560\" \/>\n\t<meta property=\"og:image:height\" content=\"1706\" \/>\n\t<meta property=\"og:image:type\" content=\"image\/jpeg\" \/>\n<meta name=\"twitter:card\" content=\"summary_large_image\" \/>\n<meta name=\"twitter:label1\" content=\"Dur\u00e9e de lecture estim\u00e9e\" \/>\n\t<meta name=\"twitter:data1\" content=\"5 minutes\" \/>\n<script type=\"application\/ld+json\" class=\"yoast-schema-graph\">{\"@context\":\"https:\\\/\\\/schema.org\",\"@graph\":[{\"@type\":\"WebPage\",\"@id\":\"https:\\\/\\\/www.lavillaracine.com\\\/index.php\\\/chambres-et-suites-hotel-la-villa-racine\\\/chambre-business\\\/\",\"url\":\"https:\\\/\\\/www.lavillaracine.com\\\/index.php\\\/chambres-et-suites-hotel-la-villa-racine\\\/chambre-business\\\/\",\"name\":\"Chambre business - Boutique Hotel La Villa Racine\",\"isPartOf\":{\"@id\":\"https:\\\/\\\/www.lavillaracine.com\\\/#website\"},\"primaryImageOfPage\":{\"@id\":\"https:\\\/\\\/www.lavillaracine.com\\\/index.php\\\/chambres-et-suites-hotel-la-villa-racine\\\/chambre-business\\\/#primaryimage\"},\"image\":{\"@id\":\"https:\\\/\\\/www.lavillaracine.com\\\/index.php\\\/chambres-et-suites-hotel-la-villa-racine\\\/chambre-business\\\/#primaryimage\"},\"thumbnailUrl\":\"https:\\\/\\\/www.lavillaracine.com\\\/wp-content\\\/uploads\\\/2024\\\/10\\\/hotel-la-villa-racine-chambre-business3-scaled.jpg\",\"datePublished\":\"2024-10-23T11:26:29+00:00\",\"dateModified\":\"2025-03-18T10:07:52+00:00\",\"breadcrumb\":{\"@id\":\"https:\\\/\\\/www.lavillaracine.com\\\/index.php\\\/chambres-et-suites-hotel-la-villa-racine\\\/chambre-business\\\/#breadcrumb\"},\"inLanguage\":\"fr-FR\",\"potentialAction\":[{\"@type\":\"ReadAction\",\"target\":[\"https:\\\/\\\/www.lavillaracine.com\\\/index.php\\\/chambres-et-suites-hotel-la-villa-racine\\\/chambre-business\\\/\"]}]},{\"@type\":\"ImageObject\",\"inLanguage\":\"fr-FR\",\"@id\":\"https:\\\/\\\/www.lavillaracine.com\\\/index.php\\\/chambres-et-suites-hotel-la-villa-racine\\\/chambre-business\\\/#primaryimage\",\"url\":\"https:\\\/\\\/www.lavillaracine.com\\\/wp-content\\\/uploads\\\/2024\\\/10\\\/hotel-la-villa-racine-chambre-business3-scaled.jpg\",\"contentUrl\":\"https:\\\/\\\/www.lavillaracine.com\\\/wp-content\\\/uploads\\\/2024\\\/10\\\/hotel-la-villa-racine-chambre-business3-scaled.jpg\"},{\"@type\":\"BreadcrumbList\",\"@id\":\"https:\\\/\\\/www.lavillaracine.com\\\/index.php\\\/chambres-et-suites-hotel-la-villa-racine\\\/chambre-business\\\/#breadcrumb\",\"itemListElement\":[{\"@type\":\"ListItem\",\"position\":1,\"name\":\"Home\",\"item\":\"https:\\\/\\\/www.lavillaracine.com\\\/\"},{\"@type\":\"ListItem\",\"position\":2,\"name\":\"Chambres et suites\",\"item\":\"https:\\\/\\\/www.lavillaracine.com\\\/index.php\\\/chambres-et-suites-hotel-la-villa-racine\\\/\"},{\"@type\":\"ListItem\",\"position\":3,\"name\":\"Chambre business\"}]},{\"@type\":\"WebSite\",\"@id\":\"https:\\\/\\\/www.lavillaracine.com\\\/#website\",\"url\":\"https:\\\/\\\/www.lavillaracine.com\\\/\",\"name\":\"Boutique Hotel La Villa Racine\",\"description\":\"L&#039;hotel qui vous change de l&#039;hotel\",\"publisher\":{\"@id\":\"https:\\\/\\\/www.lavillaracine.com\\\/#organization\"},\"alternateName\":\"Hotel la Villa Racine Dakar\",\"potentialAction\":[{\"@type\":\"SearchAction\",\"target\":{\"@type\":\"EntryPoint\",\"urlTemplate\":\"https:\\\/\\\/www.lavillaracine.com\\\/?s={search_term_string}\"},\"query-input\":{\"@type\":\"PropertyValueSpecification\",\"valueRequired\":true,\"valueName\":\"search_term_string\"}}],\"inLanguage\":\"fr-FR\"},{\"@type\":\"Organization\",\"@id\":\"https:\\\/\\\/www.lavillaracine.com\\\/#organization\",\"name\":\"Boutique Hotel La Villa Racine\",\"alternateName\":\"Hotel La Villa Racine Dakar\",\"url\":\"https:\\\/\\\/www.lavillaracine.com\\\/\",\"logo\":{\"@type\":\"ImageObject\",\"inLanguage\":\"fr-FR\",\"@id\":\"https:\\\/\\\/www.lavillaracine.com\\\/#\\\/schema\\\/logo\\\/image\\\/\",\"url\":\"https:\\\/\\\/www.lavillaracine.com\\\/wp-content\\\/uploads\\\/2021\\\/12\\\/LOGO-1.png\",\"contentUrl\":\"https:\\\/\\\/www.lavillaracine.com\\\/wp-content\\\/uploads\\\/2021\\\/12\\\/LOGO-1.png\",\"width\":424,\"height\":996,\"caption\":\"Boutique Hotel La Villa Racine\"},\"image\":{\"@id\":\"https:\\\/\\\/www.lavillaracine.com\\\/#\\\/schema\\\/logo\\\/image\\\/\"},\"sameAs\":[\"https:\\\/\\\/www.facebook.com\\\/lavillaRacine\",\"https:\\\/\\\/www.instagram.com\\\/hotel_lavillaracine\\\/\"],\"description\":\"Au c\u0153ur du Plateau, de ses quartiers d\u2019affaires, ses \u00e9tablissements financiers, ses commerces et ses sites culturels, Le Boutique Hotel La villa Racine boutique-h\u00f4tel 4 \u00e9toiles, offre un cadre mariant confort, \u00e9l\u00e9gance, et s\u00e9curit\u00e9, propice \u00e0 la d\u00e9tente, \u00e0 l\u2019intimit\u00e9, \u00e0 la r\u00e9flexion, \u00e0 la conversation et au travail. H\u00f4tel d\u2019affaires, La Villa Racine, ce sont aussi des salles polyvalentes pour des conf\u00e9rences, expositions, s\u00e9minaires ou autres c\u00e9r\u00e9monies.\",\"email\":\"lavillaracine@lavillaracine.com\",\"telephone\":\"+221 33 889 41 41\",\"legalName\":\"Boutique Hotel La Villa Racine\",\"numberOfEmployees\":{\"@type\":\"QuantitativeValue\",\"minValue\":\"11\",\"maxValue\":\"50\"}}]}<\/script>\n<!-- \/ Yoast SEO Premium plugin. -->","yoast_head_json":{"title":"Chambre business - Boutique Hotel La Villa Racine","robots":{"index":"index","follow":"follow","max-snippet":"max-snippet:-1","max-image-preview":"max-image-preview:large","max-video-preview":"max-video-preview:-1"},"canonical":"https:\/\/www.lavillaracine.com\/index.php\/chambres-et-suites-hotel-la-villa-racine\/chambre-business\/","og_locale":"fr_FR","og_type":"article","og_title":"Chambre business","og_description":"Chambre Business Confort et Efficacit\u00e9 au Boutique Hotel de la Villa Racine\u00a0 Au Boutique H\u00f4tel de la Villa Racine, nous savons que les voyageurs d&rsquo;affaires ont des besoins sp\u00e9cifiques en mati\u00e8re de confort et de productivit\u00e9. C\u2019est pourquoi nous avons cr\u00e9\u00e9 notre Chambre Business, un espace con\u00e7u pour allier l\u2019efficacit\u00e9 professionnelle au luxe et au confort. Un Espace Optimis\u00e9 pour le Travail \u00c9quipements Modernes : Notre Chambre Business est \u00e9quip\u00e9e de tout le n\u00e9cessaire pour vos r\u00e9unions et t\u00e2ches professionnelles. Profitez d\u2019un bureau spacieux avec une chaise ergonomique, une connexion Wi-Fi haut d\u00e9bit gratuite et un \u00e9cran plat avec acc\u00e8s aux cha\u00eenes d&rsquo;information et aux services de streaming. Ambiance Inspirante : L\u2019environnement de la Chambre Business est con\u00e7u pour stimuler votre concentration et cr\u00e9ativit\u00e9. Avec une d\u00e9coration \u00e9l\u00e9gante et une luminosit\u00e9 naturelle optimale, vous b\u00e9n\u00e9ficierez d\u2019un cadre apaisant qui favorise une atmosph\u00e8re de travail agr\u00e9able. R\u00e9servez maintenant \u00c9quipements de la chambre Climatisation TV Internet haut d\u00e9bit (Wifi) Pantoufles S\u00e8che-cheveux Machine \u00e0 caf\u00e9 Coffre-fort Frigo bar","og_url":"https:\/\/www.lavillaracine.com\/index.php\/chambres-et-suites-hotel-la-villa-racine\/chambre-business\/","og_site_name":"Boutique Hotel La Villa Racine","article_publisher":"https:\/\/www.facebook.com\/lavillaRacine","article_modified_time":"2025-03-18T10:07:52+00:00","og_image":[{"width":2560,"height":1706,"url":"https:\/\/www.lavillaracine.com\/wp-content\/uploads\/2024\/10\/hotel-la-villa-racine-chambre-business3-scaled.jpg","type":"image\/jpeg"}],"twitter_card":"summary_large_image","twitter_misc":{"Dur\u00e9e de lecture estim\u00e9e":"5 minutes"},"schema":{"@context":"https:\/\/schema.org","@graph":[{"@type":"WebPage","@id":"https:\/\/www.lavillaracine.com\/index.php\/chambres-et-suites-hotel-la-villa-racine\/chambre-business\/","url":"https:\/\/www.lavillaracine.com\/index.php\/chambres-et-suites-hotel-la-villa-racine\/chambre-business\/","name":"Chambre business - Boutique Hotel La Villa Racine","isPartOf":{"@id":"https:\/\/www.lavillaracine.com\/#website"},"primaryImageOfPage":{"@id":"https:\/\/www.lavillaracine.com\/index.php\/chambres-et-suites-hotel-la-villa-racine\/chambre-business\/#primaryimage"},"image":{"@id":"https:\/\/www.lavillaracine.com\/index.php\/chambres-et-suites-hotel-la-villa-racine\/chambre-business\/#primaryimage"},"thumbnailUrl":"https:\/\/www.lavillaracine.com\/wp-content\/uploads\/2024\/10\/hotel-la-villa-racine-chambre-business3-scaled.jpg","datePublished":"2024-10-23T11:26:29+00:00","dateModified":"2025-03-18T10:07:52+00:00","breadcrumb":{"@id":"https:\/\/www.lavillaracine.com\/index.php\/chambres-et-suites-hotel-la-villa-racine\/chambre-business\/#breadcrumb"},"inLanguage":"fr-FR","potentialAction":[{"@type":"ReadAction","target":["https:\/\/www.lavillaracine.com\/index.php\/chambres-et-suites-hotel-la-villa-racine\/chambre-business\/"]}]},{"@type":"ImageObject","inLanguage":"fr-FR","@id":"https:\/\/www.lavillaracine.com\/index.php\/chambres-et-suites-hotel-la-villa-racine\/chambre-business\/#primaryimage","url":"https:\/\/www.lavillaracine.com\/wp-content\/uploads\/2024\/10\/hotel-la-villa-racine-chambre-business3-scaled.jpg","contentUrl":"https:\/\/www.lavillaracine.com\/wp-content\/uploads\/2024\/10\/hotel-la-villa-racine-chambre-business3-scaled.jpg"},{"@type":"BreadcrumbList","@id":"https:\/\/www.lavillaracine.com\/index.php\/chambres-et-suites-hotel-la-villa-racine\/chambre-business\/#breadcrumb","itemListElement":[{"@type":"ListItem","position":1,"name":"Home","item":"https:\/\/www.lavillaracine.com\/"},{"@type":"ListItem","position":2,"name":"Chambres et suites","item":"https:\/\/www.lavillaracine.com\/index.php\/chambres-et-suites-hotel-la-villa-racine\/"},{"@type":"ListItem","position":3,"name":"Chambre business"}]},{"@type":"WebSite","@id":"https:\/\/www.lavillaracine.com\/#website","url":"https:\/\/www.lavillaracine.com\/","name":"Boutique Hotel La Villa Racine","description":"L&#039;hotel qui vous change de l&#039;hotel","publisher":{"@id":"https:\/\/www.lavillaracine.com\/#organization"},"alternateName":"Hotel la Villa Racine Dakar","potentialAction":[{"@type":"SearchAction","target":{"@type":"EntryPoint","urlTemplate":"https:\/\/www.lavillaracine.com\/?s={search_term_string}"},"query-input":{"@type":"PropertyValueSpecification","valueRequired":true,"valueName":"search_term_string"}}],"inLanguage":"fr-FR"},{"@type":"Organization","@id":"https:\/\/www.lavillaracine.com\/#organization","name":"Boutique Hotel La Villa Racine","alternateName":"Hotel La Villa Racine Dakar","url":"https:\/\/www.lavillaracine.com\/","logo":{"@type":"ImageObject","inLanguage":"fr-FR","@id":"https:\/\/www.lavillaracine.com\/#\/schema\/logo\/image\/","url":"https:\/\/www.lavillaracine.com\/wp-content\/uploads\/2021\/12\/LOGO-1.png","contentUrl":"https:\/\/www.lavillaracine.com\/wp-content\/uploads\/2021\/12\/LOGO-1.png","width":424,"height":996,"caption":"Boutique Hotel La Villa Racine"},"image":{"@id":"https:\/\/www.lavillaracine.com\/#\/schema\/logo\/image\/"},"sameAs":["https:\/\/www.facebook.com\/lavillaRacine","https:\/\/www.instagram.com\/hotel_lavillaracine\/"],"description":"Au c\u0153ur du Plateau, de ses quartiers d\u2019affaires, ses \u00e9tablissements financiers, ses commerces et ses sites culturels, Le Boutique Hotel La villa Racine boutique-h\u00f4tel 4 \u00e9toiles, offre un cadre mariant confort, \u00e9l\u00e9gance, et s\u00e9curit\u00e9, propice \u00e0 la d\u00e9tente, \u00e0 l\u2019intimit\u00e9, \u00e0 la r\u00e9flexion, \u00e0 la conversation et au travail. H\u00f4tel d\u2019affaires, La Villa Racine, ce sont aussi des salles polyvalentes pour des conf\u00e9rences, expositions, s\u00e9minaires ou autres c\u00e9r\u00e9monies.","email":"lavillaracine@lavillaracine.com","telephone":"+221 33 889 41 41","legalName":"Boutique Hotel La Villa Racine","numberOfEmployees":{"@type":"QuantitativeValue","minValue":"11","maxValue":"50"}}]}},"ticketed":false,"_links":{"self":[{"href":"https:\/\/www.lavillaracine.com\/index.php\/wp-json\/wp\/v2\/pages\/3250","targetHints":{"allow":["GET"]}}],"collection":[{"href":"https:\/\/www.lavillaracine.com\/index.php\/wp-json\/wp\/v2\/pages"}],"about":[{"href":"https:\/\/www.lavillaracine.com\/index.php\/wp-json\/wp\/v2\/types\/page"}],"author":[{"embeddable":true,"href":"https:\/\/www.lavillaracine.com\/index.php\/wp-json\/wp\/v2\/users\/1"}],"replies":[{"embeddable":true,"href":"https:\/\/www.lavillaracine.com\/index.php\/wp-json\/wp\/v2\/comments?post=3250"}],"version-history":[{"count":118,"href":"https:\/\/www.lavillaracine.com\/index.php\/wp-json\/wp\/v2\/pages\/3250\/revisions"}],"predecessor-version":[{"id":4902,"href":"https:\/\/www.lavillaracine.com\/index.php\/wp-json\/wp\/v2\/pages\/3250\/revisions\/4902"}],"up":[{"embeddable":true,"href":"https:\/\/www.lavillaracine.com\/index.php\/wp-json\/wp\/v2\/pages\/1032"}],"wp:attachment":[{"href":"https:\/\/www.lavillaracine.com\/index.php\/wp-json\/wp\/v2\/media?parent=3250"}],"curies":[{"name":"wp","href":"https:\/\/api.w.org\/{rel}","templated":true}]}}