{"id":1032,"date":"2023-04-22T11:23:38","date_gmt":"2023-04-22T11:23:38","guid":{"rendered":"https:\/\/cozystay.loftocean.com\/apartment\/?page_id=1032"},"modified":"2026-03-25T11:28:07","modified_gmt":"2026-03-25T10:28:07","slug":"chambres-et-suites-hotel-la-villa-racine","status":"publish","type":"page","link":"https:\/\/www.lavillaracine.com\/index.php\/chambres-et-suites-hotel-la-villa-racine\/","title":{"rendered":"Chambres et suites"},"content":{"rendered":"\t\t<div data-elementor-type=\"wp-page\" data-elementor-id=\"1032\" class=\"elementor elementor-1032\" data-elementor-post-type=\"page\">\n\t\t\t\t\t\t<section class=\"elementor-section elementor-top-section elementor-element elementor-element-8ecbd63 elementor-section-height-min-height cs-section-content-fullwidth cs-parallax-on-scroll cs_scroll_y_100 elementor-section-boxed elementor-section-height-default elementor-section-items-middle wpr-particle-no wpr-jarallax-no wpr-parallax-no wpr-sticky-section-no\" data-id=\"8ecbd63\" data-element_type=\"section\" data-settings=\"{&quot;background_background&quot;:&quot;classic&quot;}\" data-cs-parallax-y=\"100\" style=\"background-image: none;\" data-cs-background-image=\"https:\/\/www.lavillaracine.com\/wp-content\/uploads\/2024\/11\/chambres-et-suites-hotel-la-villa-racine-scaled.jpg\">\n\t\t\t\t\t\t\t<div class=\"elementor-background-overlay\"><\/div>\n\t\t\t\t\t\t\t<div class=\"elementor-container elementor-column-gap-no\">\n\t\t\t\t\t<div class=\"elementor-column elementor-col-100 elementor-top-column elementor-element elementor-element-47b0f3b dark-color\" data-id=\"47b0f3b\" data-element_type=\"column\">\n\t\t\t<div class=\"elementor-widget-wrap elementor-element-populated\">\n\t\t\t\t\t\t<div class=\"elementor-element elementor-element-31c3948 elementor-widget elementor-widget-cs_title\" data-id=\"31c3948\" data-element_type=\"widget\" data-widget_type=\"cs_title.default\">\n\t\t\t\t<div class=\"elementor-widget-container\">\n\t\t\t\t\t\n        <div class=\"cs-title-wrap text-center\">\t            <h1 class=\"cs-title color-primary\">\n\t                CHAMBRES ET SUITES\t            <\/h1>        <\/div>\t\t\t\t<\/div>\n\t\t\t\t<\/div>\n\t\t\t\t\t<\/div>\n\t\t<\/div>\n\t\t\t\t\t<\/div>\n\t\t<\/section>\n\t\t\t\t<section class=\"elementor-section elementor-top-section elementor-element elementor-element-f341ed0 elementor-section-boxed elementor-section-height-default elementor-section-height-default wpr-particle-no wpr-jarallax-no wpr-parallax-no wpr-sticky-section-no\" data-id=\"f341ed0\" data-element_type=\"section\" data-settings=\"{&quot;background_background&quot;:&quot;classic&quot;}\">\n\t\t\t\t\t\t<div class=\"elementor-container elementor-column-gap-no\">\n\t\t\t\t\t<div class=\"elementor-column elementor-col-33 elementor-top-column elementor-element elementor-element-39a0519\" data-id=\"39a0519\" data-element_type=\"column\">\n\t\t\t<div class=\"elementor-widget-wrap elementor-element-populated\">\n\t\t\t\t\t\t<div class=\"elementor-element elementor-element-dc8c402 cs-animation-small-offset elementor-invisible elementor-widget elementor-widget-cs_fancy_card\" data-id=\"dc8c402\" data-element_type=\"widget\" data-settings=\"{&quot;_animation&quot;:&quot;fadeInDown&quot;,&quot;_animation_delay&quot;:200}\" data-widget_type=\"cs_fancy_card.default\">\n\t\t\t\t<div class=\"elementor-widget-container\">\n\t\t\t\t\t\n\t\t<div class=\"cs-fancy-card style-2 text-center cs-hover-img-zoom\">\n            <div class=\"cs-fc-wrap\">\t                <a class=\"cs-fc-link\" href=\"https:\/\/www.lavillaracine.com\/index.php\/chambres-et-suites-2\/chambre-business\/\"><\/a>\t               \t<div class=\"cs-fc-img\">\n\t                    <img fetchpriority=\"high\" decoding=\"async\" width=\"550\" height=\"826\" src=\"https:\/\/www.lavillaracine.com\/wp-content\/uploads\/2024\/10\/hotel-la-villa-racine-chambre-business-6-550x826.jpg\" class=\"attachment-cozystay_550x9999 size-cozystay_550x9999 wp-image-3470\" alt=\"\" srcset=\"https:\/\/www.lavillaracine.com\/wp-content\/uploads\/2024\/10\/hotel-la-villa-racine-chambre-business-6-550x826.jpg 550w, https:\/\/www.lavillaracine.com\/wp-content\/uploads\/2024\/10\/hotel-la-villa-racine-chambre-business-6-200x300.jpg 200w, https:\/\/www.lavillaracine.com\/wp-content\/uploads\/2024\/10\/hotel-la-villa-racine-chambre-business-6-682x1024.jpg 682w, https:\/\/www.lavillaracine.com\/wp-content\/uploads\/2024\/10\/hotel-la-villa-racine-chambre-business-6-768x1154.jpg 768w, https:\/\/www.lavillaracine.com\/wp-content\/uploads\/2024\/10\/hotel-la-villa-racine-chambre-business-6-780x1172.jpg 780w, https:\/\/www.lavillaracine.com\/wp-content\/uploads\/2024\/10\/hotel-la-villa-racine-chambre-business-6-600x902.jpg 600w, https:\/\/www.lavillaracine.com\/wp-content\/uploads\/2024\/10\/hotel-la-villa-racine-chambre-business-6-370x556.jpg 370w, https:\/\/www.lavillaracine.com\/wp-content\/uploads\/2024\/10\/hotel-la-villa-racine-chambre-business-6-255x383.jpg 255w, https:\/\/www.lavillaracine.com\/wp-content\/uploads\/2024\/10\/hotel-la-villa-racine-chambre-business-6-100x150.jpg 100w, https:\/\/www.lavillaracine.com\/wp-content\/uploads\/2024\/10\/hotel-la-villa-racine-chambre-business-6.jpg 800w\" sizes=\"(max-width: 550px) 100vw, 550px\" \/>\t                <\/div>\n                <div class=\"cs-fc-content\">\t\t\t            <h6 class=\"cs-fc-title cs-title\">\n\t\t\t                Chambre<br>Business\t\t\t            <\/h6>\t\t                <div class=\"cs-fc-btn\">\n\t\t                    <a class=\"button cs-btn-underline\" role=\"button\" href=\"https:\/\/www.lavillaracine.com\/index.php\/chambres-et-suites-2\/chambre-business\/\">\n\t\t                        <span class=\"cs-btn-text\">Voir plus<\/span>\t\t                    <\/a>\n\t\t                <\/div>\t\t\t\t<\/div>\n            <\/div>\n        <\/div>\t\t\t\t<\/div>\n\t\t\t\t<\/div>\n\t\t\t\t\t<\/div>\n\t\t<\/div>\n\t\t\t\t<div class=\"elementor-column elementor-col-33 elementor-top-column elementor-element elementor-element-706bad2\" data-id=\"706bad2\" data-element_type=\"column\">\n\t\t\t<div class=\"elementor-widget-wrap elementor-element-populated\">\n\t\t\t\t\t\t<div class=\"elementor-element elementor-element-0312035 cs-animation-small-offset elementor-invisible elementor-widget elementor-widget-cs_fancy_card\" data-id=\"0312035\" data-element_type=\"widget\" data-settings=\"{&quot;_animation&quot;:&quot;fadeInUp&quot;,&quot;_animation_delay&quot;:200}\" data-widget_type=\"cs_fancy_card.default\">\n\t\t\t\t<div class=\"elementor-widget-container\">\n\t\t\t\t\t\n\t\t<div class=\"cs-fancy-card style-2 text-center cs-hover-img-zoom\">\n            <div class=\"cs-fc-wrap\">\t                <a class=\"cs-fc-link\" href=\"https:\/\/www.lavillaracine.com\/index.php\/chambres-et-suites-2\/chambre-ambassadeur\/\"><\/a>\t               \t<div class=\"cs-fc-img\">\n\t                    <img decoding=\"async\" width=\"550\" height=\"826\" src=\"https:\/\/www.lavillaracine.com\/wp-content\/uploads\/2024\/10\/hotel-la-villa-racine-chambre-ambassadeur-1-550x826.jpg\" class=\"attachment-cozystay_550x9999 size-cozystay_550x9999 wp-image-3469\" alt=\"\" srcset=\"https:\/\/www.lavillaracine.com\/wp-content\/uploads\/2024\/10\/hotel-la-villa-racine-chambre-ambassadeur-1-550x826.jpg 550w, https:\/\/www.lavillaracine.com\/wp-content\/uploads\/2024\/10\/hotel-la-villa-racine-chambre-ambassadeur-1-200x300.jpg 200w, https:\/\/www.lavillaracine.com\/wp-content\/uploads\/2024\/10\/hotel-la-villa-racine-chambre-ambassadeur-1-682x1024.jpg 682w, https:\/\/www.lavillaracine.com\/wp-content\/uploads\/2024\/10\/hotel-la-villa-racine-chambre-ambassadeur-1-768x1154.jpg 768w, https:\/\/www.lavillaracine.com\/wp-content\/uploads\/2024\/10\/hotel-la-villa-racine-chambre-ambassadeur-1-780x1172.jpg 780w, https:\/\/www.lavillaracine.com\/wp-content\/uploads\/2024\/10\/hotel-la-villa-racine-chambre-ambassadeur-1-600x902.jpg 600w, https:\/\/www.lavillaracine.com\/wp-content\/uploads\/2024\/10\/hotel-la-villa-racine-chambre-ambassadeur-1-370x556.jpg 370w, https:\/\/www.lavillaracine.com\/wp-content\/uploads\/2024\/10\/hotel-la-villa-racine-chambre-ambassadeur-1-255x383.jpg 255w, https:\/\/www.lavillaracine.com\/wp-content\/uploads\/2024\/10\/hotel-la-villa-racine-chambre-ambassadeur-1-100x150.jpg 100w, https:\/\/www.lavillaracine.com\/wp-content\/uploads\/2024\/10\/hotel-la-villa-racine-chambre-ambassadeur-1.jpg 800w\" sizes=\"(max-width: 550px) 100vw, 550px\" \/>\t                <\/div>\n                <div class=\"cs-fc-content\">\t\t\t            <h6 class=\"cs-fc-title cs-title\">\n\t\t\t                Chambre <br>Ambassadeur\t\t\t            <\/h6>\t\t                <div class=\"cs-fc-btn\">\n\t\t                    <a class=\"button cs-btn-underline\" role=\"button\" href=\"https:\/\/www.lavillaracine.com\/index.php\/chambres-et-suites-2\/chambre-ambassadeur\/\">\n\t\t                        <span class=\"cs-btn-text\">Voir plus <\/span>\t\t                    <\/a>\n\t\t                <\/div>\t\t\t\t<\/div>\n            <\/div>\n        <\/div>\t\t\t\t<\/div>\n\t\t\t\t<\/div>\n\t\t\t\t\t<\/div>\n\t\t<\/div>\n\t\t\t\t<div class=\"elementor-column elementor-col-33 elementor-top-column elementor-element elementor-element-8e9893f\" data-id=\"8e9893f\" data-element_type=\"column\">\n\t\t\t<div class=\"elementor-widget-wrap elementor-element-populated\">\n\t\t\t\t\t\t<div class=\"elementor-element elementor-element-cda3e88 cs-animation-small-offset elementor-invisible elementor-widget elementor-widget-cs_fancy_card\" data-id=\"cda3e88\" data-element_type=\"widget\" data-settings=\"{&quot;_animation&quot;:&quot;fadeInDown&quot;,&quot;_animation_delay&quot;:200}\" data-widget_type=\"cs_fancy_card.default\">\n\t\t\t\t<div class=\"elementor-widget-container\">\n\t\t\t\t\t\n\t\t<div class=\"cs-fancy-card style-2 text-center cs-hover-img-zoom\">\n            <div class=\"cs-fc-wrap\">\t                <a class=\"cs-fc-link\" href=\"https:\/\/www.lavillaracine.com\/index.php\/chambres-et-suites-2\/suites\/\"><\/a>\t               \t<div class=\"cs-fc-img\">\n\t                    <img decoding=\"async\" width=\"550\" height=\"826\" src=\"https:\/\/www.lavillaracine.com\/wp-content\/uploads\/2024\/10\/hotel-la-villa-racine-suite-junior-1-550x826.jpg\" class=\"attachment-cozystay_550x9999 size-cozystay_550x9999 wp-image-3471\" alt=\"\" srcset=\"https:\/\/www.lavillaracine.com\/wp-content\/uploads\/2024\/10\/hotel-la-villa-racine-suite-junior-1-550x826.jpg 550w, https:\/\/www.lavillaracine.com\/wp-content\/uploads\/2024\/10\/hotel-la-villa-racine-suite-junior-1-200x300.jpg 200w, https:\/\/www.lavillaracine.com\/wp-content\/uploads\/2024\/10\/hotel-la-villa-racine-suite-junior-1-682x1024.jpg 682w, https:\/\/www.lavillaracine.com\/wp-content\/uploads\/2024\/10\/hotel-la-villa-racine-suite-junior-1-768x1154.jpg 768w, https:\/\/www.lavillaracine.com\/wp-content\/uploads\/2024\/10\/hotel-la-villa-racine-suite-junior-1-780x1172.jpg 780w, https:\/\/www.lavillaracine.com\/wp-content\/uploads\/2024\/10\/hotel-la-villa-racine-suite-junior-1-600x902.jpg 600w, https:\/\/www.lavillaracine.com\/wp-content\/uploads\/2024\/10\/hotel-la-villa-racine-suite-junior-1-370x556.jpg 370w, https:\/\/www.lavillaracine.com\/wp-content\/uploads\/2024\/10\/hotel-la-villa-racine-suite-junior-1-255x383.jpg 255w, https:\/\/www.lavillaracine.com\/wp-content\/uploads\/2024\/10\/hotel-la-villa-racine-suite-junior-1-100x150.jpg 100w, https:\/\/www.lavillaracine.com\/wp-content\/uploads\/2024\/10\/hotel-la-villa-racine-suite-junior-1.jpg 800w\" sizes=\"(max-width: 550px) 100vw, 550px\" \/>\t                <\/div>\n                <div class=\"cs-fc-content\">\t\t\t            <h6 class=\"cs-fc-title cs-title\">\n\t\t\t                Suite\t\t\t            <\/h6>\t\t                <div class=\"cs-fc-btn\">\n\t\t                    <a class=\"button cs-btn-underline\" role=\"button\" href=\"https:\/\/www.lavillaracine.com\/index.php\/chambres-et-suites-2\/suites\/\">\n\t\t                        <span class=\"cs-btn-text\">Voir plus <\/span>\t\t                    <\/a>\n\t\t                <\/div>\t\t\t\t<\/div>\n            <\/div>\n        <\/div>\t\t\t\t<\/div>\n\t\t\t\t<\/div>\n\t\t\t\t\t<\/div>\n\t\t<\/div>\n\t\t\t\t\t<\/div>\n\t\t<\/section>\n\t\t\t\t<section class=\"elementor-section elementor-top-section elementor-element elementor-element-7c1f05c elementor-section-content-middle elementor-section-boxed elementor-section-height-default elementor-section-height-default wpr-particle-no wpr-jarallax-no wpr-parallax-no wpr-sticky-section-no\" data-id=\"7c1f05c\" data-element_type=\"section\" data-settings=\"{&quot;background_background&quot;:&quot;classic&quot;}\">\n\t\t\t\t\t\t<div class=\"elementor-container elementor-column-gap-no\">\n\t\t\t\t\t<div class=\"elementor-column elementor-col-50 elementor-top-column elementor-element elementor-element-b677e2e\" data-id=\"b677e2e\" data-element_type=\"column\">\n\t\t\t<div class=\"elementor-widget-wrap elementor-element-populated\">\n\t\t\t\t\t\t<div class=\"elementor-element elementor-element-61a14bf elementor-widget elementor-widget-text-editor\" data-id=\"61a14bf\" data-element_type=\"widget\" data-widget_type=\"text-editor.default\">\n\t\t\t\t<div class=\"elementor-widget-container\">\n\t\t\t\t\t\t\t\t\t<p>De 20 \u00e0 27 cl\u00e9s Nos chambres \u00ab Moderne \u00bb incarnent l&rsquo;\u00e9l\u00e9gance contemporaine, avec une attention minutieuse aux d\u00e9tails qui font toute la diff\u00e9rence. Nos chambres sont \u00e9quip\u00e9es de literie haut de gamme, avec des oreillers en plumes d&rsquo;oie pour un repos optimal. l&rsquo;\u00e9conomiseur d&rsquo;\u00e9nergie garantit une s\u00e9curit\u00e9 maximale. Le minibar, fabriqu\u00e9 artisanalement \u00e0 partir de mat\u00e9riaux locaux, ajoute une touche d&rsquo;authenticit\u00e9 \u00e0 votre s\u00e9jour.<\/p>\t\t\t\t\t\t\t\t<\/div>\n\t\t\t\t<\/div>\n\t\t\t\t\t<\/div>\n\t\t<\/div>\n\t\t\t\t<div class=\"elementor-column elementor-col-50 elementor-top-column elementor-element elementor-element-6e38211\" data-id=\"6e38211\" data-element_type=\"column\">\n\t\t\t<div class=\"elementor-widget-wrap elementor-element-populated\">\n\t\t\t\t\t\t<div class=\"elementor-element elementor-element-458ec21 elementor-align-justify elementor-widget__width-inherit elementor-widget elementor-widget-button\" data-id=\"458ec21\" data-element_type=\"widget\" data-widget_type=\"button.default\">\n\t\t\t\t<div class=\"elementor-widget-container\">\n\t\t\t\t\t\t\t\t\t<div class=\"elementor-button-wrapper\">\n\t\t\t\t\t<a class=\"elementor-button elementor-button-link elementor-size-sm\" href=\"https:\/\/www.secure-hotel-booking.com\/smart\/Hotel-Villa-Racine\/JHPZ\/fr-FR\/\">\n\t\t\t\t\t\t<span class=\"elementor-button-content-wrapper\">\n\t\t\t\t\t\t\t\t\t<span class=\"elementor-button-text\">R\u00e9servez<\/span>\n\t\t\t\t\t<\/span>\n\t\t\t\t\t<\/a>\n\t\t\t\t<\/div>\n\t\t\t\t\t\t\t\t<\/div>\n\t\t\t\t<\/div>\n\t\t\t\t\t<\/div>\n\t\t<\/div>\n\t\t\t\t\t<\/div>\n\t\t<\/section>\n\t\t\t\t<\/div>\n\t\t","protected":false},"excerpt":{"rendered":"<p>CHAMBRES ET SUITES Chambre Business Voir plus Chambre Ambassadeur Voir plus Suite Voir plus De 20 \u00e0 27 cl\u00e9s Nos chambres \u00ab Moderne \u00bb incarnent l&rsquo;\u00e9l\u00e9gance contemporaine, avec une attention minutieuse aux d\u00e9tails qui font toute la diff\u00e9rence. Nos chambres sont \u00e9quip\u00e9es de literie haut de gamme, avec des oreillers en plumes d&rsquo;oie pour un repos optimal. l&rsquo;\u00e9conomiseur d&rsquo;\u00e9nergie garantit une s\u00e9curit\u00e9 maximale. Le minibar, fabriqu\u00e9 artisanalement \u00e0 partir de mat\u00e9riaux locaux, ajoute une touche d&rsquo;authenticit\u00e9 \u00e0 votre s\u00e9jour. R\u00e9servez<\/p>\n","protected":false},"author":1,"featured_media":0,"parent":0,"menu_order":0,"comment_status":"closed","ping_status":"closed","template":"template-wide-content.php","meta":{"_price":"","_stock":"","_tribe_ticket_header":"","_tribe_default_ticket_provider":"","_tribe_ticket_capacity":"0","_ticket_start_date":"","_ticket_end_date":"","_tribe_ticket_show_description":"","_tribe_ticket_show_not_going":false,"_tribe_ticket_use_global_stock":"","_tribe_ticket_global_stock_level":"","_global_stock_mode":"","_global_stock_cap":"","_tribe_rsvp_for_event":"","_tribe_ticket_going_count":"","_tribe_ticket_not_going_count":"","_tribe_tickets_list":"[]","_tribe_ticket_has_attendee_info_fields":false,"cozystay_single_page_hide_site_header":"","cozystay_single_page_site_header_source":"","cozystay_single_page_custom_site_header":"","cozystay_single_page_custom_sticky_site_header":"","cozystay_single_page_hide_page_title":"on","cozystay_single_page_header_section_size":"","cozystay_single_page_header_background_color":"","cozystay_single_page_header_background_position_x":"center","cozystay_single_page_header_background_position_y":"center","cozystay_single_page_header_background_size":"cover","cozystay_single_page_header_background_repeat":"off","cozystay_single_page_header_background_scroll":"on","cozystay_single_page_header_text_color":"","cozystay_single_page_header_show_breadcrumb":"","cozystay_single_page_site_footer_hide_main":"","cozystay_single_custom_site_footer_main_source":"","cozystay_single_custom_site_footer_main":"","cozystay_single_page_site_footer_hide_above":"","cozystay_single_custom_site_footer_above_source":"","cozystay_single_custom_site_footer_above":"","cozystay_single_page_site_footer_hide_instagram":"","cozystay_single_page_site_footer_hide_bottom":"","cozystay_single_custom_mobile_menu_source":"","cozystay_single_custom_mobile_menu":"","cozystay_single_custom_mobile_menu_animation":"","cozystay_single_custom_mobile_menu_width":"","cozystay_single_custom_mobile_menu_custom_width":375,"footnotes":"","_tec_slr_enabled":"","_tec_slr_layout":""},"class_list":["post-1032","page","type-page","status-publish","hentry"],"yoast_head":"<!-- This site is optimized with the Yoast SEO Premium plugin v27.3 (Yoast SEO v27.3) - https:\/\/yoast.com\/product\/yoast-seo-premium-wordpress\/ -->\n<title>Chambres et suites - Boutique Hotel La Villa Racine<\/title>\n<meta name=\"description\" content=\"D\u00e9couvrez nos Chambres et Suites modernes, alliant \u00e9l\u00e9gance contemporaine et confort in\u00e9gal\u00e9 pour un s\u00e9jour m\u00e9morable.\" \/>\n<meta name=\"robots\" content=\"index, follow, max-snippet:-1, max-image-preview:large, max-video-preview:-1\" \/>\n<link rel=\"canonical\" href=\"https:\/\/www.lavillaracine.com\/index.php\/chambres-et-suites-hotel-la-villa-racine\/\" \/>\n<meta property=\"og:locale\" content=\"fr_FR\" \/>\n<meta property=\"og:type\" content=\"article\" \/>\n<meta property=\"og:title\" content=\"Chambres et suites\" \/>\n<meta property=\"og:description\" content=\"D\u00e9couvrez nos Chambres et Suites modernes, alliant \u00e9l\u00e9gance contemporaine et confort in\u00e9gal\u00e9 pour un s\u00e9jour m\u00e9morable.\" \/>\n<meta property=\"og:url\" content=\"https:\/\/www.lavillaracine.com\/index.php\/chambres-et-suites-hotel-la-villa-racine\/\" \/>\n<meta property=\"og:site_name\" content=\"Boutique Hotel La Villa Racine\" \/>\n<meta property=\"article:publisher\" content=\"https:\/\/www.facebook.com\/lavillaRacine\" \/>\n<meta property=\"article:modified_time\" content=\"2026-03-25T10:28:07+00:00\" \/>\n<meta property=\"og:image\" content=\"https:\/\/www.lavillaracine.com\/wp-content\/uploads\/2024\/10\/hotel-la-villa-racine-chambre-business-6.jpg\" \/>\n\t<meta property=\"og:image:width\" content=\"800\" \/>\n\t<meta property=\"og:image:height\" content=\"1202\" \/>\n\t<meta property=\"og:image:type\" content=\"image\/jpeg\" \/>\n<meta name=\"twitter:card\" content=\"summary_large_image\" \/>\n<meta name=\"twitter:label1\" content=\"Dur\u00e9e de lecture estim\u00e9e\" \/>\n\t<meta name=\"twitter:data1\" content=\"1 minute\" \/>\n<script type=\"application\/ld+json\" class=\"yoast-schema-graph\">{\"@context\":\"https:\\\/\\\/schema.org\",\"@graph\":[{\"@type\":\"WebPage\",\"@id\":\"https:\\\/\\\/www.lavillaracine.com\\\/index.php\\\/chambres-et-suites-hotel-la-villa-racine\\\/\",\"url\":\"https:\\\/\\\/www.lavillaracine.com\\\/index.php\\\/chambres-et-suites-hotel-la-villa-racine\\\/\",\"name\":\"Chambres et suites - Boutique Hotel La Villa Racine\",\"isPartOf\":{\"@id\":\"https:\\\/\\\/www.lavillaracine.com\\\/#website\"},\"primaryImageOfPage\":{\"@id\":\"https:\\\/\\\/www.lavillaracine.com\\\/index.php\\\/chambres-et-suites-hotel-la-villa-racine\\\/#primaryimage\"},\"image\":{\"@id\":\"https:\\\/\\\/www.lavillaracine.com\\\/index.php\\\/chambres-et-suites-hotel-la-villa-racine\\\/#primaryimage\"},\"thumbnailUrl\":\"https:\\\/\\\/www.lavillaracine.com\\\/wp-content\\\/uploads\\\/2024\\\/10\\\/hotel-la-villa-racine-chambre-business-6-550x826.jpg\",\"datePublished\":\"2023-04-22T11:23:38+00:00\",\"dateModified\":\"2026-03-25T10:28:07+00:00\",\"description\":\"D\u00e9couvrez nos Chambres et Suites modernes, alliant \u00e9l\u00e9gance contemporaine et confort in\u00e9gal\u00e9 pour un s\u00e9jour m\u00e9morable.\",\"breadcrumb\":{\"@id\":\"https:\\\/\\\/www.lavillaracine.com\\\/index.php\\\/chambres-et-suites-hotel-la-villa-racine\\\/#breadcrumb\"},\"inLanguage\":\"fr-FR\",\"potentialAction\":[{\"@type\":\"ReadAction\",\"target\":[\"https:\\\/\\\/www.lavillaracine.com\\\/index.php\\\/chambres-et-suites-hotel-la-villa-racine\\\/\"]}]},{\"@type\":\"ImageObject\",\"inLanguage\":\"fr-FR\",\"@id\":\"https:\\\/\\\/www.lavillaracine.com\\\/index.php\\\/chambres-et-suites-hotel-la-villa-racine\\\/#primaryimage\",\"url\":\"https:\\\/\\\/www.lavillaracine.com\\\/wp-content\\\/uploads\\\/2024\\\/10\\\/hotel-la-villa-racine-chambre-business-6.jpg\",\"contentUrl\":\"https:\\\/\\\/www.lavillaracine.com\\\/wp-content\\\/uploads\\\/2024\\\/10\\\/hotel-la-villa-racine-chambre-business-6.jpg\",\"width\":800,\"height\":1202},{\"@type\":\"BreadcrumbList\",\"@id\":\"https:\\\/\\\/www.lavillaracine.com\\\/index.php\\\/chambres-et-suites-hotel-la-villa-racine\\\/#breadcrumb\",\"itemListElement\":[{\"@type\":\"ListItem\",\"position\":1,\"name\":\"Home\",\"item\":\"https:\\\/\\\/www.lavillaracine.com\\\/\"},{\"@type\":\"ListItem\",\"position\":2,\"name\":\"Chambres et suites\"}]},{\"@type\":\"WebSite\",\"@id\":\"https:\\\/\\\/www.lavillaracine.com\\\/#website\",\"url\":\"https:\\\/\\\/www.lavillaracine.com\\\/\",\"name\":\"Boutique Hotel La Villa Racine\",\"description\":\"L&#039;hotel qui vous change de l&#039;hotel\",\"publisher\":{\"@id\":\"https:\\\/\\\/www.lavillaracine.com\\\/#organization\"},\"alternateName\":\"Hotel la Villa Racine Dakar\",\"potentialAction\":[{\"@type\":\"SearchAction\",\"target\":{\"@type\":\"EntryPoint\",\"urlTemplate\":\"https:\\\/\\\/www.lavillaracine.com\\\/?s={search_term_string}\"},\"query-input\":{\"@type\":\"PropertyValueSpecification\",\"valueRequired\":true,\"valueName\":\"search_term_string\"}}],\"inLanguage\":\"fr-FR\"},{\"@type\":\"Organization\",\"@id\":\"https:\\\/\\\/www.lavillaracine.com\\\/#organization\",\"name\":\"Boutique Hotel La Villa Racine\",\"alternateName\":\"Hotel La Villa Racine Dakar\",\"url\":\"https:\\\/\\\/www.lavillaracine.com\\\/\",\"logo\":{\"@type\":\"ImageObject\",\"inLanguage\":\"fr-FR\",\"@id\":\"https:\\\/\\\/www.lavillaracine.com\\\/#\\\/schema\\\/logo\\\/image\\\/\",\"url\":\"https:\\\/\\\/www.lavillaracine.com\\\/wp-content\\\/uploads\\\/2021\\\/12\\\/LOGO-1.png\",\"contentUrl\":\"https:\\\/\\\/www.lavillaracine.com\\\/wp-content\\\/uploads\\\/2021\\\/12\\\/LOGO-1.png\",\"width\":424,\"height\":996,\"caption\":\"Boutique Hotel La Villa Racine\"},\"image\":{\"@id\":\"https:\\\/\\\/www.lavillaracine.com\\\/#\\\/schema\\\/logo\\\/image\\\/\"},\"sameAs\":[\"https:\\\/\\\/www.facebook.com\\\/lavillaRacine\",\"https:\\\/\\\/www.instagram.com\\\/hotel_lavillaracine\\\/\"],\"description\":\"Au c\u0153ur du Plateau, de ses quartiers d\u2019affaires, ses \u00e9tablissements financiers, ses commerces et ses sites culturels, Le Boutique Hotel La villa Racine boutique-h\u00f4tel 4 \u00e9toiles, offre un cadre mariant confort, \u00e9l\u00e9gance, et s\u00e9curit\u00e9, propice \u00e0 la d\u00e9tente, \u00e0 l\u2019intimit\u00e9, \u00e0 la r\u00e9flexion, \u00e0 la conversation et au travail. H\u00f4tel d\u2019affaires, La Villa Racine, ce sont aussi des salles polyvalentes pour des conf\u00e9rences, expositions, s\u00e9minaires ou autres c\u00e9r\u00e9monies.\",\"email\":\"lavillaracine@lavillaracine.com\",\"telephone\":\"+221 33 889 41 41\",\"legalName\":\"Boutique Hotel La Villa Racine\",\"numberOfEmployees\":{\"@type\":\"QuantitativeValue\",\"minValue\":\"11\",\"maxValue\":\"50\"}}]}<\/script>\n<!-- \/ Yoast SEO Premium plugin. -->","yoast_head_json":{"title":"Chambres et suites - Boutique Hotel La Villa Racine","description":"D\u00e9couvrez nos Chambres et Suites modernes, alliant \u00e9l\u00e9gance contemporaine et confort in\u00e9gal\u00e9 pour un s\u00e9jour m\u00e9morable.","robots":{"index":"index","follow":"follow","max-snippet":"max-snippet:-1","max-image-preview":"max-image-preview:large","max-video-preview":"max-video-preview:-1"},"canonical":"https:\/\/www.lavillaracine.com\/index.php\/chambres-et-suites-hotel-la-villa-racine\/","og_locale":"fr_FR","og_type":"article","og_title":"Chambres et suites","og_description":"D\u00e9couvrez nos Chambres et Suites modernes, alliant \u00e9l\u00e9gance contemporaine et confort in\u00e9gal\u00e9 pour un s\u00e9jour m\u00e9morable.","og_url":"https:\/\/www.lavillaracine.com\/index.php\/chambres-et-suites-hotel-la-villa-racine\/","og_site_name":"Boutique Hotel La Villa Racine","article_publisher":"https:\/\/www.facebook.com\/lavillaRacine","article_modified_time":"2026-03-25T10:28:07+00:00","og_image":[{"width":800,"height":1202,"url":"https:\/\/www.lavillaracine.com\/wp-content\/uploads\/2024\/10\/hotel-la-villa-racine-chambre-business-6.jpg","type":"image\/jpeg"}],"twitter_card":"summary_large_image","twitter_misc":{"Dur\u00e9e de lecture estim\u00e9e":"1 minute"},"schema":{"@context":"https:\/\/schema.org","@graph":[{"@type":"WebPage","@id":"https:\/\/www.lavillaracine.com\/index.php\/chambres-et-suites-hotel-la-villa-racine\/","url":"https:\/\/www.lavillaracine.com\/index.php\/chambres-et-suites-hotel-la-villa-racine\/","name":"Chambres et suites - Boutique Hotel La Villa Racine","isPartOf":{"@id":"https:\/\/www.lavillaracine.com\/#website"},"primaryImageOfPage":{"@id":"https:\/\/www.lavillaracine.com\/index.php\/chambres-et-suites-hotel-la-villa-racine\/#primaryimage"},"image":{"@id":"https:\/\/www.lavillaracine.com\/index.php\/chambres-et-suites-hotel-la-villa-racine\/#primaryimage"},"thumbnailUrl":"https:\/\/www.lavillaracine.com\/wp-content\/uploads\/2024\/10\/hotel-la-villa-racine-chambre-business-6-550x826.jpg","datePublished":"2023-04-22T11:23:38+00:00","dateModified":"2026-03-25T10:28:07+00:00","description":"D\u00e9couvrez nos Chambres et Suites modernes, alliant \u00e9l\u00e9gance contemporaine et confort in\u00e9gal\u00e9 pour un s\u00e9jour m\u00e9morable.","breadcrumb":{"@id":"https:\/\/www.lavillaracine.com\/index.php\/chambres-et-suites-hotel-la-villa-racine\/#breadcrumb"},"inLanguage":"fr-FR","potentialAction":[{"@type":"ReadAction","target":["https:\/\/www.lavillaracine.com\/index.php\/chambres-et-suites-hotel-la-villa-racine\/"]}]},{"@type":"ImageObject","inLanguage":"fr-FR","@id":"https:\/\/www.lavillaracine.com\/index.php\/chambres-et-suites-hotel-la-villa-racine\/#primaryimage","url":"https:\/\/www.lavillaracine.com\/wp-content\/uploads\/2024\/10\/hotel-la-villa-racine-chambre-business-6.jpg","contentUrl":"https:\/\/www.lavillaracine.com\/wp-content\/uploads\/2024\/10\/hotel-la-villa-racine-chambre-business-6.jpg","width":800,"height":1202},{"@type":"BreadcrumbList","@id":"https:\/\/www.lavillaracine.com\/index.php\/chambres-et-suites-hotel-la-villa-racine\/#breadcrumb","itemListElement":[{"@type":"ListItem","position":1,"name":"Home","item":"https:\/\/www.lavillaracine.com\/"},{"@type":"ListItem","position":2,"name":"Chambres et suites"}]},{"@type":"WebSite","@id":"https:\/\/www.lavillaracine.com\/#website","url":"https:\/\/www.lavillaracine.com\/","name":"Boutique Hotel La Villa Racine","description":"L&#039;hotel qui vous change de l&#039;hotel","publisher":{"@id":"https:\/\/www.lavillaracine.com\/#organization"},"alternateName":"Hotel la Villa Racine Dakar","potentialAction":[{"@type":"SearchAction","target":{"@type":"EntryPoint","urlTemplate":"https:\/\/www.lavillaracine.com\/?s={search_term_string}"},"query-input":{"@type":"PropertyValueSpecification","valueRequired":true,"valueName":"search_term_string"}}],"inLanguage":"fr-FR"},{"@type":"Organization","@id":"https:\/\/www.lavillaracine.com\/#organization","name":"Boutique Hotel La Villa Racine","alternateName":"Hotel La Villa Racine Dakar","url":"https:\/\/www.lavillaracine.com\/","logo":{"@type":"ImageObject","inLanguage":"fr-FR","@id":"https:\/\/www.lavillaracine.com\/#\/schema\/logo\/image\/","url":"https:\/\/www.lavillaracine.com\/wp-content\/uploads\/2021\/12\/LOGO-1.png","contentUrl":"https:\/\/www.lavillaracine.com\/wp-content\/uploads\/2021\/12\/LOGO-1.png","width":424,"height":996,"caption":"Boutique Hotel La Villa Racine"},"image":{"@id":"https:\/\/www.lavillaracine.com\/#\/schema\/logo\/image\/"},"sameAs":["https:\/\/www.facebook.com\/lavillaRacine","https:\/\/www.instagram.com\/hotel_lavillaracine\/"],"description":"Au c\u0153ur du Plateau, de ses quartiers d\u2019affaires, ses \u00e9tablissements financiers, ses commerces et ses sites culturels, Le Boutique Hotel La villa Racine boutique-h\u00f4tel 4 \u00e9toiles, offre un cadre mariant confort, \u00e9l\u00e9gance, et s\u00e9curit\u00e9, propice \u00e0 la d\u00e9tente, \u00e0 l\u2019intimit\u00e9, \u00e0 la r\u00e9flexion, \u00e0 la conversation et au travail. H\u00f4tel d\u2019affaires, La Villa Racine, ce sont aussi des salles polyvalentes pour des conf\u00e9rences, expositions, s\u00e9minaires ou autres c\u00e9r\u00e9monies.","email":"lavillaracine@lavillaracine.com","telephone":"+221 33 889 41 41","legalName":"Boutique Hotel La Villa Racine","numberOfEmployees":{"@type":"QuantitativeValue","minValue":"11","maxValue":"50"}}]}},"ticketed":false,"_links":{"self":[{"href":"https:\/\/www.lavillaracine.com\/index.php\/wp-json\/wp\/v2\/pages\/1032","targetHints":{"allow":["GET"]}}],"collection":[{"href":"https:\/\/www.lavillaracine.com\/index.php\/wp-json\/wp\/v2\/pages"}],"about":[{"href":"https:\/\/www.lavillaracine.com\/index.php\/wp-json\/wp\/v2\/types\/page"}],"author":[{"embeddable":true,"href":"https:\/\/www.lavillaracine.com\/index.php\/wp-json\/wp\/v2\/users\/1"}],"replies":[{"embeddable":true,"href":"https:\/\/www.lavillaracine.com\/index.php\/wp-json\/wp\/v2\/comments?post=1032"}],"version-history":[{"count":126,"href":"https:\/\/www.lavillaracine.com\/index.php\/wp-json\/wp\/v2\/pages\/1032\/revisions"}],"predecessor-version":[{"id":4948,"href":"https:\/\/www.lavillaracine.com\/index.php\/wp-json\/wp\/v2\/pages\/1032\/revisions\/4948"}],"wp:attachment":[{"href":"https:\/\/www.lavillaracine.com\/index.php\/wp-json\/wp\/v2\/media?parent=1032"}],"curies":[{"name":"wp","href":"https:\/\/api.w.org\/{rel}","templated":true}]}}